{"id":894,"date":"2014-08-31T12:24:15","date_gmt":"2014-08-31T11:24:15","guid":{"rendered":"http:\/\/yomeunoalretto.org\/?page_id=894"},"modified":"2021-08-28T06:49:30","modified_gmt":"2021-08-28T05:49:30","slug":"rettcortes-de-prensa","status":"publish","type":"page","link":"http:\/\/yomeunoalretto.org\/?page_id=894","title":{"rendered":"Rettcortes de Prensa"},"content":{"rendered":"<p>&nbsp;<\/p>\n<p>Aqu\u00ed tendr\u00e1s a tu disposici\u00f3n los art\u00edculos de prensa de nuestra asociaci\u00f3n.<\/p>\n<p>&nbsp;<\/p>\n<p>Diario de C\u00e1diz, 21\/06\/2014,\u00a0<span style=\"color: #00ff00;\"><span style=\"color: #333300;\"><a style=\"color: #333300;\" href=\"http:\/\/www.diariodecadiz.es\/article\/cadiz\/1799273\/una\/buena\/causa\/espera\/ayuda\/hoy\/las\/esclavas.html\" target=\"_blank\" rel=\"noopener noreferrer\">Una buena causa espera ayuda hoy en las Esclavas.<\/a><\/span> <\/span>(Jos\u00e9 M. S\u00e1nchez Reyes)<\/p>\n<p>La Voz de C\u00e1diz 18\/08\/2014, <span style=\"color: #808000;\"><a style=\"color: #808000;\" href=\"http:\/\/www.lavozdigital.es\/cadiz\/v\/20140818\/deportes\/deportes\/gran-retto-cumplir-20140818.html\" target=\"_blank\" rel=\"noopener noreferrer\">Un gran Retto por cumplir.<\/a> <\/span>(Antonio Valima\u00f1a)<\/p>\n<p>Diario de C\u00e1diz, 20\/08\/2014, <span style=\"color: #99cc00;\"><a style=\"color: #99cc00;\" href=\"http:\/\/www.diariodecadiz.es\/article\/cadiz\/1838073\/sindrome\/es\/retto\/para\/la\/vida.html\" target=\"_blank\" rel=\"noopener noreferrer\">Un S\u00edndrome que es un \u00abretto\u00bb para la vida.<\/a><\/span>\u00a0(Melchor Mateo)<\/p>\n<p>Diario de C\u00e1diz, 22\/08\/2014, <span style=\"color: #008000;\"><a style=\"color: #008000;\" href=\"http:\/\/www.diariodecadiz.es\/article\/opinion\/1839404\/agua\/helada.html\" target=\"_blank\" rel=\"noopener noreferrer\">Agua helada.<\/a><\/span>(Fernando Santiago)<\/p>\n<p>La Voz de C\u00e1diz 22\/08\/2014, <span style=\"color: #339966;\"><a style=\"color: #339966;\" href=\"http:\/\/www.lavozdigital.es\/cadiz\/20140822\/local\/cadiz\/rett-201408221410.html\" target=\"_blank\" rel=\"noopener noreferrer\">Te\u00f3fila donar\u00e1 el dinero del reto del cubo de agua a las afectadas por el S\u00edndrome de Rett. <\/a><\/span><span style=\"color: #00ff00;\"><span style=\"color: #000000;\">(Redacci\u00f3n)<\/span><\/span><\/p>\n<p>Onda C\u00e1diz Digital 23\/08\/201, <span style=\"color: #00ff00;\"><a style=\"color: #00ff00;\" href=\"http:\/\/ocadizdigital.es\/noticia\/c%C3%A1diz\/ciclismo-solidario-para-apoyar-al-s%C3%ADndrome-de-rett-en-c%C3%A1diz\" target=\"_blank\" rel=\"noopener noreferrer\">Ciclismo solidario para apoyar al s\u00edndrome de &#8216;Rett&#8217; en C\u00e1diz.<\/a><\/span> <span style=\"color: #008000;\"><span style=\"color: #000000;\">(Manoli Lemos)<\/span><\/span><\/p>\n<p>Diario de C\u00e1diz, 23\/08\/2014,\u00a0<span style=\"color: #333300;\"><a style=\"color: #333300;\" href=\"http:\/\/www.diariodecadiz.es\/article\/cadiz\/1840099\/cycling\/solidario\/por\/sindrome\/rett\/la\/catedral.html\" target=\"_blank\" rel=\"noopener noreferrer\">Cycling solidario por el s\u00edndrome de Rett en la Catedral.<\/a><\/span>\u00a0(Redacci\u00f3n)<\/p>\n<p>La Voz de C\u00e1diz 23\/08\/2014, <span style=\"color: #808000;\"><a style=\"color: #808000;\" href=\"http:\/\/www.lavozdigital.es\/cadiz\/v\/20140823\/deportes\/deportes\/cadiz-iniciativa-completa-retto-20140823.html\" target=\"_blank\" rel=\"noopener noreferrer\">C\u00e1diz se une a la iniciativa y completa hoy el &#8216;Retto&#8217;.<\/a><\/span> (Redacci\u00f3n)<\/p>\n<p>La Voz de C\u00e1diz 23\/08\/2014,<span style=\"color: #99cc00;\"><a style=\"color: #99cc00;\" href=\"http:\/\/www.lavozdigital.es\/cadiz\/v\/20140823\/cadiz\/alcaldesa-oposicion-podemos-gresca-20140823.html\" target=\"_blank\" rel=\"noopener noreferrer\"> Alcaldesa, oposici\u00f3n y Podemos, a la gresca por un cubo de agua<\/a>.<\/span> (Antonio M. de la Vega)<\/p>\n<p>Diario de C\u00e1diz, 24\/08\/2014, <span style=\"color: #008000;\"><a style=\"color: #008000;\" href=\"http:\/\/www.diariodecadiz.es\/article\/cadiz\/1840766\/maraton\/cycling\/solidario\/favor\/ninas\/gaditanas\/con\/sindrome\/rett.html\" target=\"_blank\" rel=\"noopener noreferrer\">Marat\u00f3n de Cycling solidario a favor de ni\u00f1as gaditanas con S\u00edndrome de Rett.<\/a>\u00a0<\/span>(Pedro Sousa)<\/p>\n<p>La Voz de C\u00e1diz 24\/08\/2014, <span style=\"color: #339966;\"><a style=\"color: #339966;\" href=\"http:\/\/www.lavozdigital.es\/cadiz\/v\/20140824\/deportes\/deportes\/centenares-amigos-bicicleta-unen-20140824.html\" target=\"_blank\" rel=\"noopener noreferrer\">Centenares de amigos de la bicicleta se unen al &#8216;Retto&#8217; en C\u00e1diz.<\/a><\/span> <span style=\"color: #808000;\"><span style=\"color: #000000;\">(Redacci\u00f3n)<\/span><\/span><\/p>\n<p>Diario de C\u00e1diz, 26\/08\/2014,\u00a0<span style=\"color: #00ff00;\"><a style=\"color: #00ff00;\" href=\"http:\/\/www.diariodecadiz.es\/article\/opinion\/1842031\/motor\/una\/mirada.html\" target=\"_blank\" rel=\"noopener noreferrer\">El motor de una mirada.<\/a> <\/span>(Melchor Mateo)<\/p>\n<p>La Voz de C\u00e1diz 26\/08\/2014, <span style=\"color: #333300;\"><a style=\"color: #333300;\" href=\"http:\/\/www.lavozdigital.es\/cadiz\/20140826\/gente\/gaditanos-andy-lucas-aceptan-201408261714.html\" target=\"_blank\" rel=\"noopener noreferrer\">Los gaditanos Andy y Lucas aceptan el reto de Te\u00f3fila Mart\u00ednez y se mojan por la ELA<\/a>.<\/span> <span style=\"color: #808000;\"><span style=\"color: #000000;\">(Redacci\u00f3n)<\/span><\/span><\/p>\n<p>Diario de C\u00e1diz, 26\/08\/2014, <span style=\"color: #808000;\"><a style=\"color: #808000;\" href=\"http:\/\/www.diariodecadiz.es\/article\/cadiz\/1841997\/la\/asociacion\/yo\/me\/uno\/retto\/realiza\/sorteo\/solidario.html\" target=\"_blank\" rel=\"noopener noreferrer\">La Asociaci\u00f3n Yo me uno al Retto realiza un sorteo solidario.<\/a><\/span> (Pedro Sousa)<\/p>\n<header class=\"post-header\">C\u00e1diz Directo 30\/10\/2014, <span style=\"color: #99cc00;\"><a style=\"color: #99cc00;\" href=\"http:\/\/www.cadizdirecto.com\/el-colegio-san-rafael-inunda-su-fachada-de-solidaridad-con-las-afectadas-por-el-sindrome-rett.html\" target=\"_blank\" rel=\"noopener noreferrer\">El colegio San Rafael inunda su fachada de solidaridad con las afectadas por el S\u00edndrome Rett.<\/a><\/span><span style=\"color: #00ff00;\"> <span style=\"color: #000000;\">(Vanesa Perondi)<\/span><\/span><\/header>\n<header class=\"post-header\"><\/header>\n<p>8 tv C\u00e1diz,\u00a0 26\/11\/2014, <span style=\"color: #008000;\"><a style=\"color: #008000;\" href=\"https:\/\/www.youtube.com\/watch?v=zIO7BBeSGsw&amp;app=desktop\" target=\"_blank\" rel=\"noopener noreferrer\">Conexi\u00f3n Bah\u00eda<\/a><\/span><span style=\"color: #808000;\"><a style=\"color: #808000;\" href=\"https:\/\/www.youtube.com\/watch?v=zIO7BBeSGsw&amp;app=desktop\" target=\"_blank\" rel=\"noopener noreferrer\">.<\/a><\/span><span style=\"color: #808000;\"> <span style=\"color: #000000;\">(Ana Zambrana)<\/span><\/span><\/p>\n<p>El Baluarte de C\u00e1diz,\u00a0 20\/12\/2014, <span style=\"color: #808000;\"><span style=\"color: #339966;\"><a style=\"color: #339966;\" href=\"http:\/\/www.elbaluartedecadiz.es\/2014\/12\/i-mercadillo-solidario-mujeres-y-salud\/\" target=\"_blank\" rel=\"noopener noreferrer\">I Mercadillo Solidario \u00abMujeres y Salud\u00bb.<\/a><\/span><span style=\"color: #000000;\"> (Redacci\u00f3n)<\/span><\/span><\/p>\n<p>Ondaluz tv, 29\/12\/2014, <span style=\"color: #99cc00;\"><span style=\"color: #00ff00;\"><a style=\"color: #00ff00;\" href=\"http:\/\/ondaluz.tv\/cadiz\/cdiz-de-cerca\/1-59-29122014-mercado-\/3688\/\" target=\"_blank\" rel=\"noopener noreferrer\">C\u00e1diz de Cerca.<\/a><\/span>\u00a0<span style=\"color: #000000;\">(Laura Jurado)<\/span><\/span><\/p>\n<p>Onda C\u00e1diz Digital 03\/01\/2015,<span style=\"color: #808000;\"><a style=\"color: #808000;\" href=\"http:\/\/ocadizdigital.es\/noticia\/c%C3%A1diz\/un-reto-para-vencer-al-s%C3%ADndrome-de-rett\" target=\"_blank\" rel=\"noopener noreferrer\">Un reto para vencer al s\u00edndrome de Rett.<\/a><\/span> <span style=\"color: #008000;\"><span style=\"color: #000000;\">(Manoli Lemos)<\/span><\/span><\/p>\n<p>Diario de C\u00e1diz 15\/01\/2015, <span style=\"color: #339966;\"><span style=\"color: #99cc00;\"><a style=\"color: #99cc00;\" href=\"http:\/\/www.diariodecadiz.es\/article\/cadiz\/1939717\/agrupaciones\/publicitaran\/sus\/libretos\/la\/lucha\/contra\/sindrome\/rett.html\" target=\"_blank\" rel=\"noopener noreferrer\">Agrupaciones publicitar\u00e1n en sus libretos\u00a0la lucha contra el S\u00edndrome de Rett.<\/a>\u00a0<\/span><span style=\"color: #000000;\">(Jos\u00e9 M. S\u00e1nchez Reyes)<\/span><\/span><\/p>\n<p>Onda C\u00e1diz Digital 20\/01\/2015, <span style=\"color: #008000;\"><a style=\"color: #008000;\" href=\"http:\/\/ocadizdigital.es\/noticia\/carnaval\/rett-y-las-agrupaciones-del-carnaval-colaboran-para-difundir-la-enfermedad\" target=\"_blank\" rel=\"noopener noreferrer\">Rett y las agrupaciones del carnaval colaboran para difundir la enfermedad.<\/a> <span style=\"color: #000000;\">(Sheyla P. Mart\u00edn)<\/span><\/span><\/p>\n<p>C\u00e1diz Directo 01\/02\/2015, <span style=\"color: #00ff00;\"><span style=\"color: #339966;\"><a style=\"color: #339966;\" href=\"http:\/\/www.cadizdirecto.com\/el-carnaval-se-vuelca-con-la-campana-yo-me-uno-al-retto-sobre-el-sindrome-de-rett.html\" target=\"_blank\" rel=\"noopener noreferrer\">El Carnaval se vuelva con la campa\u00f1a \u00abYo me uno al retto\u00bb sobre el s\u00edndroemde Rett.<\/a><\/span>\u00a0<span style=\"color: #000000;\">(Redacci\u00f3n)<\/span><\/span><\/p>\n<p>La Voz de C\u00e1diz 03\/02\/2015, <span style=\"color: #00ff00;\"><a style=\"color: #00ff00;\" href=\"http:\/\/carnaval.lavozdigital.es\/noticias\/2015-02-03\/unete-retto-participa-gambada-popular-del-domingo-20150203.html\" target=\"_blank\" rel=\"noopener noreferrer\">\u00danete al Retto y participa en la Gambada Popular del domingo.<\/a> <span style=\"color: #000000;\">(Redacci\u00f3n)<\/span><\/span><\/p>\n<p>C\u00e1diz Directo 02\/02\/2015, <span style=\"color: #333300;\"><a style=\"color: #333300;\" href=\"http:\/\/www.cadizdirecto.com\/pa-piratas-nosotros-antonio-martin-y-la-gambada-protagonizan-el-fin-de-semana.html\" target=\"_blank\" rel=\"noopener noreferrer\">\u2018Pa piratas nosotros\u2019, Antonio Mart\u00edn y \u2018La gambada\u2019 protagonizan el fin de semana.<\/a> <\/span>(Francisco M\u00e1rquez)<\/p>\n<p>C\u00e1diz Directo 08\/02\/2015, <span style=\"color: #808000;\"><a style=\"color: #808000;\" href=\"http:\/\/www.cadizdirecto.com\/de-la-noche-la-manana-tu-hija-deja-de-hablar-de-caminar-puede-ni-beber-agua-sola.html\" target=\"_blank\" rel=\"noopener noreferrer\">De la noche a la ma\u00f1ana tu hija deja de hablar, da caminar, no puede ni beber agua sola.<\/a>\u00a0<span style=\"color: #000000;\">(David de la Cruz)<\/span><\/span><\/p>\n<p>Diario de C\u00e1diz 08\/02\/2015, <span style=\"color: #99cc00;\"><a style=\"color: #99cc00;\" href=\"http:\/\/www.diariodecadiz.es\/article\/carnaval\/1957403\/carnaval\/respalda\/masivamente\/la\/campana\/solidaria\/yo\/me\/uno\/retto.html\" target=\"_blank\" rel=\"noopener noreferrer\">El Carnaval respalda masivamente la campa\u00f1a solidaria \u00abYo me uno al Retto\u00bb.<\/a> <\/span>(Redacci\u00f3n)<\/p>\n<p>Ondaluz tv, 11\/02\/2014, <span style=\"color: #99cc00;\"><span style=\"color: #008000;\"><a style=\"color: #008000;\" href=\"http:\/\/ondaluz.tv\/cadiz\/cdiz-de-cerca\/1-87-11022015-pepe-monforte-y-sindrome-de-rett\/5897\/\" target=\"_blank\" rel=\"noopener noreferrer\">C\u00e1diz de Cerca.<\/a><\/span>\u00a0<span style=\"color: #000000;\">(Laura Jurado)<\/span><\/span><\/p>\n<p>Andaluc\u00eda Informaci\u00f3n, 19\/02\/2014,<span style=\"color: #339966;\"> <a style=\"color: #339966;\" href=\"http:\/\/andaluciainformacion.es\/cadiz\/482293\/la-solidaridad-tiene-cabida-en-un-fin-de-semana-de-coplas-y-gastronomia-carnavaleras\/\" target=\"_blank\" rel=\"noopener noreferrer\">La solidaridad tiene cabida en un fin de semana de coplas y gastronom\u00eda carnavaleras.<\/a><\/span> <span style=\"color: #000000;\">(Isidoro Mart\u00ednez)<\/span><\/p>\n<p>Ondaluz La Isla tv, 25\/02\/2014,\u00a0<span style=\"color: #00ff00;\"><a style=\"color: #00ff00;\" href=\"http:\/\/ondaluz.tv\/la-isla\/al-da\/1-45-25022015-francis-alcantara-y-sindrome-rett\/6712\/\" target=\"_blank\" rel=\"noopener noreferrer\">La Isla al D\u00eda<\/a><\/span><span style=\"color: #99cc00;\">\u00a0<span style=\"color: #000000;\">(Francis Alc\u00e1ntara)<\/span><\/span><\/p>\n<p>Onda C\u00e1diz Digital 27\/02\/2015,\u00a0<span style=\"color: #333300;\"><a style=\"color: #333300;\" href=\"http:\/\/ocadizdigital.es\/noticia\/c\u00e1diz\/el-ayuntamiento-de-c\u00e1diz-organiza-una-carrera-ben\u00e9fica-por-el-s%C3%ADndrome-de-rett\" target=\"_blank\" rel=\"noopener noreferrer\">El Ayuntamiento de C\u00e1diz organiza una carrera ben\u00e9fica por el S\u00edndrome de Rett.<\/a><\/span>\u00a0(Carmen M\u00e1s)<\/p>\n<p>Diario de C\u00e1diz\u00a020\/03\/2015,\u00a0<span style=\"color: #808000;\"><a style=\"color: #808000;\" href=\"http:\/\/www.diariodecadiz.es\/article\/provincia\/1988387\/te\/dan\/aun\/mas\/ganas\/bailar.html#.VQwLGdwclgY.facebook\" target=\"_blank\" rel=\"noopener noreferrer\">Sara Baras dedica el premio de la Medalla de la Provincia\u00a0a las ni\u00f1as que sufren la enfermedad del S\u00edndrome de Rett.<\/a>\u00a0<\/span>(Alicia Ruiz)<\/p>\n<p>Andalucc\u00eda Informaci\u00f3n 09\/04\/2015, <span style=\"color: #99cc00;\"><a style=\"color: #99cc00;\" href=\"http:\/\/andaluciainformacion.es\/san-fernando\/495714\/presentada-la-i-marcha-de-la-mujer-a-beneficio-del-sindrome-de-rett\/\" target=\"_blank\" rel=\"noopener noreferrer\">Presentada la I Marcha de la Mujer a beneficio del S\u00edndrome de Rett.<\/a> <\/span>(JFC)<\/p>\n<p>Diario de C\u00e1diz 09\/04\/2015, <span style=\"color: #008000;\"><a style=\"color: #008000;\" href=\"http:\/\/www.diariodecadiz.es\/article\/deportes\/2002211\/velocidad\/la\/luz.html\" target=\"_blank\" rel=\"noopener noreferrer\">Velocidad de la Luz.<\/a> <\/span>(Redacci\u00f3n C\u00e1diz)<\/p>\n<p>Diario de C\u00e1diz 09\/04\/2015, <span style=\"color: #339966;\"><a style=\"color: #339966;\" href=\"http:\/\/www.diariodecadiz.es\/article\/sanfernando\/2002187\/la\/isla\/acogera\/mayo\/la\/primera\/edicion\/la\/marcha\/la\/mujer.html\" target=\"_blank\" rel=\"noopener noreferrer\">La Isla acoger\u00e1 el 10 de mayo la primera edici\u00f3n de la Marcha de la Mujer.<\/a><\/span> (Redacci\u00f3n San Fernando)<\/p>\n<p>La Voz de C\u00e1diz 09\/04\/2015, <span style=\"color: #00ff00;\"><a style=\"color: #00ff00;\" href=\"http:\/\/www.lavozdigital.es\/deportes\/201504\/09\/deportistas-garantizan-presencia-trihercules-20150409142610-pr.html\" target=\"_blank\" rel=\"noopener noreferrer\">400 deportistas garantizan su presencia en el IV Trih\u00e9rcules C\u00e1diz<\/a>. <\/span>(R.L\u00f3pez \/ A.Valima\u00f1a)<\/p>\n<p>Diario Bah\u00eda de de C\u00e1diz 09\/04\/2015, <span style=\"color: #333300;\"><a style=\"color: #333300;\" href=\"http:\/\/www.diariobahiadecadiz.com\/noticias\/cadiz\/el-iv-trihercules-cadiz-espera-congregar-450-deportistas-nadando-en-bici-y-corriendo-el-proximo-25-de-abril\/\" target=\"_blank\" rel=\"noopener noreferrer\">El IV Trih\u00e9rcules C\u00e1diz espera congregar a 450 deportistas, nadando, en bici y corriendo, el pr\u00f3ximo 25 de abril.<\/a>\u00a0<\/span> (Redacci\u00f3n)<\/p>\n<p>Ondaluz tv, 14\/04\/2015,\u00a0<span style=\"color: #99cc00;\"><span style=\"color: #808000;\"><a style=\"color: #808000;\" href=\"http:\/\/ondaluz.tv\/cadiz\/cadiz-de-cerca\/1-116-14042015-virginia-elosegui-finessday\/9265\/\" target=\"_blank\" rel=\"noopener noreferrer\">C\u00e1diz de Cerca.<\/a><\/span>\u00a0<span style=\"color: #000000;\">(Laura Jurado)<\/span><\/span><\/p>\n<p>Diario de C\u00e1diz 28\/04\/2015\u00a0<span style=\"color: #99cc00;\"><a style=\"color: #99cc00;\" href=\"http:\/\/www.diariodecadiz.es\/article\/cadiz\/2016158\/yo\/me\/uno\/retto\/se\/sube\/las\/tablas\/teatro\/falla.html\" target=\"_blank\" rel=\"noopener noreferrer\">&#8216;Yo me uno al Retto&#8217; se sube a las tablas del Teatro Falla.<\/a> <\/span>(M.Gutierrez)<\/p>\n<p>Gente de C\u00e1diz, Onda C\u00e1diz\u00a029\/04\/2016 <span style=\"color: #008000;\"><a style=\"color: #008000;\" href=\"https:\/\/www.youtube.com\/watch?feature=player_embedded&amp;v=W5TsJbhMb1Q\" target=\"_blank\" rel=\"noopener noreferrer\">Entrevista a Manuel Devesa, Versos y relatos con Retto.\u00a0<\/a><\/span>(Manoli Lemos)<\/p>\n<p>Onda Luz La Isla tv, 05\/05\/2014\u00a0<span style=\"color: #339966;\"><a style=\"color: #339966;\" href=\"http:\/\/ondaluz.tv\/la-isla\/al-da\/1-72-05052015-salesianos-y-marcha-de-la-mujer\/10398\/\" target=\"_blank\" rel=\"noopener noreferrer\">Marcha de la Mujer.\u00a0<\/a><\/span>(La Isla al d\u00eda, con Antonio Campos)<\/p>\n<p>Diario de C\u00e1diz, 09\/05\/2014<span style=\"color: #00ff00;\"><a style=\"color: #00ff00;\" href=\"http:\/\/www.diariodecadiz.es\/article\/sanfernando\/2024152\/impresionante\/acogida\/la\/marcha\/solidaria\/la\/mujer\/se\/celebra\/manana.html\" target=\"_blank\" rel=\"noopener noreferrer\"> Impresionante acogida de la I Marcha Solidaria de la Mujer que se celebra ma\u00f1ana<\/a> <\/span>(Jordi Agabo)<\/p>\n<p>El Castillo de San Fernando, 10\/05\/2014 <span style=\"color: #333300;\"><a style=\"color: #333300;\" href=\"http:\/\/www.elcastillodesanfernando.es\/2015\/05\/gran-exito-de-la-i-marcha-de-la-mujer-contra-el-cancer-con-mas-de-medio-millar-de-participantes\/\" target=\"_blank\" rel=\"noopener noreferrer\">Gran \u00e9xito de la I Marcha de la Mujer contra el c\u00e1ncer con m\u00e1s de medio millar de participantes.<\/a> <\/span>(Redacci\u00f3n)<\/p>\n<p><span style=\"color: #000000;\">Andaluc\u00eda Informaci\u00f3n, San Fernando, 10\/05\/2014.<\/span> <span style=\"color: #99cc00;\"><span style=\"color: #808000;\"><a style=\"color: #808000;\" href=\"http:\/\/andaluciainformacion.es\/san-fernando\/504116\/mas-de-500-personas-participan-en-la-i-edicion-de-la-marcha-de-la-mujer\/\" target=\"_blank\" rel=\"noopener noreferrer\">M\u00e1s de 500 personas participan en la I edici\u00f3n de la Marcha de la Mujer<\/a>.<\/span>\u00a0<span style=\"color: #000000;\">(Redacci\u00f3n)<\/span><\/span><\/p>\n<p>C\u00e1diz de Cerca, Onda C\u00e1diz, 02\/06\/2015. <span class=\"_3c21\" style=\"color: #99cc00;\"><a style=\"color: #99cc00;\" href=\"https:\/\/www.youtube.com\/watch?v=dhys3-dH5JM\" target=\"_blank\" rel=\"nofollow noopener noreferrer\">Manuel Devesa habla de \u00abVersos y Relatos con Retto\u00bb.<\/a> <\/span>(Anabel Flores)<\/p>\n<p>Noticias, Onda C\u00e1diz, 23\/09\/2015.\u00a0<span style=\"color: #008000;\"><a style=\"color: #008000;\" href=\"https:\/\/www.youtube.com\/watch?v=y2LxF0NEDAI#action=share\" target=\"_blank\" rel=\"noopener noreferrer\"><span class=\"_3c21\">Centro Dora Reyes.<\/span>\u00a0<\/a><\/span><\/p>\n<p>Onda C\u00e1diz, 12\/10\/2015.\u00a0<span style=\"color: #339966;\"><a style=\"color: #339966;\" href=\"http:\/\/ocadizdigital.es\/noticia\/c\u00e1diz\/bicicletas-para-la-solidaridad\" target=\"_blank\" rel=\"noopener noreferrer\">Bicicletas para la solidaridad<\/a>.<\/span> (Manuel S\u00e1nchez)<\/p>\n<p>Viva\u00a0C\u00e1diz, 01\/02\/2016. \u00a0<span style=\"color: #99cc00;\"><span style=\"color: #00ff00;\"><a style=\"color: #00ff00;\" href=\"http:\/\/andaluciainformacion.es\/andalucia\/568187\/la-asociacion-yo-me-uno-al-retto-denuncia-el-estado-en-que-se-encuentran-los-columpios-para-ninos-discapacitados-de-guerra-jimenez-y-plaza-la-reina-\/?utm_source=twitterfeed&amp;utm_medium=facebook\" target=\"_blank\" rel=\"noopener noreferrer\">La asociaci\u00f3n `Yo me uno al Retto\u00b4 denuncia el estado en que se encuentran los columpios para ni\u00f1os discapacitados de Guerra Jim\u00e9nez y Plaza La Reina.<\/a><\/span><span style=\"color: #000000;\"> (Helena Carmona)<\/span><\/span><\/p>\n<p>Viva\u00a0C\u00e1diz, 03\/02\/2016.\u00a0<span style=\"color: #333300;\"><a style=\"color: #333300;\" href=\"http:\/\/andaluciainformacion.es\/cadiz\/568902\/el-prximo-lunes-se-celebra-la-gala-i-mentidero-benfico-a-favor-de-yo-me-uno-al-retto\/\" target=\"_blank\" rel=\"noopener noreferrer\">El pr\u00f3ximo lunes se celebra la gala I Mentidero Ben\u00e9fico a favor de &#8216;Yo me uno al Retto&#8217;<\/a><\/span>\u00a0<span style=\"color: #99cc00;\"><span style=\"color: #000000;\">(Helena Carmona)<\/span><\/span><\/p>\n<p>La Voz de C\u00e1diz, 07\/02\/2016. <span style=\"color: #00ff00;\"><span style=\"color: #808000;\"><a style=\"color: #808000;\" href=\"http:\/\/www.lavozdigital.es\/cadiz\/lvdi-mundo-encerrado-mirada-201602062103_noticia.html\" target=\"_blank\" rel=\"noopener noreferrer\">El \u00a0mundo, encerrado en un mirada.<\/a><\/span>\u00a0<\/span>(Miren Landeta)<\/p>\n<p>La Vanguardia, 08\/02\/2016. <span style=\"color: #99cc00;\"><a style=\"color: #99cc00;\" href=\"http:\/\/www.lavanguardia.com\/local\/sevilla\/20160208\/301998615102\/coros-coplas-y-solidaridad-en-el-primer-lunes-del-carnaval-de-cadiz.html?utm_campaign=botones_sociales&amp;utm_source=twitter&amp;utm_medium=social\" target=\"_blank\" rel=\"noopener noreferrer\">Coros, coplas y solidaridad el primer lunes de carnaval de C\u00e1diz.<\/a><\/span> (Redacci\u00f3n)<\/p>\n<p>La Voz del Carnaval, 09\/02\/2016. <span style=\"color: #008000;\"><a style=\"color: #008000;\" href=\"http:\/\/carnaval.lavozdigital.es\/noticias\/2016-02-08\/coplas-para-paladares-selectos-20160208.html\" target=\"_blank\" rel=\"noopener noreferrer\">Coplas para paladares selectos.<\/a><\/span> (Nuria Agrafojo)<\/p>\n<p>Viva\u00a0C\u00e1diz, 09\/02\/2016. <span style=\"color: #339966;\"><a style=\"color: #339966;\" href=\"http:\/\/andaluciainformacion.es\/cadiz\/570202\/exito-rotundo-de-asistencia-en-la-gala-i-mentidero-benefico\/\" target=\"_blank\" rel=\"noopener noreferrer\">Exito rotundo de asistencia en la Gala I Ben\u00e9fico del Mentidero.<\/a>\u00a0<\/span><span style=\"color: #99cc00;\"><span style=\"color: #000000;\">(Helena Carmona)<\/span><\/span><\/p>\n<p class=\"title\">Diario de C\u00e1diz, 09\/02\/2016. <span style=\"color: #00ff00;\"><a style=\"color: #00ff00;\" href=\"http:\/\/www.diariodecadiz.es\/article\/carnaval\/2214799\/tangos\/y\/cuples\/compiten\/brillante\/lunes\/coros.html\" target=\"_blank\" rel=\"noopener noreferrer\">Tangos y cupl\u00e9s compiten en un brillante Lunes de Coros. <\/a><\/span>(Diego Marchan)<\/p>\n<p class=\"title\">Diario de C\u00e1diz, 09\/02\/2016. <span style=\"color: #003300;\"><a style=\"color: #003300;\" href=\"http:\/\/www.diariodecadiz.es\/article\/carnaval\/2214922\/dia\/cadi\/cadi.html\" target=\"_blank\" rel=\"noopener noreferrer\">El d\u00eda de Cadi, Cadi.<\/a> <\/span>(Redacci\u00f3n)<\/p>\n<p>Viva\u00a0C\u00e1diz, 23\/02\/2016. <span style=\"color: #808000;\"><a style=\"color: #808000;\" href=\"http:\/\/andaluciainformacion.es\/cadiz\/574227\/el-proximo-lunes-se-celebra-la-ii-carrera-popular-por-el-sindrome-de-rett\/\" target=\"_blank\" rel=\"noopener noreferrer\">El pr\u00f3ximo lunes se celebra la II Carrera Popular por el S\u00edndrome de Rett<\/a><\/span> <span style=\"color: #99cc00;\"><span style=\"color: #000000;\">(Helena Carmona)<\/span><\/span><\/p>\n<p>La Voz de C\u00e1diz, 23\/02\/2016.\u00a0<span style=\"color: #99cc00;\"><a style=\"color: #99cc00;\" href=\"http:\/\/www.lavozdigital.es\/deportes\/cadiz\/lvdi-cadiz-retto-29-febrero-201602231922_noticia.html\" target=\"_blank\" rel=\"noopener noreferrer\">C\u00e1diz se une al &#8216;Retto&#8217; el 29 de febrero.<\/a> <\/span>(A. Valima\u00f1a)<\/p>\n<p>Viva\u00a0C\u00e1diz, 24\/02\/2016.\u00a0<span style=\"color: #008000;\"><a style=\"color: #008000;\" href=\"http:\/\/andaluciainformacion.es\/cadiz\/574531\/ampliado-el-numero-de-plazas-para-la-ii-carrera-popular-por-el-sindrome-de-rett\/\" target=\"_blank\" rel=\"noopener noreferrer\">Ampliado el n\u00famero de plazas para la II Carrera Popular por el S\u00edndrome de Rett. <\/a><\/span><span style=\"color: #99cc00;\"><span style=\"color: #000000;\">(Helena Carmona)<\/span><\/span><\/p>\n<p class=\"title\">Diario de C\u00e1diz, 29\/02\/2016. <span style=\"color: #339966;\"><a style=\"color: #339966;\" href=\"http:\/\/www.diariodecadiz.es\/article\/cadiz\/2230383\/medio\/millar\/personas\/corren\/cadiz\/por\/sindrome\/rett.html\" target=\"_blank\" rel=\"noopener noreferrer\">Medio millar de personas corren en C\u00e1diz por el s\u00edndrome de Rett<\/a>.<\/span> (EFE)<\/p>\n<p class=\"title\">Informativos Tele 5, 29\/02\/2016. <span style=\"color: #00ff00;\"><a style=\"color: #00ff00;\" href=\"http:\/\/www.telecinco.es\/informativos\/informativo_15_horas\/Informativo_Mediodia-David_Cantero-Isabel_Jimenez_2_2139930175.html\" target=\"_blank\" rel=\"noopener noreferrer\">Carrera Popular C\u00e1diz por S\u00edndroem de Rett.<\/a><\/span> (David Cantero)<\/p>\n<p class=\"title\">Radio C\u00e1diz, Cadena SER, 29\/02\/2026.\u00a0<span style=\"color: #003300;\"><a style=\"color: #003300;\" href=\"http:\/\/cadenaser.com\/emisora\/2016\/02\/29\/radio_cadiz\/1456747605_749961.html\" target=\"_blank\" rel=\"noopener noreferrer\">500 personas corren por el Rett.<\/a>\u00a0<\/span>(Pedro Espinosa)<\/p>\n<p id=\"titulo_visible\" class=\"tit-articulo\">Viva C\u00e1diz, 01\/03\/2016. <span style=\"color: #808000;\"><a style=\"color: #808000;\" href=\"http:\/\/andaluciainformacion.es\/cadiz\/575847\/la-carrera-popular-por-el-sindrome-de-rett-supera-las-expectativas\/\" target=\"_blank\" rel=\"noopener noreferrer\">La carrera popular por el s\u00edndrome de Rett supera las expectativas.<\/a> <\/span><span style=\"color: #99cc00;\"><span style=\"color: #000000;\">(Helena Carmona)<\/span><\/span><\/p>\n<p class=\"tit-articulo\">Onda\u00a0C\u00e1diz, 01\/03\/2016.\u00a0<span style=\"color: #99cc00;\"><a style=\"color: #99cc00;\" href=\"https:\/\/www.youtube.com\/watch?v=Pk_Mi0QU7x0&amp;feature=youtu.be\" target=\"_blank\" rel=\"noopener noreferrer\">El Mirador.<\/a><\/span>\u00a0(Anabel Flores)<\/p>\n<p class=\"tit-articulo\">Onda\u00a0C\u00e1diz, 03\/03\/2016.\u00a0<span style=\"color: #008000;\"><a style=\"color: #008000;\" href=\"http:\/\/84.122.11.238:50734\/fbdownload\/Entrevista%20Trini%20Caballero%2C%20Onda%20C\u00e1diz%20Radio.m4a?k=NPQmug7u&amp;stdhtml=true\" target=\"_blank\" rel=\"noopener noreferrer\">Entrevista en C\u00e1diz Contigo.<\/a><\/span>\u00a0(Manoli Lemos)<\/p>\n<p id=\"titulo_visible\" class=\"tit-articulo\">Viva C\u00e1diz, 14\/03\/2016. <span style=\"color: #339966;\"><a style=\"color: #339966;\" href=\"http:\/\/andaluciainformacion.es\/cadiz\/579482\/la-lucha-contra-el-sindrome-de-rett-siempre-con-una-sonrisa\/#.VubmIOnwxlA.facebook\" target=\"_blank\" rel=\"noopener noreferrer\">La lucha contra el S\u00edndrome de Rett siempre con una sonrisa.<\/a><\/span> (Helena Carmona)<\/p>\n<p id=\"titulo_visible\" class=\"tit-articulo\">C\u00e1diz Informaci\u00f3n, 28\/03\/2016. <span style=\"color: #00ff00;\"><a style=\"color: #00ff00;\" href=\"http:\/\/andaluciainformacion.es\/cadiz\/582827\/el-documental-linea-de-meta-se-proyectara-en-el-palillero-con-fines-beneficos-en-favor-del-sindrome-de-rett\/\" target=\"_blank\" rel=\"noopener noreferrer\">El documental &#8216;L\u00ednea de meta&#8217; se proyectar\u00e1 en el Palillero con fines ben\u00e9ficos en favor del S\u00edndrome de Rett.<\/a> <\/span>(Helena Carmona)<\/p>\n<p class=\"tit-articulo\">Diario de C\u00e1diz, 30\/03\/2016.<span style=\"color: #808000;\"><a style=\"color: #808000;\" href=\"http:\/\/www.diariodecadiz.es\/article\/ocio\/2251165\/linea\/meta\/se\/proyectara\/cadiz\/si\/consigue\/los\/apoyos\/la\/venta\/anticipada.html\" target=\"_blank\" rel=\"noopener noreferrer\">&#8216;L\u00ednea de meta&#8217; se proyectar\u00e1 en C\u00e1diz si consigue los apoyos en la venta anticipada.<\/a><\/span> (Tamara Garc\u00eda)<\/p>\n<p class=\"title\">Diario Bahia de C\u00e1diz, 03\/04\/2016.\u00a0<span style=\"color: #99cc00;\"><a style=\"color: #99cc00;\" href=\"http:\/\/www.diariobahiadecadiz.com\/noticias\/cadiz\/el-documental-linea-de-meta-se-podra-ver-en-cadiz\/\" target=\"_blank\" rel=\"noopener noreferrer\">El documental \u2018L\u00ednea de Meta\u2019 se podr\u00e1 ver en C\u00e1diz.<\/a><\/span>(Redacci\u00f3n)<\/p>\n<p id=\"titulo_visible\" class=\"tit-articulo\">Andalucia Informaci\u00f3n 14\/04\/2016. <span style=\"color: #339966;\"><span style=\"color: #003300;\"><a style=\"color: #003300;\" href=\"http:\/\/andaluciainformacion.es\/cadiz\/587265\/multicines-el-centro-acoge-este-jueves-la-proyeccion-del-documental-linea-de-meta\/\" target=\"_blank\" rel=\"noopener noreferrer\">Multicines El Centro acoge este jueves la proyecci\u00f3n del documental \u2018L\u00ednea de meta\u2019<\/a><\/span>.<\/span> (Laura Jurado)<\/p>\n<p class=\"tit-articulo\"><span style=\"color: #000000;\">La Vo<\/span>z de C\u00e1diz 27\/04\/2016.\u00a0<span class=\"titulo-noticia\"><span style=\"color: #008000;\"><a style=\"color: #008000;\" href=\"http:\/\/www.lavozdigital.es\/deportes\/lvdi-puesta-largo-trihercules-cadiz-201604271246_noticia.html\" target=\"_blank\" rel=\"noopener noreferrer\">Un lustro de Trih\u00e9rcules C\u00e1diz.\u00a0<\/a><\/span> (A. Valima\u00f1a)<\/span><\/p>\n<p class=\"tit-articulo\">Diario de C\u00e1diz 27\/04\/2016.\u00a0<span style=\"color: #339966;\"><a style=\"color: #339966;\" href=\"http:\/\/www.diariodecadiz.es\/article\/deportes\/2271840\/lustro\/para\/dar\/mas\/lustre.html\" target=\"_blank\" rel=\"noopener noreferrer\">Un lustro para dar m\u00e1s lustre.<\/a><\/span> (Redacci\u00f3n)<\/p>\n<p class=\"tit-articulo\">Onda\u00a0C\u00e1diz, 23\/12\/2016.\u00a0<span style=\"color: #00ff00;\"><a style=\"color: #00ff00;\" href=\"https:\/\/www.youtube.com\/watch?v=5YFNsP6njq0#action=share\" target=\"_blank\" rel=\"noopener noreferrer\">El Mirador.<\/a><\/span>\u00a0(Anabel Flores)<\/p>\n<p class=\"tit-articulo\">Diario Bah\u00eda de C\u00e1diz 20\/02\/2017. <span style=\"color: #808000;\"><a style=\"color: #808000;\" href=\"http:\/\/www.diariobahiadecadiz.com\/noticias\/cadiz\/cuatro-parques-infantiles-de-cadiz-cuentan-ya-con-columpios-adaptados-para-ninos-con-necesidades-especiales\/\">Cuatro parques infantiles de C\u00e1diz cuentan ya con columpios adaptados para ni\u00f1os con necesidades especiales.<\/a> <\/span>(Redacci\u00f3n)<\/p>\n<p class=\"tit-articulo\"><span style=\"color: #000000;\">La Vo<\/span>z de C\u00e1diz 16\/03\/2017. <span style=\"color: #99cc00;\"><a style=\"color: #99cc00;\" href=\"http:\/\/www.lavozdigital.es\/cadiz\/lvdi-no-todos-somos-iguales-padres-nadia-201703161619_noticia.html\">No todos somos iguales que lso padres de Nadia.<\/a><\/span> (Nuria Agrafojo)<\/p>\n<p><span style=\"color: #000000;\">Portal Cadista <time datetime=\"2017-04-06T11:22:34+02:00\">06\/04\/2017<\/time>. <a href=\"https:\/\/www.portalcadista.com\/cadizcfvirgili\/29591-el-cadiz-cf-virgili-se-une-a-la-lucha-contra-la-enfermedad-de-pompe\" target=\"_blank\" rel=\"noopener noreferrer\"><span style=\"color: #003300;\">El C\u00e1diz CF Virgili se une a la lucha contra la Enfermedad de Pompe.<\/span><time datetime=\"2017-04-06T11:22:34+02:00\">\u00a0<\/time><\/a> (Jes\u00fas M. L\u00f3pez)<\/span><\/p>\n<p class=\"post-title title title-large entry-title\">Puerto Real Hoy 11\/08\/2017\u00a0<a href=\"https:\/\/www.puertorealhoy.es\/el-3-de-septiembre-se-celebrara-la-iii-carrera-popular-por-el-sindrome-de-rett\/\" target=\"_blank\" rel=\"noopener noreferrer\"><span style=\"color: #339966;\">El 3 de septiembre se celebrar\u00e1 la III Carrera Popular por el S\u00edndrome de Rett.<\/span><\/a> (Redacci\u00f3n)<\/p>\n<p>La Voz de C\u00e1diz 23\/08\/2017\u00a0<a href=\"http:\/\/www.lavozdigital.es\/deportes\/lvdi-tercera-carrera-solidaria-para-luchar-contra-sindrome-rett-201708231834_noticia.html\"><span style=\"color: #00ff00;\">Tercera carrera solidaria para luchar contra el s\u00edndrome de Rett.\u00a0<\/span><\/a> (Redacci\u00f3n Deportes)<\/p>\n<p>Onda C\u00e1diz, 27\/08\/2017. <a href=\"http:\/\/ocadizdigital.es\/noticia\/provincia\/iii-carrera-s%C3%ADndrome-de-rett-el-3-de-septiembre-en-beneficio-de-la-enfermedad\" target=\"_blank\" rel=\"noopener noreferrer\"><span style=\"color: #808000;\">III Carrera por el S\u00edndrome de Rett.<\/span><\/a>\u00a0(Redacci\u00f3n Onda Cadiz Digital)<\/p>\n<p>C\u00e1diz Directo, 28\/08\/2017. <a href=\"https:\/\/www.cadizdirecto.com\/unete-al-retto-rett\/\" target=\"_blank\" rel=\"noopener noreferrer\"><span style=\"color: #99cc00;\">\u00danete al Retto contra el Rett.<\/span><\/a> (Redacci\u00f3n)<\/p>\n<p>La Voz de C\u00e1diz, 29\/08\/2017. <a href=\"http:\/\/www.lavozdigital.es\/cadiz\/provincia\/lvdi-solidaridad-como-meta-201708291230_noticia.html\" target=\"_blank\" rel=\"noopener noreferrer\"><span class=\"titulo-noticia\" style=\"color: #003300;\">La solidaridad como meta. <\/span><\/a>(Ana Mendoza).<\/p>\n<p>20 Minutos, 30\/08\/2017.\u00a0<a href=\"http:\/\/www.20minutos.es\/noticia\/3122956\/0\/consorcio-bomberos-colaboran-este-domingo-con-actividad-yo-me-uno-al-retto-puerto-real\/\" target=\"_blank\" rel=\"noopener noreferrer\"><span style=\"color: #008000;\">El Consorcio de Bomberos colaboran este domingo con la actividad de &#8216;Yo me uno al retto&#8217; en Puerto Real.<\/span><\/a> (Europa Press).<\/p>\n<p>Diario de C\u00e1diz, 30\/08\/2017. <a href=\"http:\/\/www.diariodecadiz.es\/cadiz\/carrera-popular-festival-Sindrome-Rett_0_1168383378.html\" target=\"_blank\" rel=\"noopener noreferrer\"><span style=\"color: #339966;\">Una carrera popular y un festival, el domingo para luchar contra el S\u00edndrome de Rett.<\/span><\/a> (Redacci\u00f3n)<\/p>\n<p>Diario de C\u00e1diz, 01\/09\/2017. <a href=\"http:\/\/www.diariodecadiz.es\/provincia\/Villa-reto-investigacion-Sindrome-Rett_0_1168683669.html\" target=\"_blank\" rel=\"noopener noreferrer\"><span style=\"color: #00ff00;\">La Villa se une al reto por la investigaci\u00f3n del S\u00edndrome de Rett. <\/span><\/a>(Redacci\u00f3n)<\/p>\n<p>La Voz de C\u00e1diz, 04\/09\/2017. <a href=\"http:\/\/www.lavozdigital.es\/cadiz-provincia\/lvdi-carrera-solidaria-sindrome-rett-211020308019-20170903202033_galeria.html\" target=\"_blank\" rel=\"noopener noreferrer\"><span style=\"color: #333300;\">Galer\u00eda de Im\u00e1genes III Carrera Solidaria por el S\u00edndrome Rett en C\u00e1diz.<\/span> <\/a>(Fotos Nacho Frade).<\/p>\n<p>La Voz de C\u00e1diz, 04\/09\/2017. <a href=\"http:\/\/www.lavozdigital.es\/cadiz-provincia\/lvdi-festival-solidario-sindrome-rett-211020265746-20170903201609_galeria.html\" target=\"_blank\" rel=\"noopener noreferrer\"><span style=\"color: #808000;\">Galer\u00eda de Im\u00e1genes I Festival solidario por el S\u00edndrome Rett.<\/span><\/a> (Fotos Nacho Frade).<\/p>\n<p id=\"titulo_visible\" class=\"tit-articulo\">C\u00e1diz Informaci\u00f3n, 27\/09\/2017. <a href=\"http:\/\/andaluciainformacion.es\/sociedad\/704064\/paz-padilla-subasta-un-cuadro-donde-encarna-a-gala-en-favor-del-rett\/\" target=\"_blank\" rel=\"noopener noreferrer\"><span style=\"color: #99cc00;\">Paz Padilla subasta un cuadro donde encarna a &#8216;Gala&#8217; en favor del Rett.<\/span><\/a> (Helena Carmona).<\/p>\n<p class=\"site_font title__main_title-3ziG title__main_title_center-1VAG color_eta color_eta\" data-reactid=\"20\">Telecinco.es, 29\/09\/2017. <a href=\"http:\/\/www.telecinco.es\/salvame\/subasta-cuadro-paz-padilla_2_2443380281.html\" target=\"_blank\" rel=\"noopener noreferrer\"><span style=\"color: #003300;\">El retrato de Paz Padilla a la manera de &#8216;Galarina&#8217; consigue 1.100 euros en la subasta.<\/span><\/a> (Redacci\u00f3n)<\/p>\n<p>C\u00e1diz Informaci\u00f3n, 01\/10\/2017. <a href=\"http:\/\/andaluciainformacion.es\/andalucia\/704855\/paz-padilla-consigue-con-su-cuadro-1100-euros-para-investigar-el-rett\/\" target=\"_blank\" rel=\"noopener noreferrer\"><span style=\"color: #008000;\">Paz Padilla consigue con su cuadro 1.100 euros para investigar el Rett. <\/span><\/a>(Helena Carmona).<\/p>\n<p><span style=\"display: inline !important; float: none; background-color: transparent; color: #333333; cursor: text; font-family: -apple-system,BlinkMacSystemFont,'Segoe UI',Roboto,Oxygen-Sans,Ubuntu,Cantarell,'Helvetica Neue',sans-serif; font-size: 16px; font-style: normal; font-variant: normal; font-weight: 400; letter-spacing: normal; orphans: 2; text-align: left; text-decoration: none; text-indent: 0px; text-transform: none; -webkit-text-stroke-width: 0px; white-space: normal; word-spacing: 0px;\">Diario de C\u00e1diz<\/span><span style=\"display: inline !important; float: none; background-color: transparent; color: #333333; cursor: text; font-family: -apple-system,BlinkMacSystemFont,'Segoe UI',Roboto,Oxygen-Sans,Ubuntu,Cantarell,'Helvetica Neue',sans-serif; font-size: 16px; font-style: normal; font-variant: normal; font-weight: 400; letter-spacing: normal; orphans: 2; text-align: left; text-decoration: none; text-indent: 0px; text-transform: none; -webkit-text-stroke-width: 0px; white-space: normal; word-spacing: 0px;\">, 07\/02\/2018. <span style=\"color: #00ff00;\"><a style=\"color: #00ff00;\" href=\"https:\/\/www.diariodecadiz.es\/diario_del_carnaval\/Caras-conocidas_0_1216378410.html\" target=\"_blank\" rel=\"noopener noreferrer\">Caras conocidas. <\/a><\/span><\/span><span style=\"display: inline !important; float: none; background-color: transparent; color: #333333; cursor: text; font-family: -apple-system,BlinkMacSystemFont,'Segoe UI',Roboto,Oxygen-Sans,Ubuntu,Cantarell,'Helvetica Neue',sans-serif; font-size: 16px; font-style: normal; font-variant: normal; font-weight: 400; letter-spacing: normal; orphans: 2; text-align: left; text-decoration: none; text-indent: 0px; text-transform: none; -webkit-text-stroke-width: 0px; white-space: normal; word-spacing: 0px;\">(Tamara Garc\u00eda).<\/span><\/p>\n<p><span style=\"display: inline !important; float: none; background-color: transparent; color: #333333; cursor: text; font-family: -apple-system,BlinkMacSystemFont,'Segoe UI',Roboto,Oxygen-Sans,Ubuntu,Cantarell,'Helvetica Neue',sans-serif; font-size: 16px; font-style: normal; font-variant: normal; font-weight: 400; letter-spacing: normal; orphans: 2; text-align: left; text-decoration: none; text-indent: 0px; text-transform: none; -webkit-text-stroke-width: 0px; white-space: normal; word-spacing: 0px;\">La Voz de C\u00e1diz, 29\/07\/2018. <\/span><span style=\"color: #333300;\"><a class=\"l lLrAF\" style=\"color: #333300;\" href=\"https:\/\/www.lavozdigital.es\/cadiz\/lvdi-cadiz-surfea-sobre-diversidad-201807300816_noticia.html\" target=\"_blank\" rel=\"noopener noreferrer\">C\u00e1diz surfea sobre la diversidad.<\/a>\u00a0<\/span>(Ana Cristina Ruiz).<\/p>\n<p>Diario de C\u00e1diz, 01\/08\/2018.\u00a0<span style=\"color: #808000;\"><a style=\"color: #808000;\" href=\"https:\/\/www.diariodecadiz.es\/cadiz\/asociacion-gaditana-Retto-cumple-anos_0_1268873249.html\" target=\"_blank\" rel=\"noopener noreferrer\">La asociaci\u00f3n gaditana Yo me uno al Retto cumple cuatro a\u00f1os.<\/a> <\/span>(Redacci\u00f3n C\u00e1diz)<\/p>\n<p>Onda C\u00e1diz TV, 14\/01\/2019. <a href=\"https:\/\/www.youtube.com\/watch?time_continue=12&amp;v=mqs1ltfyoKk\" target=\"_blank\" rel=\"noopener noreferrer\"><span style=\"color: #99cc00;\">El Dorsal, II Sansilvestre Gaditana, Club Polideportivo Olimpo C\u00e1diz.<\/span><\/a> (Nacho Lim\u00f3n)<\/p>\n<p><span style=\"display: inline !important; float: none; background-color: transparent; color: #333333; cursor: text; font-family: -apple-system,BlinkMacSystemFont,'Segoe UI',Roboto,Oxygen-Sans,Ubuntu,Cantarell,'Helvetica Neue',sans-serif; font-size: 16px; font-style: normal; font-variant: normal; font-weight: 400; letter-spacing: normal; orphans: 2; text-align: left; text-decoration: none; text-indent: 0px; text-transform: none; -webkit-text-stroke-width: 0px; white-space: normal; word-spacing: 0px;\">Elmira.es, 20\/03\/2019. <span style=\"color: #003300;\"><a style=\"color: #003300;\" href=\"https:\/\/www.elmira.es\/20\/03\/2019\/motores-cadiz-entrega-una-donacion-de-2-780-euros-a-la-ong-yo-me-uno-al-retto\/\" target=\"_blank\" rel=\"noopener noreferrer\">Motores C\u00e1diz entrega una donaci\u00f3n de 2.780 euros a la ONG \u2018Yo me uno al retto\u2019\u00a0<\/a><\/span><\/span><span style=\"display: inline !important; float: none; background-color: transparent; color: #333333; cursor: text; font-family: -apple-system,BlinkMacSystemFont,'Segoe UI',Roboto,Oxygen-Sans,Ubuntu,Cantarell,'Helvetica Neue',sans-serif; font-size: 16px; font-style: normal; font-variant: normal; font-weight: 400; letter-spacing: normal; orphans: 2; text-align: left; text-decoration: none; text-indent: 0px; text-transform: none; -webkit-text-stroke-width: 0px; white-space: normal; word-spacing: 0px;\"> (Redacci\u00f3n)<\/span><\/p>\n<p><span style=\"display: inline !important; float: none; background-color: transparent; color: #333333; cursor: text; font-family: -apple-system,BlinkMacSystemFont,'Segoe UI',Roboto,Oxygen-Sans,Ubuntu,Cantarell,'Helvetica Neue',sans-serif; font-size: 16px; font-style: normal; font-variant: normal; font-weight: 400; letter-spacing: normal; orphans: 2; text-align: left; text-decoration: none; text-indent: 0px; text-transform: none; -webkit-text-stroke-width: 0px; white-space: normal; word-spacing: 0px;\">La Voz de C\u00e1diz,<\/span>\u00a022\/03\/2019.<span style=\"color: #008000;\"> <a style=\"color: #008000;\" href=\"https:\/\/www.lavozdigital.es\/cadiz\/lvdi-solidaridad-sobre-ruedas-201903221121_noticia.html\" target=\"_blank\" rel=\"noopener noreferrer\">Solidaridad sobre ruedas.<\/a><\/span> (Redacci\u00f3n)<\/p>\n<p class=\"page-title\">Onda C\u00e1diz TV, 28\/08\/2019. <span style=\"color: #00ff00;\"><a style=\"color: #00ff00;\" href=\"http:\/\/ocadizdigital.es\/noticia\/c%C3%A1diz\/manuel-odriozola-presentar%C3%A1-su-nueva-colecci%C3%B3n-el-cinco-de-septiembre-en-c%C3%A1diz-con-un\" target=\"_blank\" rel=\"noopener noreferrer\">Manuel Odriozola presentar\u00e1 su nueva colecci\u00f3n el cinco de septiembre en C\u00e1diz con un desfile solidario.<\/a><\/span> (Carmen Mas)<\/p>\n<p>La Voz de C\u00e1diz, 03\/09\/2019.<span style=\"color: #333300;\"> <a style=\"color: #333300;\" href=\"https:\/\/www.lavozdigital.es\/cadizsolidaria\/eventos\/velada-solidaria-para-recaudar-fondos-para-el-sindrome-de-rett\/\" target=\"_blank\" rel=\"noopener noreferrer\">Velada Solidaria para recaudar fondos para el S\u00edndrome de Rett.<\/a> <\/span>(Cristina Moreno)<\/p>\n<p class=\"page-title\">Onda C\u00e1diz TV, 06\/09\/2019.<span style=\"color: #808000;\"> <a style=\"color: #808000;\" href=\"http:\/\/ocadizdigital.es\/noticia\/c%C3%A1diz\/%C3%A9xito-rotundo-del-primer-desfile-beneficio-del-s%C3%ADndrome-rett-organizado-por-el\" target=\"_blank\" rel=\"noopener noreferrer\">\u00c9xito rotundo del primer desfile a beneficio del s\u00edndrome Rett organizado por el dise\u00f1ador gaditano Manuel Odriozola.<\/a><\/span> (Carmen Mas)<\/p>\n<p>Onda C\u00e1diz TV, 09\/09\/2019.\u00a0<span style=\"color: #99cc00;\"><a style=\"color: #99cc00;\" href=\"https:\/\/www.youtube.com\/watch?v=RWe8sboMoeQ\" target=\"_blank\" rel=\"noopener noreferrer\">Moda pasarela, \u00danete al reto.<\/a><\/span> (El Mirador Social)<\/p>\n<p><span class=\"titular\">La Voz de C\u00e1diz, 01\/08\/2021. <a href=\"https:\/\/www.lavozdigital.es\/deportes\/lvdi-atletismo-carrera-roche-cadiz-suma-lucha-contra-sindrome-rett-202108011158_noticia.html\" target=\"_blank\" rel=\"noopener\"><span style=\"color: #003300;\">Carrera de Roche: C\u00e1diz se suma a la lucha contra el S\u00edndrome de Rett.<\/span><\/a> (Redacci\u00f3n)<br \/>\n<\/span><\/p>\n<p>Cope C\u00e1diz, 04\/08\/2021. <span style=\"color: #008000;\"><a style=\"color: #008000;\" href=\"https:\/\/www.cope.es\/emisoras\/andalucia\/cadiz-provincia\/cadiz\/deportes-cadiz\/noticias\/correr-contra-sindrome-rett-carrera-roche-20210804_1436577\" target=\"_blank\" rel=\"noopener\">Correr contra el S\u00edndrome de Rett en la V Carrera de Roche.<\/a> <\/span>(Redacci\u00f3n)<\/p>\n<p>Diario de C\u00e1diz, 04\/08\/2021. <span style=\"color: #00ff00;\"><a style=\"color: #00ff00;\" href=\"https:\/\/www.diariodecadiz.es\/cadiz\/Carrera-Roche-Sindrome-Rett-domingo_0_1598540131.html\" target=\"_blank\" rel=\"noopener\">La V Carrera de Roche por el S\u00edndrome de Rett tendr\u00e1 lugar este domingo.<\/a><\/span> (RD)<\/p>\n<div class=\"sharedaddy sd-sharing-enabled\"><div class=\"robots-nocontent sd-block sd-social sd-social-icon sd-sharing\"><h3 class=\"sd-title\">Comparte esto:<\/h3><div class=\"sd-content\"><ul><li class=\"share-facebook\"><a rel=\"nofollow noopener noreferrer\" data-shared=\"sharing-facebook-894\" class=\"share-facebook sd-button share-icon no-text\" href=\"http:\/\/yomeunoalretto.org\/?page_id=894&amp;share=facebook\" target=\"_blank\" title=\"Haz clic para compartir en Facebook\" ><span><\/span><span class=\"sharing-screen-reader-text\">Haz clic para compartir en Facebook (Se abre en una ventana nueva)<\/span><\/a><\/li><li class=\"share-twitter\"><a rel=\"nofollow noopener noreferrer\" data-shared=\"sharing-twitter-894\" class=\"share-twitter sd-button share-icon no-text\" href=\"http:\/\/yomeunoalretto.org\/?page_id=894&amp;share=twitter\" target=\"_blank\" title=\"Haz clic para compartir en Twitter\" ><span><\/span><span class=\"sharing-screen-reader-text\">Haz clic para compartir en Twitter (Se abre en una ventana nueva)<\/span><\/a><\/li><li class=\"share-print\"><a rel=\"nofollow noopener noreferrer\" data-shared=\"\" class=\"share-print sd-button share-icon no-text\" href=\"http:\/\/yomeunoalretto.org\/?page_id=894\" target=\"_blank\" title=\"Haz clic para imprimir\" ><span><\/span><span class=\"sharing-screen-reader-text\">Haz clic para imprimir (Se abre en una ventana nueva)<\/span><\/a><\/li><li class=\"share-email\"><a rel=\"nofollow noopener noreferrer\" data-shared=\"\" class=\"share-email sd-button share-icon no-text\" href=\"mailto:?subject=%5BEntrada%20compartida%5D%20Rettcortes%20de%20Prensa&body=http%3A%2F%2Fyomeunoalretto.org%2F%3Fpage_id%3D894&share=email\" target=\"_blank\" title=\"Haz clic para enviar un enlace por correo electr\u00f3nico a un amigo\" data-email-share-error-title=\"\u00bfTienes un correo electr\u00f3nico configurado?\" data-email-share-error-text=\"Si tienes problemas al compartir por correo electr\u00f3nico, es posible que sea porque no tengas un correo electr\u00f3nico configurado en tu navegador. Puede que tengas que crear un nuevo correo electr\u00f3nico t\u00fa mismo.\" data-email-share-nonce=\"a3c54c72b8\" data-email-share-track-url=\"http:\/\/yomeunoalretto.org\/?page_id=894&amp;share=email\"><span><\/span><span class=\"sharing-screen-reader-text\">Haz clic para enviar un enlace por correo electr\u00f3nico a un amigo (Se abre en una ventana nueva)<\/span><\/a><\/li><li><a href=\"#\" class=\"sharing-anchor sd-button share-more\"><span>M\u00e1s<\/span><\/a><\/li><li class=\"share-end\"><\/li><\/ul><div class=\"sharing-hidden\"><div class=\"inner\" style=\"display: none;\"><ul><li class=\"share-linkedin\"><a rel=\"nofollow noopener noreferrer\" data-shared=\"sharing-linkedin-894\" class=\"share-linkedin sd-button share-icon no-text\" href=\"http:\/\/yomeunoalretto.org\/?page_id=894&amp;share=linkedin\" target=\"_blank\" title=\"Haz clic para compartir en LinkedIn\" ><span><\/span><span class=\"sharing-screen-reader-text\">Haz clic para compartir en LinkedIn (Se abre en una ventana nueva)<\/span><\/a><\/li><li class=\"share-tumblr\"><a rel=\"nofollow noopener noreferrer\" data-shared=\"\" class=\"share-tumblr sd-button share-icon no-text\" href=\"http:\/\/yomeunoalretto.org\/?page_id=894&amp;share=tumblr\" target=\"_blank\" title=\"Haz clic para compartir en Tumblr\" ><span><\/span><span class=\"sharing-screen-reader-text\">Haz clic para compartir en Tumblr (Se abre en una ventana nueva)<\/span><\/a><\/li><li class=\"share-end\"><\/li><li class=\"share-reddit\"><a rel=\"nofollow noopener noreferrer\" data-shared=\"\" class=\"share-reddit sd-button share-icon no-text\" href=\"http:\/\/yomeunoalretto.org\/?page_id=894&amp;share=reddit\" target=\"_blank\" title=\"Haz clic para compartir en Reddit\" ><span><\/span><span class=\"sharing-screen-reader-text\">Haz clic para compartir en Reddit (Se abre en una ventana nueva)<\/span><\/a><\/li><li class=\"share-pocket\"><a rel=\"nofollow noopener noreferrer\" data-shared=\"\" class=\"share-pocket sd-button share-icon no-text\" href=\"http:\/\/yomeunoalretto.org\/?page_id=894&amp;share=pocket\" target=\"_blank\" title=\"Haz clic para compartir en Pocket\" ><span><\/span><span class=\"sharing-screen-reader-text\">Haz clic para compartir en Pocket (Se abre en una ventana nueva)<\/span><\/a><\/li><li class=\"share-end\"><\/li><li class=\"share-pinterest\"><a rel=\"nofollow noopener noreferrer\" data-shared=\"sharing-pinterest-894\" class=\"share-pinterest sd-button share-icon no-text\" href=\"http:\/\/yomeunoalretto.org\/?page_id=894&amp;share=pinterest\" target=\"_blank\" title=\"Haz clic para compartir en Pinterest\" ><span><\/span><span class=\"sharing-screen-reader-text\">Haz clic para compartir en Pinterest (Se abre en una ventana nueva)<\/span><\/a><\/li><li class=\"share-end\"><\/li><\/ul><\/div><\/div><\/div><\/div><\/div>","protected":false},"excerpt":{"rendered":"<p>&nbsp; Aqu\u00ed tendr\u00e1s a tu disposici\u00f3n los art\u00edculos de prensa de nuestra asociaci\u00f3n. &nbsp; Diario de C\u00e1diz, 21\/06\/2014,\u00a0Una buena causa espera ayuda hoy en las Esclavas. (Jos\u00e9 M. S\u00e1nchez Reyes) La Voz de C\u00e1diz 18\/08\/2014, Un gran Retto por cumplir. (Antonio Valima\u00f1a) Diario de C\u00e1diz, 20\/08\/2014, Un S\u00edndrome que es un \u00abretto\u00bb para la vida.\u00a0(Melchor [&hellip;]<\/p>\n<div class=\"sharedaddy sd-sharing-enabled\"><div class=\"robots-nocontent sd-block sd-social sd-social-icon sd-sharing\"><h3 class=\"sd-title\">Comparte esto:<\/h3><div class=\"sd-content\"><ul><li class=\"share-facebook\"><a rel=\"nofollow noopener noreferrer\" data-shared=\"sharing-facebook-894\" class=\"share-facebook sd-button share-icon no-text\" href=\"http:\/\/yomeunoalretto.org\/?page_id=894&amp;share=facebook\" target=\"_blank\" title=\"Haz clic para compartir en Facebook\" ><span><\/span><span class=\"sharing-screen-reader-text\">Haz clic para compartir en Facebook (Se abre en una ventana nueva)<\/span><\/a><\/li><li class=\"share-twitter\"><a rel=\"nofollow noopener noreferrer\" data-shared=\"sharing-twitter-894\" class=\"share-twitter sd-button share-icon no-text\" href=\"http:\/\/yomeunoalretto.org\/?page_id=894&amp;share=twitter\" target=\"_blank\" title=\"Haz clic para compartir en Twitter\" ><span><\/span><span class=\"sharing-screen-reader-text\">Haz clic para compartir en Twitter (Se abre en una ventana nueva)<\/span><\/a><\/li><li class=\"share-print\"><a rel=\"nofollow noopener noreferrer\" data-shared=\"\" class=\"share-print sd-button share-icon no-text\" href=\"http:\/\/yomeunoalretto.org\/?page_id=894\" target=\"_blank\" title=\"Haz clic para imprimir\" ><span><\/span><span class=\"sharing-screen-reader-text\">Haz clic para imprimir (Se abre en una ventana nueva)<\/span><\/a><\/li><li class=\"share-email\"><a rel=\"nofollow noopener noreferrer\" data-shared=\"\" class=\"share-email sd-button share-icon no-text\" href=\"mailto:?subject=%5BEntrada%20compartida%5D%20Rettcortes%20de%20Prensa&body=http%3A%2F%2Fyomeunoalretto.org%2F%3Fpage_id%3D894&share=email\" target=\"_blank\" title=\"Haz clic para enviar un enlace por correo electr\u00f3nico a un amigo\" data-email-share-error-title=\"\u00bfTienes un correo electr\u00f3nico configurado?\" data-email-share-error-text=\"Si tienes problemas al compartir por correo electr\u00f3nico, es posible que sea porque no tengas un correo electr\u00f3nico configurado en tu navegador. Puede que tengas que crear un nuevo correo electr\u00f3nico t\u00fa mismo.\" data-email-share-nonce=\"a3c54c72b8\" data-email-share-track-url=\"http:\/\/yomeunoalretto.org\/?page_id=894&amp;share=email\"><span><\/span><span class=\"sharing-screen-reader-text\">Haz clic para enviar un enlace por correo electr\u00f3nico a un amigo (Se abre en una ventana nueva)<\/span><\/a><\/li><li><a href=\"#\" class=\"sharing-anchor sd-button share-more\"><span>M\u00e1s<\/span><\/a><\/li><li class=\"share-end\"><\/li><\/ul><div class=\"sharing-hidden\"><div class=\"inner\" style=\"display: none;\"><ul><li class=\"share-linkedin\"><a rel=\"nofollow noopener noreferrer\" data-shared=\"sharing-linkedin-894\" class=\"share-linkedin sd-button share-icon no-text\" href=\"http:\/\/yomeunoalretto.org\/?page_id=894&amp;share=linkedin\" target=\"_blank\" title=\"Haz clic para compartir en LinkedIn\" ><span><\/span><span class=\"sharing-screen-reader-text\">Haz clic para compartir en LinkedIn (Se abre en una ventana nueva)<\/span><\/a><\/li><li class=\"share-tumblr\"><a rel=\"nofollow noopener noreferrer\" data-shared=\"\" class=\"share-tumblr sd-button share-icon no-text\" href=\"http:\/\/yomeunoalretto.org\/?page_id=894&amp;share=tumblr\" target=\"_blank\" title=\"Haz clic para compartir en Tumblr\" ><span><\/span><span class=\"sharing-screen-reader-text\">Haz clic para compartir en Tumblr (Se abre en una ventana nueva)<\/span><\/a><\/li><li class=\"share-end\"><\/li><li class=\"share-reddit\"><a rel=\"nofollow noopener noreferrer\" data-shared=\"\" class=\"share-reddit sd-button share-icon no-text\" href=\"http:\/\/yomeunoalretto.org\/?page_id=894&amp;share=reddit\" target=\"_blank\" title=\"Haz clic para compartir en Reddit\" ><span><\/span><span class=\"sharing-screen-reader-text\">Haz clic para compartir en Reddit (Se abre en una ventana nueva)<\/span><\/a><\/li><li class=\"share-pocket\"><a rel=\"nofollow noopener noreferrer\" data-shared=\"\" class=\"share-pocket sd-button share-icon no-text\" href=\"http:\/\/yomeunoalretto.org\/?page_id=894&amp;share=pocket\" target=\"_blank\" title=\"Haz clic para compartir en Pocket\" ><span><\/span><span class=\"sharing-screen-reader-text\">Haz clic para compartir en Pocket (Se abre en una ventana nueva)<\/span><\/a><\/li><li class=\"share-end\"><\/li><li class=\"share-pinterest\"><a rel=\"nofollow noopener noreferrer\" data-shared=\"sharing-pinterest-894\" class=\"share-pinterest sd-button share-icon no-text\" href=\"http:\/\/yomeunoalretto.org\/?page_id=894&amp;share=pinterest\" target=\"_blank\" title=\"Haz clic para compartir en Pinterest\" ><span><\/span><span class=\"sharing-screen-reader-text\">Haz clic para compartir en Pinterest (Se abre en una ventana nueva)<\/span><\/a><\/li><li class=\"share-end\"><\/li><\/ul><\/div><\/div><\/div><\/div><\/div>","protected":false},"author":1,"featured_media":0,"parent":0,"menu_order":0,"comment_status":"open","ping_status":"open","template":"","meta":[],"jetpack_shortlink":"https:\/\/wp.me\/P4JzDn-eq","jetpack_sharing_enabled":true,"_links":{"self":[{"href":"http:\/\/yomeunoalretto.org\/index.php?rest_route=\/wp\/v2\/pages\/894"}],"collection":[{"href":"http:\/\/yomeunoalretto.org\/index.php?rest_route=\/wp\/v2\/pages"}],"about":[{"href":"http:\/\/yomeunoalretto.org\/index.php?rest_route=\/wp\/v2\/types\/page"}],"author":[{"embeddable":true,"href":"http:\/\/yomeunoalretto.org\/index.php?rest_route=\/wp\/v2\/users\/1"}],"replies":[{"embeddable":true,"href":"http:\/\/yomeunoalretto.org\/index.php?rest_route=%2Fwp%2Fv2%2Fcomments&post=894"}],"version-history":[{"count":156,"href":"http:\/\/yomeunoalretto.org\/index.php?rest_route=\/wp\/v2\/pages\/894\/revisions"}],"predecessor-version":[{"id":5468,"href":"http:\/\/yomeunoalretto.org\/index.php?rest_route=\/wp\/v2\/pages\/894\/revisions\/5468"}],"wp:attachment":[{"href":"http:\/\/yomeunoalretto.org\/index.php?rest_route=%2Fwp%2Fv2%2Fmedia&parent=894"}],"curies":[{"name":"wp","href":"https:\/\/api.w.org\/{rel}","templated":true}]}}