{"id":5428,"date":"2021-07-31T00:30:56","date_gmt":"2021-07-30T23:30:56","guid":{"rendered":"http:\/\/yomeunoalretto.org\/?page_id=5428"},"modified":"2021-08-01T17:22:22","modified_gmt":"2021-08-01T16:22:22","slug":"v-carrera-de-roche-por-el-sindrome-de-rett","status":"publish","type":"page","link":"http:\/\/yomeunoalretto.org\/?page_id=5428","title":{"rendered":"V Carrera de Roche por el S\u00edndrome de Rett"},"content":{"rendered":"<p><img data-attachment-id=\"5429\" data-permalink=\"http:\/\/yomeunoalretto.org\/?attachment_id=5429\" data-orig-file=\"http:\/\/yomeunoalretto.org\/wp-content\/uploads\/2021\/07\/CARTEL-FINAL-scaled.jpg\" data-orig-size=\"1810,2560\" data-comments-opened=\"1\" data-image-meta=\"{&quot;aperture&quot;:&quot;0&quot;,&quot;credit&quot;:&quot;&quot;,&quot;camera&quot;:&quot;&quot;,&quot;caption&quot;:&quot;&quot;,&quot;created_timestamp&quot;:&quot;0&quot;,&quot;copyright&quot;:&quot;&quot;,&quot;focal_length&quot;:&quot;0&quot;,&quot;iso&quot;:&quot;0&quot;,&quot;shutter_speed&quot;:&quot;0&quot;,&quot;title&quot;:&quot;&quot;,&quot;orientation&quot;:&quot;1&quot;}\" data-image-title=\"CARTEL-FINAL\" data-image-description=\"\" data-image-caption=\"\" data-medium-file=\"http:\/\/yomeunoalretto.org\/wp-content\/uploads\/2021\/07\/CARTEL-FINAL-177x250.jpg\" data-large-file=\"http:\/\/yomeunoalretto.org\/wp-content\/uploads\/2021\/07\/CARTEL-FINAL-724x1024.jpg\" decoding=\"async\" loading=\"lazy\" class=\"size-medium wp-image-5429 alignright\" src=\"http:\/\/yomeunoalretto.org\/wp-content\/uploads\/2021\/07\/CARTEL-FINAL-177x250.jpg\" alt=\"\" width=\"177\" height=\"250\" srcset=\"http:\/\/yomeunoalretto.org\/wp-content\/uploads\/2021\/07\/CARTEL-FINAL-177x250.jpg 177w, http:\/\/yomeunoalretto.org\/wp-content\/uploads\/2021\/07\/CARTEL-FINAL-724x1024.jpg 724w, http:\/\/yomeunoalretto.org\/wp-content\/uploads\/2021\/07\/CARTEL-FINAL-768x1086.jpg 768w, http:\/\/yomeunoalretto.org\/wp-content\/uploads\/2021\/07\/CARTEL-FINAL-1086x1536.jpg 1086w, http:\/\/yomeunoalretto.org\/wp-content\/uploads\/2021\/07\/CARTEL-FINAL-1448x2048.jpg 1448w, http:\/\/yomeunoalretto.org\/wp-content\/uploads\/2021\/07\/CARTEL-FINAL-119x168.jpg 119w, http:\/\/yomeunoalretto.org\/wp-content\/uploads\/2021\/07\/CARTEL-FINAL-scaled.jpg 1810w\" sizes=\"(max-width: 177px) 100vw, 177px\" \/> El pr\u00f3ximo domingo 8 de agosto tendr\u00e1 lugar la V Carrera de Roche por el S\u00edndrome de Rett. El escenario de esta nueva cita solidaria ser\u00e1 el circuito cerrado de 10.000 metros, que discurre entre las Avenida de B\u00e9lgica y la Carretera de la Urbanizaci\u00f3n de Roche al Colorado de Conil de la Frontera (C\u00e1diz). El evento est\u00e1 organizado por la Asociaci\u00f3n Gaditana Yo me uno al Retto y por la empresa Cronofinisher, quien desde su portal web est\u00e1 gestionando las inscripciones de los participantes en las distintas categor\u00edas. El pistoletazo de salida ser\u00e1 a las nueve de la ma\u00f1ana para el grupo de veteranos, juvenil-junior y promesa-senior, quienes recorrer\u00e1n hasta 10 kil\u00f3metros en favor de la lucha contra esta enfermedad rara. A estos le seguir\u00e1n poco despu\u00e9s los de la categor\u00eda absoluta en 5k, finalizando las salidas los pertenecientes a cadete, infantil, alev\u00edn, benjam\u00edn y pitufo sobre las 10&#8217;50 horas para los que estar\u00e1n preparados recorridos de entre los 1.500 y 100 metros.<br \/>\nTodas las pruebas se realizar\u00e1n de manera escalonada para cumplir con las limitaciones establecidas por la situaci\u00f3n del SARS-COVID 19. Todas las personas inscritas recibir\u00e1n una camiseta t\u00e9cnica conmemorativa del evento y entrar\u00e1n dentro de numerosos sorteos. Para los que no puedan acudir a la cita de forma presencial pero quieran ayudar en la causa se ha abierto asimismo en la plataforma www.cronofinisher.com el Dorsal Cero, as\u00ed como pueden hacer cualquier aportaci\u00f3n en la cuenta <span style=\"color: #800080;\"><strong>ES87 0133 8694 2342 0000 1836.<\/strong><\/span><\/p>\n<p>Desde la Asociaci\u00f3n Gaditana Yo me uno al Retto se espera poder dar un paso m\u00e1s en la investigaci\u00f3n de esta enfermedad que afecta mayoritariamente a ni\u00f1as (aunque en Espa\u00f1a hay cuatro varones afectados) y que aparece en torno al a\u00f1o y <img data-attachment-id=\"5430\" data-permalink=\"http:\/\/yomeunoalretto.org\/?attachment_id=5430\" data-orig-file=\"http:\/\/yomeunoalretto.org\/wp-content\/uploads\/2021\/07\/QR.jpeg\" data-orig-size=\"360,360\" data-comments-opened=\"1\" data-image-meta=\"{&quot;aperture&quot;:&quot;0&quot;,&quot;credit&quot;:&quot;&quot;,&quot;camera&quot;:&quot;&quot;,&quot;caption&quot;:&quot;&quot;,&quot;created_timestamp&quot;:&quot;0&quot;,&quot;copyright&quot;:&quot;&quot;,&quot;focal_length&quot;:&quot;0&quot;,&quot;iso&quot;:&quot;0&quot;,&quot;shutter_speed&quot;:&quot;0&quot;,&quot;title&quot;:&quot;&quot;,&quot;orientation&quot;:&quot;0&quot;}\" data-image-title=\"QR\" data-image-description=\"\" data-image-caption=\"\" data-medium-file=\"http:\/\/yomeunoalretto.org\/wp-content\/uploads\/2021\/07\/QR-250x250.jpeg\" data-large-file=\"http:\/\/yomeunoalretto.org\/wp-content\/uploads\/2021\/07\/QR.jpeg\" decoding=\"async\" loading=\"lazy\" class=\"size-medium wp-image-5430 alignleft\" src=\"http:\/\/yomeunoalretto.org\/wp-content\/uploads\/2021\/07\/QR-250x250.jpeg\" alt=\"\" width=\"250\" height=\"250\" srcset=\"http:\/\/yomeunoalretto.org\/wp-content\/uploads\/2021\/07\/QR-250x250.jpeg 250w, http:\/\/yomeunoalretto.org\/wp-content\/uploads\/2021\/07\/QR-100x100.jpeg 100w, http:\/\/yomeunoalretto.org\/wp-content\/uploads\/2021\/07\/QR-168x168.jpeg 168w, http:\/\/yomeunoalretto.org\/wp-content\/uploads\/2021\/07\/QR.jpeg 360w\" sizes=\"(max-width: 250px) 100vw, 250px\" \/>medio de vida haciendo que sufran un retroceso y una p\u00e9rdida de las habilidades aprendidas, de la noche a la ma\u00f1ana, convirti\u00e9ndolos en pluridiscapacitados y dependientes de por vida. <em>\u00abSe trata de una mutaci\u00f3n gen\u00e9tica no hereditaria, que ocurre al azar, por lo que puede pasarle a cualquiera y que va a seguir pasando\u00bb<\/em> afirma la entidad, quien destinar\u00e1 todos los fondos que se recauden en esta cita a <a href=\"https:\/\/www.finrett.org\/\" target=\"_blank\" rel=\"noopener\"><strong><span style=\"color: #cc99ff;\">Finrett<\/span><\/strong><\/a>, plataforma que gestiona diversos proyectos de investigaci\u00f3n sobre el S\u00edndrome de Rett. Desde Yo me uno al Retto quieren agradecer el patrocinio a las empresas <a href=\"http:\/\/www.intec-heat.es\/\" target=\"_blank\" rel=\"noopener\"><strong>Intec-<span style=\"color: #ff0000;\">Heat<\/span><\/strong><\/a> y <a href=\"https:\/\/www.alfran.es\/\" target=\"_blank\" rel=\"noopener\"><strong><span style=\"color: #800000;\">Refractarios Alfran<\/span><\/strong>,<\/a> la colaboraci\u00f3n del Ayuntamiento de Conil de la Frontera y la Comunidad de Propietarios de Roche, <strong><span style=\"color: #3366ff;\">Obra Social la Caixa<\/span><\/strong>, Coca Cola, Radler Cruzcampo, Fisiocentro, El Curro Fruteria y muy especialmente a la organizaci\u00f3n de <a href=\"https:\/\/cronofinisher.com\/\" target=\"_blank\" rel=\"noopener\"><strong><span style=\"color: #3366ff;\">Cronofinisher<\/span><\/strong><\/a> que como empresa de Cronometraje y Organizaci\u00f3n de Eventos nos ha estado acompa\u00f1ando en esta aventura desde el primer momento. As\u00ed como la aportaci\u00f3n de cada participante. Y, como no, siempre con el reconocimiento especial a todos los voluntarios y voluntarias que nos van echar una mano y que sin su ayuda an\u00f3nima no se podr\u00eda organizar nada de esto.<\/p>\n<p>Inscribete y participa en este <span style=\"color: #ff00ff;\"><a style=\"color: #ff00ff;\" href=\"https:\/\/cronofinisher.com\/evento\/v-carrera-de-roche-por-el-sindrome-de-rett\/\" target=\"_blank\" rel=\"noopener\">enlace. Click<\/a><\/span><\/p>\n<div class=\"sharedaddy sd-sharing-enabled\"><div class=\"robots-nocontent sd-block sd-social sd-social-icon sd-sharing\"><h3 class=\"sd-title\">Comparte esto:<\/h3><div class=\"sd-content\"><ul><li class=\"share-facebook\"><a rel=\"nofollow noopener noreferrer\" data-shared=\"sharing-facebook-5428\" class=\"share-facebook sd-button share-icon no-text\" href=\"http:\/\/yomeunoalretto.org\/?page_id=5428&amp;share=facebook\" target=\"_blank\" title=\"Haz clic para compartir en Facebook\" ><span><\/span><span class=\"sharing-screen-reader-text\">Haz clic para compartir en Facebook (Se abre en una ventana nueva)<\/span><\/a><\/li><li class=\"share-twitter\"><a rel=\"nofollow noopener noreferrer\" data-shared=\"sharing-twitter-5428\" class=\"share-twitter sd-button share-icon no-text\" href=\"http:\/\/yomeunoalretto.org\/?page_id=5428&amp;share=twitter\" target=\"_blank\" title=\"Haz clic para compartir en Twitter\" ><span><\/span><span class=\"sharing-screen-reader-text\">Haz clic para compartir en Twitter (Se abre en una ventana nueva)<\/span><\/a><\/li><li class=\"share-print\"><a rel=\"nofollow noopener noreferrer\" data-shared=\"\" class=\"share-print sd-button share-icon no-text\" href=\"http:\/\/yomeunoalretto.org\/?page_id=5428\" target=\"_blank\" title=\"Haz clic para imprimir\" ><span><\/span><span class=\"sharing-screen-reader-text\">Haz clic para imprimir (Se abre en una ventana nueva)<\/span><\/a><\/li><li class=\"share-email\"><a rel=\"nofollow noopener noreferrer\" data-shared=\"\" class=\"share-email sd-button share-icon no-text\" href=\"mailto:?subject=%5BEntrada%20compartida%5D%20V%20Carrera%20de%20Roche%20por%20el%20S%C3%ADndrome%20de%20Rett&body=http%3A%2F%2Fyomeunoalretto.org%2F%3Fpage_id%3D5428&share=email\" target=\"_blank\" title=\"Haz clic para enviar un enlace por correo electr\u00f3nico a un amigo\" data-email-share-error-title=\"\u00bfTienes un correo electr\u00f3nico configurado?\" data-email-share-error-text=\"Si tienes problemas al compartir por correo electr\u00f3nico, es posible que sea porque no tengas un correo electr\u00f3nico configurado en tu navegador. Puede que tengas que crear un nuevo correo electr\u00f3nico t\u00fa mismo.\" data-email-share-nonce=\"43cfef512c\" data-email-share-track-url=\"http:\/\/yomeunoalretto.org\/?page_id=5428&amp;share=email\"><span><\/span><span class=\"sharing-screen-reader-text\">Haz clic para enviar un enlace por correo electr\u00f3nico a un amigo (Se abre en una ventana nueva)<\/span><\/a><\/li><li><a href=\"#\" class=\"sharing-anchor sd-button share-more\"><span>M\u00e1s<\/span><\/a><\/li><li class=\"share-end\"><\/li><\/ul><div class=\"sharing-hidden\"><div class=\"inner\" style=\"display: none;\"><ul><li class=\"share-linkedin\"><a rel=\"nofollow noopener noreferrer\" data-shared=\"sharing-linkedin-5428\" class=\"share-linkedin sd-button share-icon no-text\" href=\"http:\/\/yomeunoalretto.org\/?page_id=5428&amp;share=linkedin\" target=\"_blank\" title=\"Haz clic para compartir en LinkedIn\" ><span><\/span><span class=\"sharing-screen-reader-text\">Haz clic para compartir en LinkedIn (Se abre en una ventana nueva)<\/span><\/a><\/li><li class=\"share-tumblr\"><a rel=\"nofollow noopener noreferrer\" data-shared=\"\" class=\"share-tumblr sd-button share-icon no-text\" href=\"http:\/\/yomeunoalretto.org\/?page_id=5428&amp;share=tumblr\" target=\"_blank\" title=\"Haz clic para compartir en Tumblr\" ><span><\/span><span class=\"sharing-screen-reader-text\">Haz clic para compartir en Tumblr (Se abre en una ventana nueva)<\/span><\/a><\/li><li class=\"share-end\"><\/li><li class=\"share-reddit\"><a rel=\"nofollow noopener noreferrer\" data-shared=\"\" class=\"share-reddit sd-button share-icon no-text\" href=\"http:\/\/yomeunoalretto.org\/?page_id=5428&amp;share=reddit\" target=\"_blank\" title=\"Haz clic para compartir en Reddit\" ><span><\/span><span class=\"sharing-screen-reader-text\">Haz clic para compartir en Reddit (Se abre en una ventana nueva)<\/span><\/a><\/li><li class=\"share-pocket\"><a rel=\"nofollow noopener noreferrer\" data-shared=\"\" class=\"share-pocket sd-button share-icon no-text\" href=\"http:\/\/yomeunoalretto.org\/?page_id=5428&amp;share=pocket\" target=\"_blank\" title=\"Haz clic para compartir en Pocket\" ><span><\/span><span class=\"sharing-screen-reader-text\">Haz clic para compartir en Pocket (Se abre en una ventana nueva)<\/span><\/a><\/li><li class=\"share-end\"><\/li><li class=\"share-pinterest\"><a rel=\"nofollow noopener noreferrer\" data-shared=\"sharing-pinterest-5428\" class=\"share-pinterest sd-button share-icon no-text\" href=\"http:\/\/yomeunoalretto.org\/?page_id=5428&amp;share=pinterest\" target=\"_blank\" title=\"Haz clic para compartir en Pinterest\" ><span><\/span><span class=\"sharing-screen-reader-text\">Haz clic para compartir en Pinterest (Se abre en una ventana nueva)<\/span><\/a><\/li><li class=\"share-end\"><\/li><\/ul><\/div><\/div><\/div><\/div><\/div>","protected":false},"excerpt":{"rendered":"<p>El pr\u00f3ximo domingo 8 de agosto tendr\u00e1 lugar la V Carrera de Roche por el S\u00edndrome de Rett. El escenario de esta nueva cita solidaria ser\u00e1 el circuito cerrado de 10.000 metros, que discurre entre las Avenida de B\u00e9lgica y la Carretera de la Urbanizaci\u00f3n de Roche al Colorado de Conil de la Frontera (C\u00e1diz). [&hellip;]<\/p>\n<div class=\"sharedaddy sd-sharing-enabled\"><div class=\"robots-nocontent sd-block sd-social sd-social-icon sd-sharing\"><h3 class=\"sd-title\">Comparte esto:<\/h3><div class=\"sd-content\"><ul><li class=\"share-facebook\"><a rel=\"nofollow noopener noreferrer\" data-shared=\"sharing-facebook-5428\" class=\"share-facebook sd-button share-icon no-text\" href=\"http:\/\/yomeunoalretto.org\/?page_id=5428&amp;share=facebook\" target=\"_blank\" title=\"Haz clic para compartir en Facebook\" ><span><\/span><span class=\"sharing-screen-reader-text\">Haz clic para compartir en Facebook (Se abre en una ventana nueva)<\/span><\/a><\/li><li class=\"share-twitter\"><a rel=\"nofollow noopener noreferrer\" data-shared=\"sharing-twitter-5428\" class=\"share-twitter sd-button share-icon no-text\" href=\"http:\/\/yomeunoalretto.org\/?page_id=5428&amp;share=twitter\" target=\"_blank\" title=\"Haz clic para compartir en Twitter\" ><span><\/span><span class=\"sharing-screen-reader-text\">Haz clic para compartir en Twitter (Se abre en una ventana nueva)<\/span><\/a><\/li><li class=\"share-print\"><a rel=\"nofollow noopener noreferrer\" data-shared=\"\" class=\"share-print sd-button share-icon no-text\" href=\"http:\/\/yomeunoalretto.org\/?page_id=5428\" target=\"_blank\" title=\"Haz clic para imprimir\" ><span><\/span><span class=\"sharing-screen-reader-text\">Haz clic para imprimir (Se abre en una ventana nueva)<\/span><\/a><\/li><li class=\"share-email\"><a rel=\"nofollow noopener noreferrer\" data-shared=\"\" class=\"share-email sd-button share-icon no-text\" href=\"mailto:?subject=%5BEntrada%20compartida%5D%20V%20Carrera%20de%20Roche%20por%20el%20S%C3%ADndrome%20de%20Rett&body=http%3A%2F%2Fyomeunoalretto.org%2F%3Fpage_id%3D5428&share=email\" target=\"_blank\" title=\"Haz clic para enviar un enlace por correo electr\u00f3nico a un amigo\" data-email-share-error-title=\"\u00bfTienes un correo electr\u00f3nico configurado?\" data-email-share-error-text=\"Si tienes problemas al compartir por correo electr\u00f3nico, es posible que sea porque no tengas un correo electr\u00f3nico configurado en tu navegador. Puede que tengas que crear un nuevo correo electr\u00f3nico t\u00fa mismo.\" data-email-share-nonce=\"43cfef512c\" data-email-share-track-url=\"http:\/\/yomeunoalretto.org\/?page_id=5428&amp;share=email\"><span><\/span><span class=\"sharing-screen-reader-text\">Haz clic para enviar un enlace por correo electr\u00f3nico a un amigo (Se abre en una ventana nueva)<\/span><\/a><\/li><li><a href=\"#\" class=\"sharing-anchor sd-button share-more\"><span>M\u00e1s<\/span><\/a><\/li><li class=\"share-end\"><\/li><\/ul><div class=\"sharing-hidden\"><div class=\"inner\" style=\"display: none;\"><ul><li class=\"share-linkedin\"><a rel=\"nofollow noopener noreferrer\" data-shared=\"sharing-linkedin-5428\" class=\"share-linkedin sd-button share-icon no-text\" href=\"http:\/\/yomeunoalretto.org\/?page_id=5428&amp;share=linkedin\" target=\"_blank\" title=\"Haz clic para compartir en LinkedIn\" ><span><\/span><span class=\"sharing-screen-reader-text\">Haz clic para compartir en LinkedIn (Se abre en una ventana nueva)<\/span><\/a><\/li><li class=\"share-tumblr\"><a rel=\"nofollow noopener noreferrer\" data-shared=\"\" class=\"share-tumblr sd-button share-icon no-text\" href=\"http:\/\/yomeunoalretto.org\/?page_id=5428&amp;share=tumblr\" target=\"_blank\" title=\"Haz clic para compartir en Tumblr\" ><span><\/span><span class=\"sharing-screen-reader-text\">Haz clic para compartir en Tumblr (Se abre en una ventana nueva)<\/span><\/a><\/li><li class=\"share-end\"><\/li><li class=\"share-reddit\"><a rel=\"nofollow noopener noreferrer\" data-shared=\"\" class=\"share-reddit sd-button share-icon no-text\" href=\"http:\/\/yomeunoalretto.org\/?page_id=5428&amp;share=reddit\" target=\"_blank\" title=\"Haz clic para compartir en Reddit\" ><span><\/span><span class=\"sharing-screen-reader-text\">Haz clic para compartir en Reddit (Se abre en una ventana nueva)<\/span><\/a><\/li><li class=\"share-pocket\"><a rel=\"nofollow noopener noreferrer\" data-shared=\"\" class=\"share-pocket sd-button share-icon no-text\" href=\"http:\/\/yomeunoalretto.org\/?page_id=5428&amp;share=pocket\" target=\"_blank\" title=\"Haz clic para compartir en Pocket\" ><span><\/span><span class=\"sharing-screen-reader-text\">Haz clic para compartir en Pocket (Se abre en una ventana nueva)<\/span><\/a><\/li><li class=\"share-end\"><\/li><li class=\"share-pinterest\"><a rel=\"nofollow noopener noreferrer\" data-shared=\"sharing-pinterest-5428\" class=\"share-pinterest sd-button share-icon no-text\" href=\"http:\/\/yomeunoalretto.org\/?page_id=5428&amp;share=pinterest\" target=\"_blank\" title=\"Haz clic para compartir en Pinterest\" ><span><\/span><span class=\"sharing-screen-reader-text\">Haz clic para compartir en Pinterest (Se abre en una ventana nueva)<\/span><\/a><\/li><li class=\"share-end\"><\/li><\/ul><\/div><\/div><\/div><\/div><\/div>","protected":false},"author":1,"featured_media":0,"parent":0,"menu_order":0,"comment_status":"closed","ping_status":"closed","template":"","meta":[],"jetpack_shortlink":"https:\/\/wp.me\/P4JzDn-1py","jetpack_sharing_enabled":true,"_links":{"self":[{"href":"http:\/\/yomeunoalretto.org\/index.php?rest_route=\/wp\/v2\/pages\/5428"}],"collection":[{"href":"http:\/\/yomeunoalretto.org\/index.php?rest_route=\/wp\/v2\/pages"}],"about":[{"href":"http:\/\/yomeunoalretto.org\/index.php?rest_route=\/wp\/v2\/types\/page"}],"author":[{"embeddable":true,"href":"http:\/\/yomeunoalretto.org\/index.php?rest_route=\/wp\/v2\/users\/1"}],"replies":[{"embeddable":true,"href":"http:\/\/yomeunoalretto.org\/index.php?rest_route=%2Fwp%2Fv2%2Fcomments&post=5428"}],"version-history":[{"count":3,"href":"http:\/\/yomeunoalretto.org\/index.php?rest_route=\/wp\/v2\/pages\/5428\/revisions"}],"predecessor-version":[{"id":5447,"href":"http:\/\/yomeunoalretto.org\/index.php?rest_route=\/wp\/v2\/pages\/5428\/revisions\/5447"}],"wp:attachment":[{"href":"http:\/\/yomeunoalretto.org\/index.php?rest_route=%2Fwp%2Fv2%2Fmedia&parent=5428"}],"curies":[{"name":"wp","href":"https:\/\/api.w.org\/{rel}","templated":true}]}}