{"id":5055,"date":"2019-09-05T12:05:13","date_gmt":"2019-09-05T11:05:13","guid":{"rendered":"http:\/\/yomeunoalretto.org\/?page_id=5055"},"modified":"2019-09-05T12:05:29","modified_gmt":"2019-09-05T11:05:29","slug":"gala-solidaria-de-manuel-odriozola-a-favor-del-sindrome-de-rett","status":"publish","type":"page","link":"http:\/\/yomeunoalretto.org\/?page_id=5055","title":{"rendered":"Gala Solidaria de Manuel Odriozola a favor del S\u00edndrome de Rett"},"content":{"rendered":"<p>El pr\u00f3ximo jueves 05 de Septiembre <a href=\"https:\/\/www.facebook.com\/atelier.manuelodriozola\" target=\"_blank\" rel=\"noopener noreferrer\"><span style=\"color: #ffcc00;\"><em><strong>Manuel Odriozola<\/strong><\/em><\/span><\/a> presenta su nueva colecci\u00f3n con un desfile solidario. La gala, a beneficio del s\u00edndrome de Rett, se celebrar\u00e1 en el <a href=\"https:\/\/www.parador.es\/es\/paradores\/parador-de-cadiz?utm_source=GoogleMyBusiness&amp;utm_medium=linkgoogle&amp;utm_campaign=paradordecadiz&amp;utm_term=organico&amp;utm_content=ficha\" target=\"_blank\" rel=\"noopener noreferrer\"><span style=\"color: #339966;\"><em><strong>Hotel Parador Atl\u00e1ntico<\/strong><\/em><\/span><\/a> en la que adem\u00e1s contar\u00e1 con la actuaci\u00f3n de comparsa &#8216;Los Carn\u00edvales&#8217; de <a href=\"https:\/\/www.facebook.com\/LaChusmaSelecta\/\" target=\"_blank\" rel=\"noopener noreferrer\"><em><strong><span style=\"color: #800000;\">Antonio Mart\u00ednez Ares.<\/span><\/strong><\/em><\/a><img decoding=\"async\" loading=\"lazy\" class=\"size-medium wp-image-5054 alignright\" src=\"http:\/\/yomeunoalretto.org\/wp-content\/uploads\/2019\/09\/CARTEL-167x250.jpeg\" alt=\"\" width=\"167\" height=\"250\" \/><br \/>\nEsta cita contar\u00e1 como invitada especial con la presentadora y actriz <a href=\"https:\/\/www.facebook.com\/esther.arroyo.503092\" target=\"_blank\" rel=\"noopener noreferrer\"><span style=\"color: #00ccff;\"><em><strong>Esther Arroyo<\/strong> <\/em><\/span><\/a>y la modelo publicitaria <a href=\"http:\/\/Anabel Armario Seren\" target=\"_blank\" rel=\"noopener noreferrer\"><em><strong><span style=\"color: #99ccff;\">Anabel Armario.<\/span><\/strong><\/em><\/a><br \/>\nAs\u00ed el pr\u00f3ximo 5 de septiembre, a partir de las 21 horas, todos los presentes podr\u00e1n disfrutar con la actuaci\u00f3n de Leo Power, le seguir\u00e1 el desfile del dise\u00f1ador y como colof\u00f3n la actuaci\u00f3n de comparsa &#8216;Los Carn\u00edvales&#8217; de Antonio Mart\u00ednez Ares.<br \/>\nEn total ser\u00e1n unas 25 modelos femeninas y 8 masculinos todos ellos dirigidos por Rocio Baena y que lucir\u00e1n unos 40 dise\u00f1os.<\/p>\n<p>Las entradas solidarias a un precio de 10 euros ya est\u00e1n a la venta en diferentes puntos.<\/p>\n<p>Se pueden adquirir en:<\/p>\n<ol>\n<li><span style=\"color: #993366;\"><a style=\"color: #993366;\" href=\"https:\/\/www.facebook.com\/eventoslilas\" target=\"_blank\" rel=\"noopener noreferrer\"><em><strong>Lilas<\/strong><\/em><\/a><\/span> (C\/Garc\u00eda Carrera, 44)<\/li>\n<li><a href=\"https:\/\/www.inmobiliariavelamar.com\/index.php\" target=\"_blank\" rel=\"noopener noreferrer\"><em><strong><span style=\"color: #ffcc00;\">Inmobiliaria<\/span> <span style=\"color: #ff0000;\">Velamar<\/span><\/strong><\/em> <\/a>(C\/Sagasta 2 bajo)<\/li>\n<li><a href=\"https:\/\/www.facebook.com\/pg\/Peluquerialadygodiva\/posts\/\" target=\"_blank\" rel=\"noopener noreferrer\"><em><strong><span style=\"color: #ff99cc;\">Lady Godiva<\/span><\/strong><\/em><\/a> (Avenida Ana de Viya, 11)<\/li>\n<li><a href=\"http:\/\/Angelbykaren\" target=\"_blank\" rel=\"noopener noreferrer\"><em><strong><span style=\"color: #ffcc99;\">Angel by Karen<\/span><\/strong><\/em><\/a> (C\/ Calverde, 10)<\/li>\n<li><span style=\"color: #ff9900;\"><strong><em><a style=\"color: #ff9900;\" href=\"https:\/\/www.facebook.com\/atelier.manuelodriozola\" target=\"_blank\" rel=\"noopener noreferrer\">Altelier Manuel Odriozola<\/a><\/em><\/strong><\/span> (C\/ San Miguel).<\/li>\n<\/ol>\n<p>Desde la Asociaci\u00f3n Gaditana yo me uno al Retto, queremos agradecer a todos los que hab\u00e9is aportado vuestro tiemp y trabajo para que esta gala sea un \u00e9xito.<\/p>\n<p>En breve en esta misma web dispondr\u00e9is de las fotos del evento<\/p>\n<div class=\"sharedaddy sd-sharing-enabled\"><div class=\"robots-nocontent sd-block sd-social sd-social-icon sd-sharing\"><h3 class=\"sd-title\">Comparte esto:<\/h3><div class=\"sd-content\"><ul><li class=\"share-facebook\"><a rel=\"nofollow noopener noreferrer\" data-shared=\"sharing-facebook-5055\" class=\"share-facebook sd-button share-icon no-text\" href=\"http:\/\/yomeunoalretto.org\/?page_id=5055&amp;share=facebook\" target=\"_blank\" title=\"Haz clic para compartir en Facebook\" ><span><\/span><span class=\"sharing-screen-reader-text\">Haz clic para compartir en Facebook (Se abre en una ventana nueva)<\/span><\/a><\/li><li class=\"share-twitter\"><a rel=\"nofollow noopener noreferrer\" data-shared=\"sharing-twitter-5055\" class=\"share-twitter sd-button share-icon no-text\" href=\"http:\/\/yomeunoalretto.org\/?page_id=5055&amp;share=twitter\" target=\"_blank\" title=\"Haz clic para compartir en Twitter\" ><span><\/span><span class=\"sharing-screen-reader-text\">Haz clic para compartir en Twitter (Se abre en una ventana nueva)<\/span><\/a><\/li><li class=\"share-print\"><a rel=\"nofollow noopener noreferrer\" data-shared=\"\" class=\"share-print sd-button share-icon no-text\" href=\"http:\/\/yomeunoalretto.org\/?page_id=5055\" target=\"_blank\" title=\"Haz clic para imprimir\" ><span><\/span><span class=\"sharing-screen-reader-text\">Haz clic para imprimir (Se abre en una ventana nueva)<\/span><\/a><\/li><li class=\"share-email\"><a rel=\"nofollow noopener noreferrer\" data-shared=\"\" class=\"share-email sd-button share-icon no-text\" href=\"mailto:?subject=%5BEntrada%20compartida%5D%20Gala%20Solidaria%20de%20Manuel%20Odriozola%20a%20favor%20del%20S%C3%ADndrome%20de%20Rett&body=http%3A%2F%2Fyomeunoalretto.org%2F%3Fpage_id%3D5055&share=email\" target=\"_blank\" title=\"Haz clic para enviar un enlace por correo electr\u00f3nico a un amigo\" data-email-share-error-title=\"\u00bfTienes un correo electr\u00f3nico configurado?\" data-email-share-error-text=\"Si tienes problemas al compartir por correo electr\u00f3nico, es posible que sea porque no tengas un correo electr\u00f3nico configurado en tu navegador. Puede que tengas que crear un nuevo correo electr\u00f3nico t\u00fa mismo.\" data-email-share-nonce=\"d894ea2d31\" data-email-share-track-url=\"http:\/\/yomeunoalretto.org\/?page_id=5055&amp;share=email\"><span><\/span><span class=\"sharing-screen-reader-text\">Haz clic para enviar un enlace por correo electr\u00f3nico a un amigo (Se abre en una ventana nueva)<\/span><\/a><\/li><li><a href=\"#\" class=\"sharing-anchor sd-button share-more\"><span>M\u00e1s<\/span><\/a><\/li><li class=\"share-end\"><\/li><\/ul><div class=\"sharing-hidden\"><div class=\"inner\" style=\"display: none;\"><ul><li class=\"share-linkedin\"><a rel=\"nofollow noopener noreferrer\" data-shared=\"sharing-linkedin-5055\" class=\"share-linkedin sd-button share-icon no-text\" href=\"http:\/\/yomeunoalretto.org\/?page_id=5055&amp;share=linkedin\" target=\"_blank\" title=\"Haz clic para compartir en LinkedIn\" ><span><\/span><span class=\"sharing-screen-reader-text\">Haz clic para compartir en LinkedIn (Se abre en una ventana nueva)<\/span><\/a><\/li><li class=\"share-tumblr\"><a rel=\"nofollow noopener noreferrer\" data-shared=\"\" class=\"share-tumblr sd-button share-icon no-text\" href=\"http:\/\/yomeunoalretto.org\/?page_id=5055&amp;share=tumblr\" target=\"_blank\" title=\"Haz clic para compartir en Tumblr\" ><span><\/span><span class=\"sharing-screen-reader-text\">Haz clic para compartir en Tumblr (Se abre en una ventana nueva)<\/span><\/a><\/li><li class=\"share-end\"><\/li><li class=\"share-reddit\"><a rel=\"nofollow noopener noreferrer\" data-shared=\"\" class=\"share-reddit sd-button share-icon no-text\" href=\"http:\/\/yomeunoalretto.org\/?page_id=5055&amp;share=reddit\" target=\"_blank\" title=\"Haz clic para compartir en Reddit\" ><span><\/span><span class=\"sharing-screen-reader-text\">Haz clic para compartir en Reddit (Se abre en una ventana nueva)<\/span><\/a><\/li><li class=\"share-pocket\"><a rel=\"nofollow noopener noreferrer\" data-shared=\"\" class=\"share-pocket sd-button share-icon no-text\" href=\"http:\/\/yomeunoalretto.org\/?page_id=5055&amp;share=pocket\" target=\"_blank\" title=\"Haz clic para compartir en Pocket\" ><span><\/span><span class=\"sharing-screen-reader-text\">Haz clic para compartir en Pocket (Se abre en una ventana nueva)<\/span><\/a><\/li><li class=\"share-end\"><\/li><li class=\"share-pinterest\"><a rel=\"nofollow noopener noreferrer\" data-shared=\"sharing-pinterest-5055\" class=\"share-pinterest sd-button share-icon no-text\" href=\"http:\/\/yomeunoalretto.org\/?page_id=5055&amp;share=pinterest\" target=\"_blank\" title=\"Haz clic para compartir en Pinterest\" ><span><\/span><span class=\"sharing-screen-reader-text\">Haz clic para compartir en Pinterest (Se abre en una ventana nueva)<\/span><\/a><\/li><li class=\"share-end\"><\/li><\/ul><\/div><\/div><\/div><\/div><\/div>","protected":false},"excerpt":{"rendered":"<p>El pr\u00f3ximo jueves 05 de Septiembre Manuel Odriozola presenta su nueva colecci\u00f3n con un desfile solidario. La gala, a beneficio del s\u00edndrome de Rett, se celebrar\u00e1 en el Hotel Parador Atl\u00e1ntico en la que adem\u00e1s contar\u00e1 con la actuaci\u00f3n de comparsa &#8216;Los Carn\u00edvales&#8217; de Antonio Mart\u00ednez Ares. Esta cita contar\u00e1 como invitada especial con la [&hellip;]<\/p>\n<div class=\"sharedaddy sd-sharing-enabled\"><div class=\"robots-nocontent sd-block sd-social sd-social-icon sd-sharing\"><h3 class=\"sd-title\">Comparte esto:<\/h3><div class=\"sd-content\"><ul><li class=\"share-facebook\"><a rel=\"nofollow noopener noreferrer\" data-shared=\"sharing-facebook-5055\" class=\"share-facebook sd-button share-icon no-text\" href=\"http:\/\/yomeunoalretto.org\/?page_id=5055&amp;share=facebook\" target=\"_blank\" title=\"Haz clic para compartir en Facebook\" ><span><\/span><span class=\"sharing-screen-reader-text\">Haz clic para compartir en Facebook (Se abre en una ventana nueva)<\/span><\/a><\/li><li class=\"share-twitter\"><a rel=\"nofollow noopener noreferrer\" data-shared=\"sharing-twitter-5055\" class=\"share-twitter sd-button share-icon no-text\" href=\"http:\/\/yomeunoalretto.org\/?page_id=5055&amp;share=twitter\" target=\"_blank\" title=\"Haz clic para compartir en Twitter\" ><span><\/span><span class=\"sharing-screen-reader-text\">Haz clic para compartir en Twitter (Se abre en una ventana nueva)<\/span><\/a><\/li><li class=\"share-print\"><a rel=\"nofollow noopener noreferrer\" data-shared=\"\" class=\"share-print sd-button share-icon no-text\" href=\"http:\/\/yomeunoalretto.org\/?page_id=5055\" target=\"_blank\" title=\"Haz clic para imprimir\" ><span><\/span><span class=\"sharing-screen-reader-text\">Haz clic para imprimir (Se abre en una ventana nueva)<\/span><\/a><\/li><li class=\"share-email\"><a rel=\"nofollow noopener noreferrer\" data-shared=\"\" class=\"share-email sd-button share-icon no-text\" href=\"mailto:?subject=%5BEntrada%20compartida%5D%20Gala%20Solidaria%20de%20Manuel%20Odriozola%20a%20favor%20del%20S%C3%ADndrome%20de%20Rett&body=http%3A%2F%2Fyomeunoalretto.org%2F%3Fpage_id%3D5055&share=email\" target=\"_blank\" title=\"Haz clic para enviar un enlace por correo electr\u00f3nico a un amigo\" data-email-share-error-title=\"\u00bfTienes un correo electr\u00f3nico configurado?\" data-email-share-error-text=\"Si tienes problemas al compartir por correo electr\u00f3nico, es posible que sea porque no tengas un correo electr\u00f3nico configurado en tu navegador. Puede que tengas que crear un nuevo correo electr\u00f3nico t\u00fa mismo.\" data-email-share-nonce=\"d894ea2d31\" data-email-share-track-url=\"http:\/\/yomeunoalretto.org\/?page_id=5055&amp;share=email\"><span><\/span><span class=\"sharing-screen-reader-text\">Haz clic para enviar un enlace por correo electr\u00f3nico a un amigo (Se abre en una ventana nueva)<\/span><\/a><\/li><li><a href=\"#\" class=\"sharing-anchor sd-button share-more\"><span>M\u00e1s<\/span><\/a><\/li><li class=\"share-end\"><\/li><\/ul><div class=\"sharing-hidden\"><div class=\"inner\" style=\"display: none;\"><ul><li class=\"share-linkedin\"><a rel=\"nofollow noopener noreferrer\" data-shared=\"sharing-linkedin-5055\" class=\"share-linkedin sd-button share-icon no-text\" href=\"http:\/\/yomeunoalretto.org\/?page_id=5055&amp;share=linkedin\" target=\"_blank\" title=\"Haz clic para compartir en LinkedIn\" ><span><\/span><span class=\"sharing-screen-reader-text\">Haz clic para compartir en LinkedIn (Se abre en una ventana nueva)<\/span><\/a><\/li><li class=\"share-tumblr\"><a rel=\"nofollow noopener noreferrer\" data-shared=\"\" class=\"share-tumblr sd-button share-icon no-text\" href=\"http:\/\/yomeunoalretto.org\/?page_id=5055&amp;share=tumblr\" target=\"_blank\" title=\"Haz clic para compartir en Tumblr\" ><span><\/span><span class=\"sharing-screen-reader-text\">Haz clic para compartir en Tumblr (Se abre en una ventana nueva)<\/span><\/a><\/li><li class=\"share-end\"><\/li><li class=\"share-reddit\"><a rel=\"nofollow noopener noreferrer\" data-shared=\"\" class=\"share-reddit sd-button share-icon no-text\" href=\"http:\/\/yomeunoalretto.org\/?page_id=5055&amp;share=reddit\" target=\"_blank\" title=\"Haz clic para compartir en Reddit\" ><span><\/span><span class=\"sharing-screen-reader-text\">Haz clic para compartir en Reddit (Se abre en una ventana nueva)<\/span><\/a><\/li><li class=\"share-pocket\"><a rel=\"nofollow noopener noreferrer\" data-shared=\"\" class=\"share-pocket sd-button share-icon no-text\" href=\"http:\/\/yomeunoalretto.org\/?page_id=5055&amp;share=pocket\" target=\"_blank\" title=\"Haz clic para compartir en Pocket\" ><span><\/span><span class=\"sharing-screen-reader-text\">Haz clic para compartir en Pocket (Se abre en una ventana nueva)<\/span><\/a><\/li><li class=\"share-end\"><\/li><li class=\"share-pinterest\"><a rel=\"nofollow noopener noreferrer\" data-shared=\"sharing-pinterest-5055\" class=\"share-pinterest sd-button share-icon no-text\" href=\"http:\/\/yomeunoalretto.org\/?page_id=5055&amp;share=pinterest\" target=\"_blank\" title=\"Haz clic para compartir en Pinterest\" ><span><\/span><span class=\"sharing-screen-reader-text\">Haz clic para compartir en Pinterest (Se abre en una ventana nueva)<\/span><\/a><\/li><li class=\"share-end\"><\/li><\/ul><\/div><\/div><\/div><\/div><\/div>","protected":false},"author":1,"featured_media":0,"parent":0,"menu_order":0,"comment_status":"closed","ping_status":"closed","template":"","meta":[],"jetpack_shortlink":"https:\/\/wp.me\/P4JzDn-1jx","jetpack_sharing_enabled":true,"_links":{"self":[{"href":"http:\/\/yomeunoalretto.org\/index.php?rest_route=\/wp\/v2\/pages\/5055"}],"collection":[{"href":"http:\/\/yomeunoalretto.org\/index.php?rest_route=\/wp\/v2\/pages"}],"about":[{"href":"http:\/\/yomeunoalretto.org\/index.php?rest_route=\/wp\/v2\/types\/page"}],"author":[{"embeddable":true,"href":"http:\/\/yomeunoalretto.org\/index.php?rest_route=\/wp\/v2\/users\/1"}],"replies":[{"embeddable":true,"href":"http:\/\/yomeunoalretto.org\/index.php?rest_route=%2Fwp%2Fv2%2Fcomments&post=5055"}],"version-history":[{"count":4,"href":"http:\/\/yomeunoalretto.org\/index.php?rest_route=\/wp\/v2\/pages\/5055\/revisions"}],"predecessor-version":[{"id":5060,"href":"http:\/\/yomeunoalretto.org\/index.php?rest_route=\/wp\/v2\/pages\/5055\/revisions\/5060"}],"wp:attachment":[{"href":"http:\/\/yomeunoalretto.org\/index.php?rest_route=%2Fwp%2Fv2%2Fmedia&parent=5055"}],"curies":[{"name":"wp","href":"https:\/\/api.w.org\/{rel}","templated":true}]}}