{"id":5008,"date":"2019-05-17T12:02:22","date_gmt":"2019-05-17T11:02:22","guid":{"rendered":"http:\/\/yomeunoalretto.org\/?page_id=5008"},"modified":"2019-09-12T11:11:50","modified_gmt":"2019-09-12T10:11:50","slug":"ford-motores-cadiz-kilometros-que-cuentan","status":"publish","type":"page","link":"http:\/\/yomeunoalretto.org\/?page_id=5008","title":{"rendered":"Ford Motores C\u00e1diz, Kil\u00f3metros que cuentan."},"content":{"rendered":"<p>El pasado 20 de Marzo, tuvimos la fortuna de asistir al acto de entrega del cheque por valor de 2.780 \u20acuros, que la plantilla y clientes de <a href=\"http:\/\/www.motorescadiz.com\/\" target=\"_blank\" rel=\"noopener noreferrer\"><strong><span style=\"color: #3366ff;\">Ford Motores C\u00e1diz<\/span> <\/strong><\/a>consiguieron recaudar a favor de la causa <strong>Yo me uno al Retto<\/strong>.<\/p>\n<p><img data-attachment-id=\"5383\" data-permalink=\"http:\/\/yomeunoalretto.org\/?attachment_id=5383\" data-orig-file=\"http:\/\/yomeunoalretto.org\/wp-content\/uploads\/2019\/09\/Captura2.jpg\" data-orig-size=\"553,381\" data-comments-opened=\"1\" data-image-meta=\"{&quot;aperture&quot;:&quot;0&quot;,&quot;credit&quot;:&quot;plg&quot;,&quot;camera&quot;:&quot;&quot;,&quot;caption&quot;:&quot;&quot;,&quot;created_timestamp&quot;:&quot;1568290005&quot;,&quot;copyright&quot;:&quot;&quot;,&quot;focal_length&quot;:&quot;0&quot;,&quot;iso&quot;:&quot;0&quot;,&quot;shutter_speed&quot;:&quot;0&quot;,&quot;title&quot;:&quot;&quot;,&quot;orientation&quot;:&quot;0&quot;}\" data-image-title=\"Captura2\" data-image-description=\"\" data-image-caption=\"\" data-medium-file=\"http:\/\/yomeunoalretto.org\/wp-content\/uploads\/2019\/09\/Captura2-250x172.jpg\" data-large-file=\"http:\/\/yomeunoalretto.org\/wp-content\/uploads\/2019\/09\/Captura2.jpg\" decoding=\"async\" loading=\"lazy\" class=\"  wp-image-5383 alignleft\" src=\"http:\/\/yomeunoalretto.org\/wp-content\/uploads\/2019\/09\/Captura2.jpg\" alt=\"Captura2\" width=\"367\" height=\"253\" srcset=\"http:\/\/yomeunoalretto.org\/wp-content\/uploads\/2019\/09\/Captura2.jpg 553w, http:\/\/yomeunoalretto.org\/wp-content\/uploads\/2019\/09\/Captura2-250x172.jpg 250w, http:\/\/yomeunoalretto.org\/wp-content\/uploads\/2019\/09\/Captura2-216x149.jpg 216w\" sizes=\"(max-width: 367px) 100vw, 367px\" \/><\/p>\n<p>Esta cantidad es el resultado de su prueba solidaria: &#8216;Kil\u00f3metros que cuentan&#8217; y que ha consistido en una <strong>donaci\u00f3n de cinco euros por cada cliente que probaba un coche nuevo<\/strong>. Hasta 556 coches se han probado durante el \u00faltimo semestre de 2018 en los concesionarios de C\u00e1diz, Algeciras, Chiclana y El Puerto de Santa Mar\u00eda.<\/p>\n<p>El equipo de venta se ha involucrado tanto con la causa que contaban como an\u00e9cdota que tras explicarles en qu\u00e9 consist\u00eda el <strong>S\u00edndrome de Rett<\/strong> muchos clientes sacaban de sus bolsillos los cinco euros que se destinaban a esta causa, siendo despu\u00e9s informados de que ese dinero sal\u00eda de cada prueba y no ten\u00edan que darlo ellos.<\/p>\n<p>Hasta el concesionario gaditano se acercaron numerosas personas para agradecer esta donaci\u00f3n entre <strong>ellos el actual concejal del ayuntamiento de C\u00e1diz y candidato a la alcald\u00eda por el Partido Popular, Juancho O<\/strong><strong>rtiz<\/strong>.<\/p>\n<p><strong>Trinidad Caballero, (<\/strong>La secretaria de la asociaci\u00f3n, ) <strong>agradec\u00eda a la dir<\/strong><strong>ectora comercial de Ford, Francisca Montero<\/strong>, que se haya dado visibilidad a esta enfermedad rara que afecta a 1 de cada <strong>10.000-15.000 ni\u00f1as nacidas sanas<\/strong> y que causa pluridiscapacidad a partir del a\u00f1o y medio de vida que es cuando aparece. Hasta entonces su desarrollo es normal pero este s\u00edndrome les roba su voz y todo lo aprendido de la noche a la ma\u00f1ana.<\/p>\n<p><img data-attachment-id=\"5385\" data-permalink=\"http:\/\/yomeunoalretto.org\/?attachment_id=5385\" data-orig-file=\"http:\/\/yomeunoalretto.org\/wp-content\/uploads\/2019\/09\/Captura3.jpg\" data-orig-size=\"451,367\" data-comments-opened=\"1\" data-image-meta=\"{&quot;aperture&quot;:&quot;0&quot;,&quot;credit&quot;:&quot;plg&quot;,&quot;camera&quot;:&quot;&quot;,&quot;caption&quot;:&quot;&quot;,&quot;created_timestamp&quot;:&quot;1568290152&quot;,&quot;copyright&quot;:&quot;&quot;,&quot;focal_length&quot;:&quot;0&quot;,&quot;iso&quot;:&quot;0&quot;,&quot;shutter_speed&quot;:&quot;0&quot;,&quot;title&quot;:&quot;&quot;,&quot;orientation&quot;:&quot;0&quot;}\" data-image-title=\"Captura3\" data-image-description=\"\" data-image-caption=\"\" data-medium-file=\"http:\/\/yomeunoalretto.org\/wp-content\/uploads\/2019\/09\/Captura3-250x203.jpg\" data-large-file=\"http:\/\/yomeunoalretto.org\/wp-content\/uploads\/2019\/09\/Captura3.jpg\" decoding=\"async\" loading=\"lazy\" class=\"  wp-image-5385 alignright\" src=\"http:\/\/yomeunoalretto.org\/wp-content\/uploads\/2019\/09\/Captura3.jpg\" alt=\"Captura3\" width=\"291\" height=\"237\" srcset=\"http:\/\/yomeunoalretto.org\/wp-content\/uploads\/2019\/09\/Captura3.jpg 451w, http:\/\/yomeunoalretto.org\/wp-content\/uploads\/2019\/09\/Captura3-250x203.jpg 250w, http:\/\/yomeunoalretto.org\/wp-content\/uploads\/2019\/09\/Captura3-206x168.jpg 206w\" sizes=\"(max-width: 291px) 100vw, 291px\" \/><\/p>\n<p>Desde la asociaci\u00f3n gaditana creemos necesario continuar con la misma iniciativa de la prueba &#8216;Kil\u00f3metros que cuentan&#8217; tenia de ayudar a las asociaciones y comunidades cercanas a las instalaciones de la concesionaria de Ford y, <strong>por vez primera destinaremos este dinero a dos fines sociales que repercutan a los y las afectados por el S\u00edndrome de Rett en la Provincia de C\u00e1diz. <\/strong>Por un lado, creemos necesario abrir una partida para la <strong>adquisici\u00f3n de material adaptado para el centro espec\u00edfico de <a href=\"http:\/\/upacesanfernando.org\/\" target=\"_blank\" rel=\"noopener noreferrer\"><span style=\"color: #ff0000;\">Upace en San Fernando<\/span><\/a>. <\/strong>Se ha elegido este centro por darse la circunstancia de tener a cuatro afectadas escolarizadas en el centro, situaci\u00f3n bastante peculiar dada la escasa prevalencia de la enfermedad que se concentre este numero de afectadas en un solo centro.<\/p>\n<p>Por otra parte, tambi\u00e9n se ha decidido usar otra partida del dinero recaudado <strong>a abrir una beca de ayudas para cubrir las terapias de rehabilitaci\u00f3n<\/strong> que necesitan las afectadas que as\u00ed lo requieran, de las que en breve os informaremos de c\u00f3mo acceder a ellas.<\/p>\n<p>Desde estas l\u00edneas queremos agradecer de nuevo tanto a plantilla, clientes y directiva de Ford Motores C\u00e1diz por tan generosa iniciativa y preocuparse por los y las afectados por el S\u00edndrome de Rett. As\u00ed como por acogernos en su concesionario donde tuvimos ocasi\u00f3n de conocernos y poder compartir una jornada solidaria inolvidable.<b><\/b><\/p>\n<div class=\"sharedaddy sd-sharing-enabled\"><div class=\"robots-nocontent sd-block sd-social sd-social-icon sd-sharing\"><h3 class=\"sd-title\">Comparte esto:<\/h3><div class=\"sd-content\"><ul><li class=\"share-facebook\"><a rel=\"nofollow noopener noreferrer\" data-shared=\"sharing-facebook-5008\" class=\"share-facebook sd-button share-icon no-text\" href=\"http:\/\/yomeunoalretto.org\/?page_id=5008&amp;share=facebook\" target=\"_blank\" title=\"Haz clic para compartir en Facebook\" ><span><\/span><span class=\"sharing-screen-reader-text\">Haz clic para compartir en Facebook (Se abre en una ventana nueva)<\/span><\/a><\/li><li class=\"share-twitter\"><a rel=\"nofollow noopener noreferrer\" data-shared=\"sharing-twitter-5008\" class=\"share-twitter sd-button share-icon no-text\" href=\"http:\/\/yomeunoalretto.org\/?page_id=5008&amp;share=twitter\" target=\"_blank\" title=\"Haz clic para compartir en Twitter\" ><span><\/span><span class=\"sharing-screen-reader-text\">Haz clic para compartir en Twitter (Se abre en una ventana nueva)<\/span><\/a><\/li><li class=\"share-print\"><a rel=\"nofollow noopener noreferrer\" data-shared=\"\" class=\"share-print sd-button share-icon no-text\" href=\"http:\/\/yomeunoalretto.org\/?page_id=5008\" target=\"_blank\" title=\"Haz clic para imprimir\" ><span><\/span><span class=\"sharing-screen-reader-text\">Haz clic para imprimir (Se abre en una ventana nueva)<\/span><\/a><\/li><li class=\"share-email\"><a rel=\"nofollow noopener noreferrer\" data-shared=\"\" class=\"share-email sd-button share-icon no-text\" href=\"mailto:?subject=%5BEntrada%20compartida%5D%20Ford%20Motores%20C%C3%A1diz%2C%20Kil%C3%B3metros%20que%20cuentan.&body=http%3A%2F%2Fyomeunoalretto.org%2F%3Fpage_id%3D5008&share=email\" target=\"_blank\" title=\"Haz clic para enviar un enlace por correo electr\u00f3nico a un amigo\" data-email-share-error-title=\"\u00bfTienes un correo electr\u00f3nico configurado?\" data-email-share-error-text=\"Si tienes problemas al compartir por correo electr\u00f3nico, es posible que sea porque no tengas un correo electr\u00f3nico configurado en tu navegador. Puede que tengas que crear un nuevo correo electr\u00f3nico t\u00fa mismo.\" data-email-share-nonce=\"5ba1928770\" data-email-share-track-url=\"http:\/\/yomeunoalretto.org\/?page_id=5008&amp;share=email\"><span><\/span><span class=\"sharing-screen-reader-text\">Haz clic para enviar un enlace por correo electr\u00f3nico a un amigo (Se abre en una ventana nueva)<\/span><\/a><\/li><li><a href=\"#\" class=\"sharing-anchor sd-button share-more\"><span>M\u00e1s<\/span><\/a><\/li><li class=\"share-end\"><\/li><\/ul><div class=\"sharing-hidden\"><div class=\"inner\" style=\"display: none;\"><ul><li class=\"share-linkedin\"><a rel=\"nofollow noopener noreferrer\" data-shared=\"sharing-linkedin-5008\" class=\"share-linkedin sd-button share-icon no-text\" href=\"http:\/\/yomeunoalretto.org\/?page_id=5008&amp;share=linkedin\" target=\"_blank\" title=\"Haz clic para compartir en LinkedIn\" ><span><\/span><span class=\"sharing-screen-reader-text\">Haz clic para compartir en LinkedIn (Se abre en una ventana nueva)<\/span><\/a><\/li><li class=\"share-tumblr\"><a rel=\"nofollow noopener noreferrer\" data-shared=\"\" class=\"share-tumblr sd-button share-icon no-text\" href=\"http:\/\/yomeunoalretto.org\/?page_id=5008&amp;share=tumblr\" target=\"_blank\" title=\"Haz clic para compartir en Tumblr\" ><span><\/span><span class=\"sharing-screen-reader-text\">Haz clic para compartir en Tumblr (Se abre en una ventana nueva)<\/span><\/a><\/li><li class=\"share-end\"><\/li><li class=\"share-reddit\"><a rel=\"nofollow noopener noreferrer\" data-shared=\"\" class=\"share-reddit sd-button share-icon no-text\" href=\"http:\/\/yomeunoalretto.org\/?page_id=5008&amp;share=reddit\" target=\"_blank\" title=\"Haz clic para compartir en Reddit\" ><span><\/span><span class=\"sharing-screen-reader-text\">Haz clic para compartir en Reddit (Se abre en una ventana nueva)<\/span><\/a><\/li><li class=\"share-pocket\"><a rel=\"nofollow noopener noreferrer\" data-shared=\"\" class=\"share-pocket sd-button share-icon no-text\" href=\"http:\/\/yomeunoalretto.org\/?page_id=5008&amp;share=pocket\" target=\"_blank\" title=\"Haz clic para compartir en Pocket\" ><span><\/span><span class=\"sharing-screen-reader-text\">Haz clic para compartir en Pocket (Se abre en una ventana nueva)<\/span><\/a><\/li><li class=\"share-end\"><\/li><li class=\"share-pinterest\"><a rel=\"nofollow noopener noreferrer\" data-shared=\"sharing-pinterest-5008\" class=\"share-pinterest sd-button share-icon no-text\" href=\"http:\/\/yomeunoalretto.org\/?page_id=5008&amp;share=pinterest\" target=\"_blank\" title=\"Haz clic para compartir en Pinterest\" ><span><\/span><span class=\"sharing-screen-reader-text\">Haz clic para compartir en Pinterest (Se abre en una ventana nueva)<\/span><\/a><\/li><li class=\"share-end\"><\/li><\/ul><\/div><\/div><\/div><\/div><\/div>","protected":false},"excerpt":{"rendered":"<p>El pasado 20 de Marzo, tuvimos la fortuna de asistir al acto de entrega del cheque por valor de 2.780 \u20acuros, que la plantilla y clientes de Ford Motores C\u00e1diz consiguieron recaudar a favor de la causa Yo me uno al Retto. Esta cantidad es el resultado de su prueba solidaria: &#8216;Kil\u00f3metros que cuentan&#8217; y [&hellip;]<\/p>\n<div class=\"sharedaddy sd-sharing-enabled\"><div class=\"robots-nocontent sd-block sd-social sd-social-icon sd-sharing\"><h3 class=\"sd-title\">Comparte esto:<\/h3><div class=\"sd-content\"><ul><li class=\"share-facebook\"><a rel=\"nofollow noopener noreferrer\" data-shared=\"sharing-facebook-5008\" class=\"share-facebook sd-button share-icon no-text\" href=\"http:\/\/yomeunoalretto.org\/?page_id=5008&amp;share=facebook\" target=\"_blank\" title=\"Haz clic para compartir en Facebook\" ><span><\/span><span class=\"sharing-screen-reader-text\">Haz clic para compartir en Facebook (Se abre en una ventana nueva)<\/span><\/a><\/li><li class=\"share-twitter\"><a rel=\"nofollow noopener noreferrer\" data-shared=\"sharing-twitter-5008\" class=\"share-twitter sd-button share-icon no-text\" href=\"http:\/\/yomeunoalretto.org\/?page_id=5008&amp;share=twitter\" target=\"_blank\" title=\"Haz clic para compartir en Twitter\" ><span><\/span><span class=\"sharing-screen-reader-text\">Haz clic para compartir en Twitter (Se abre en una ventana nueva)<\/span><\/a><\/li><li class=\"share-print\"><a rel=\"nofollow noopener noreferrer\" data-shared=\"\" class=\"share-print sd-button share-icon no-text\" href=\"http:\/\/yomeunoalretto.org\/?page_id=5008\" target=\"_blank\" title=\"Haz clic para imprimir\" ><span><\/span><span class=\"sharing-screen-reader-text\">Haz clic para imprimir (Se abre en una ventana nueva)<\/span><\/a><\/li><li class=\"share-email\"><a rel=\"nofollow noopener noreferrer\" data-shared=\"\" class=\"share-email sd-button share-icon no-text\" href=\"mailto:?subject=%5BEntrada%20compartida%5D%20Ford%20Motores%20C%C3%A1diz%2C%20Kil%C3%B3metros%20que%20cuentan.&body=http%3A%2F%2Fyomeunoalretto.org%2F%3Fpage_id%3D5008&share=email\" target=\"_blank\" title=\"Haz clic para enviar un enlace por correo electr\u00f3nico a un amigo\" data-email-share-error-title=\"\u00bfTienes un correo electr\u00f3nico configurado?\" data-email-share-error-text=\"Si tienes problemas al compartir por correo electr\u00f3nico, es posible que sea porque no tengas un correo electr\u00f3nico configurado en tu navegador. Puede que tengas que crear un nuevo correo electr\u00f3nico t\u00fa mismo.\" data-email-share-nonce=\"5ba1928770\" data-email-share-track-url=\"http:\/\/yomeunoalretto.org\/?page_id=5008&amp;share=email\"><span><\/span><span class=\"sharing-screen-reader-text\">Haz clic para enviar un enlace por correo electr\u00f3nico a un amigo (Se abre en una ventana nueva)<\/span><\/a><\/li><li><a href=\"#\" class=\"sharing-anchor sd-button share-more\"><span>M\u00e1s<\/span><\/a><\/li><li class=\"share-end\"><\/li><\/ul><div class=\"sharing-hidden\"><div class=\"inner\" style=\"display: none;\"><ul><li class=\"share-linkedin\"><a rel=\"nofollow noopener noreferrer\" data-shared=\"sharing-linkedin-5008\" class=\"share-linkedin sd-button share-icon no-text\" href=\"http:\/\/yomeunoalretto.org\/?page_id=5008&amp;share=linkedin\" target=\"_blank\" title=\"Haz clic para compartir en LinkedIn\" ><span><\/span><span class=\"sharing-screen-reader-text\">Haz clic para compartir en LinkedIn (Se abre en una ventana nueva)<\/span><\/a><\/li><li class=\"share-tumblr\"><a rel=\"nofollow noopener noreferrer\" data-shared=\"\" class=\"share-tumblr sd-button share-icon no-text\" href=\"http:\/\/yomeunoalretto.org\/?page_id=5008&amp;share=tumblr\" target=\"_blank\" title=\"Haz clic para compartir en Tumblr\" ><span><\/span><span class=\"sharing-screen-reader-text\">Haz clic para compartir en Tumblr (Se abre en una ventana nueva)<\/span><\/a><\/li><li class=\"share-end\"><\/li><li class=\"share-reddit\"><a rel=\"nofollow noopener noreferrer\" data-shared=\"\" class=\"share-reddit sd-button share-icon no-text\" href=\"http:\/\/yomeunoalretto.org\/?page_id=5008&amp;share=reddit\" target=\"_blank\" title=\"Haz clic para compartir en Reddit\" ><span><\/span><span class=\"sharing-screen-reader-text\">Haz clic para compartir en Reddit (Se abre en una ventana nueva)<\/span><\/a><\/li><li class=\"share-pocket\"><a rel=\"nofollow noopener noreferrer\" data-shared=\"\" class=\"share-pocket sd-button share-icon no-text\" href=\"http:\/\/yomeunoalretto.org\/?page_id=5008&amp;share=pocket\" target=\"_blank\" title=\"Haz clic para compartir en Pocket\" ><span><\/span><span class=\"sharing-screen-reader-text\">Haz clic para compartir en Pocket (Se abre en una ventana nueva)<\/span><\/a><\/li><li class=\"share-end\"><\/li><li class=\"share-pinterest\"><a rel=\"nofollow noopener noreferrer\" data-shared=\"sharing-pinterest-5008\" class=\"share-pinterest sd-button share-icon no-text\" href=\"http:\/\/yomeunoalretto.org\/?page_id=5008&amp;share=pinterest\" target=\"_blank\" title=\"Haz clic para compartir en Pinterest\" ><span><\/span><span class=\"sharing-screen-reader-text\">Haz clic para compartir en Pinterest (Se abre en una ventana nueva)<\/span><\/a><\/li><li class=\"share-end\"><\/li><\/ul><\/div><\/div><\/div><\/div><\/div>","protected":false},"author":1,"featured_media":0,"parent":0,"menu_order":0,"comment_status":"closed","ping_status":"closed","template":"","meta":[],"jetpack_shortlink":"https:\/\/wp.me\/P4JzDn-1iM","jetpack_sharing_enabled":true,"_links":{"self":[{"href":"http:\/\/yomeunoalretto.org\/index.php?rest_route=\/wp\/v2\/pages\/5008"}],"collection":[{"href":"http:\/\/yomeunoalretto.org\/index.php?rest_route=\/wp\/v2\/pages"}],"about":[{"href":"http:\/\/yomeunoalretto.org\/index.php?rest_route=\/wp\/v2\/types\/page"}],"author":[{"embeddable":true,"href":"http:\/\/yomeunoalretto.org\/index.php?rest_route=\/wp\/v2\/users\/1"}],"replies":[{"embeddable":true,"href":"http:\/\/yomeunoalretto.org\/index.php?rest_route=%2Fwp%2Fv2%2Fcomments&post=5008"}],"version-history":[{"count":5,"href":"http:\/\/yomeunoalretto.org\/index.php?rest_route=\/wp\/v2\/pages\/5008\/revisions"}],"predecessor-version":[{"id":5386,"href":"http:\/\/yomeunoalretto.org\/index.php?rest_route=\/wp\/v2\/pages\/5008\/revisions\/5386"}],"wp:attachment":[{"href":"http:\/\/yomeunoalretto.org\/index.php?rest_route=%2Fwp%2Fv2%2Fmedia&parent=5008"}],"curies":[{"name":"wp","href":"https:\/\/api.w.org\/{rel}","templated":true}]}}