{"id":4509,"date":"2017-08-15T00:51:26","date_gmt":"2017-08-14T23:51:26","guid":{"rendered":"http:\/\/yomeunoalretto.org\/?page_id=4509"},"modified":"2017-08-18T08:51:56","modified_gmt":"2017-08-18T07:51:56","slug":"03-septiembre-2017-1000-iii-carrera-popular-por-el-sindrome-de-rett-yomeunoalretto","status":"publish","type":"page","link":"http:\/\/yomeunoalretto.org\/?page_id=4509","title":{"rendered":"03 Septiembre 2017 10:00 \/ III Carrera Popular por el S\u00edndrome de Rett #YomeunoalRetto"},"content":{"rendered":"<p><img data-attachment-id=\"4552\" data-permalink=\"http:\/\/yomeunoalretto.org\/?attachment_id=4552\" data-orig-file=\"http:\/\/yomeunoalretto.org\/wp-content\/uploads\/2017\/08\/cartel-revision.jpg\" data-orig-size=\"3427,4598\" data-comments-opened=\"1\" data-image-meta=\"{&quot;aperture&quot;:&quot;0&quot;,&quot;credit&quot;:&quot;Publiprenda&quot;,&quot;camera&quot;:&quot;&quot;,&quot;caption&quot;:&quot;&quot;,&quot;created_timestamp&quot;:&quot;1502363109&quot;,&quot;copyright&quot;:&quot;&quot;,&quot;focal_length&quot;:&quot;0&quot;,&quot;iso&quot;:&quot;0&quot;,&quot;shutter_speed&quot;:&quot;0&quot;,&quot;title&quot;:&quot;&quot;,&quot;orientation&quot;:&quot;1&quot;}\" data-image-title=\"cartel revision\" data-image-description=\"\" data-image-caption=\"\" data-medium-file=\"http:\/\/yomeunoalretto.org\/wp-content\/uploads\/2017\/08\/cartel-revision-186x250.jpg\" data-large-file=\"http:\/\/yomeunoalretto.org\/wp-content\/uploads\/2017\/08\/cartel-revision-763x1024.jpg\" decoding=\"async\" loading=\"lazy\" class=\"size-medium wp-image-4552 alignright\" src=\"http:\/\/yomeunoalretto.org\/wp-content\/uploads\/2017\/08\/cartel-revision-186x250.jpg\" alt=\"\" width=\"186\" height=\"250\" srcset=\"http:\/\/yomeunoalretto.org\/wp-content\/uploads\/2017\/08\/cartel-revision-186x250.jpg 186w, http:\/\/yomeunoalretto.org\/wp-content\/uploads\/2017\/08\/cartel-revision-768x1030.jpg 768w, http:\/\/yomeunoalretto.org\/wp-content\/uploads\/2017\/08\/cartel-revision-763x1024.jpg 763w, http:\/\/yomeunoalretto.org\/wp-content\/uploads\/2017\/08\/cartel-revision-125x168.jpg 125w\" sizes=\"(max-width: 186px) 100vw, 186px\" \/>Desde la Asociaci\u00f3n Gaditana Yo me uno al Retto, nos complace invitaros a participar en la tercera edici\u00f3n de nuestra carrera solidaria a beneficio de la investigaci\u00f3n del S\u00edndrome de Rett.<\/p>\n<p>La cita: el pr\u00f3ximo Domingo 03 de Septiembre a las 10:00 en el Complejo Deportivo Paco Gallego de Puerto Real.<\/p>\n<p>En esta ocasi\u00f3n, los beneficios ir\u00e1n destinados a <span style=\"color: #993366;\"><a href=\"http:\/\/www.rett.es\/investigacion\/48-convenio-finrett.html\" target=\"_blank\" rel=\"noopener\"><em><strong>FinRett <\/strong><\/em><\/a><\/span> (fondo com\u00fan dirigido a la financiaci\u00f3n de proyectos de investigaci\u00f3n en el S\u00edndrome de Rett dirigido por Asociaci\u00f3n Espa\u00f1ola del S\u00edndrome de Rett y la Asociaci\u00f3n Catalana del S\u00edndrome de Rett)<\/p>\n<p>Toda la informaci\u00f3n de la prueba y su reglamento en el siguiente enlace de <a href=\"http:\/\/cronofinisher.com\/evento\/iii-carrera-popular-por-el-sindrome-de-rett-yo-me-uno-al-retto\/\" target=\"_blank\" rel=\"noopener\"><span style=\"color: #3366ff;\"><strong>Cron<\/strong><strong>ofinisher<\/strong><\/span>,<\/a> empresa l\u00edder en el cronometraje y organizaci\u00f3n de eventos deportivos, que de nuevo colabora con nosotros desinteresadamente.<\/p>\n<p>Estad atentos\u00a0 a nuestra web y redes sociales, que esto no va a ser solo una carrera popular sino que tenemos preparadas m\u00e1s sorpresas.<\/p>\n<p>La prueba se celebrar\u00e1 el\u00a0<strong>03 de Septiembre de 2017<\/strong>, con<strong>\u00a0dos salidas:<\/strong><\/p>\n<p style=\"padding-left: 30px;\"><strong>A las 10:00<\/strong>\u00a0la salida para la prueba competitiva de 10 kil\u00f3metros.<\/p>\n<p style=\"padding-left: 30px;\"><strong>A las 10:10<\/strong>\u00a0la salida para las pruebas no competitivas de 5 kil\u00f3metros, carrera y marcha.<\/p>\n<p style=\"padding-left: 30px;\">Al acabar ambas (estimamos sobre las 11:00), empezaran las pruebas de las categor\u00edas infantiles<\/p>\n<p style=\"padding-left: 30px;\">El evento finalizar\u00e1 sobre las 13:30 con la entrega de premios. Que se encargar\u00e1 de hacer Nacho Lim\u00f3n (Onda Cadiz).<\/p>\n<p>La Organizaci\u00f3n de la carrera y de una marcha popular, que recorrer\u00e1 el parque de Las Canteras de Puerto Real, corresponde a la Asociaci\u00f3n Gaditana Yo me uno al Retto y\u00a0<a href=\"http:\/\/cronofinisher.com\/evento\/iii-carrera-popular-por-el-sindrome-de-rett-yo-me-uno-al-retto\/\" target=\"_blank\" rel=\"noopener\"><strong>Cron<\/strong><strong>ofinisher<\/strong><\/a>, (empresa de cronometraje y organizaci\u00f3n de eventos deportivos) y el Excelent\u00edsimo Ayuntamiento de Puerto Real.<\/p>\n<p>Colaboradores:<\/p>\n<div><img data-attachment-id=\"4532\" data-permalink=\"http:\/\/yomeunoalretto.org\/?attachment_id=4532\" data-orig-file=\"http:\/\/yomeunoalretto.org\/wp-content\/uploads\/2017\/08\/Captura-de-pantalla-2017-08-15-a-las-01.35.29.png\" data-orig-size=\"1211,450\" data-comments-opened=\"1\" data-image-meta=\"{&quot;aperture&quot;:&quot;0&quot;,&quot;credit&quot;:&quot;&quot;,&quot;camera&quot;:&quot;&quot;,&quot;caption&quot;:&quot;&quot;,&quot;created_timestamp&quot;:&quot;0&quot;,&quot;copyright&quot;:&quot;&quot;,&quot;focal_length&quot;:&quot;0&quot;,&quot;iso&quot;:&quot;0&quot;,&quot;shutter_speed&quot;:&quot;0&quot;,&quot;title&quot;:&quot;&quot;,&quot;orientation&quot;:&quot;0&quot;}\" data-image-title=\"Captura de pantalla 2017-08-15 a la(s) 01.35.29\" data-image-description=\"\" data-image-caption=\"\" data-medium-file=\"http:\/\/yomeunoalretto.org\/wp-content\/uploads\/2017\/08\/Captura-de-pantalla-2017-08-15-a-las-01.35.29-250x93.png\" data-large-file=\"http:\/\/yomeunoalretto.org\/wp-content\/uploads\/2017\/08\/Captura-de-pantalla-2017-08-15-a-las-01.35.29-1024x381.png\" decoding=\"async\" loading=\"lazy\" class=\"wp-image-4532 aligncenter\" src=\"http:\/\/yomeunoalretto.org\/wp-content\/uploads\/2017\/08\/Captura-de-pantalla-2017-08-15-a-las-01.35.29-250x93.png\" alt=\"\" width=\"376\" height=\"140\" srcset=\"http:\/\/yomeunoalretto.org\/wp-content\/uploads\/2017\/08\/Captura-de-pantalla-2017-08-15-a-las-01.35.29-250x93.png 250w, http:\/\/yomeunoalretto.org\/wp-content\/uploads\/2017\/08\/Captura-de-pantalla-2017-08-15-a-las-01.35.29-768x285.png 768w, http:\/\/yomeunoalretto.org\/wp-content\/uploads\/2017\/08\/Captura-de-pantalla-2017-08-15-a-las-01.35.29-1024x381.png 1024w, http:\/\/yomeunoalretto.org\/wp-content\/uploads\/2017\/08\/Captura-de-pantalla-2017-08-15-a-las-01.35.29-216x80.png 216w, http:\/\/yomeunoalretto.org\/wp-content\/uploads\/2017\/08\/Captura-de-pantalla-2017-08-15-a-las-01.35.29.png 1211w\" sizes=\"(max-width: 376px) 100vw, 376px\" \/><\/div>\n<p>Patrocinadores:<\/p>\n<p><img data-attachment-id=\"4517\" data-permalink=\"http:\/\/yomeunoalretto.org\/?attachment_id=4517\" data-orig-file=\"http:\/\/yomeunoalretto.org\/wp-content\/uploads\/2017\/08\/\u00edndice-el-curro-nueva.jpg\" data-orig-size=\"1600,1049\" data-comments-opened=\"1\" data-image-meta=\"{&quot;aperture&quot;:&quot;0&quot;,&quot;credit&quot;:&quot;&quot;,&quot;camera&quot;:&quot;&quot;,&quot;caption&quot;:&quot;&quot;,&quot;created_timestamp&quot;:&quot;0&quot;,&quot;copyright&quot;:&quot;&quot;,&quot;focal_length&quot;:&quot;0&quot;,&quot;iso&quot;:&quot;0&quot;,&quot;shutter_speed&quot;:&quot;0&quot;,&quot;title&quot;:&quot;&quot;,&quot;orientation&quot;:&quot;0&quot;}\" data-image-title=\"\u00edndice el curro nueva\" data-image-description=\"\" data-image-caption=\"\" data-medium-file=\"http:\/\/yomeunoalretto.org\/wp-content\/uploads\/2017\/08\/\u00edndice-el-curro-nueva-250x164.jpg\" data-large-file=\"http:\/\/yomeunoalretto.org\/wp-content\/uploads\/2017\/08\/\u00edndice-el-curro-nueva-1024x671.jpg\" decoding=\"async\" loading=\"lazy\" class=\"wp-image-4517 size-medium alignnone\" src=\"http:\/\/yomeunoalretto.org\/wp-content\/uploads\/2017\/08\/\u00edndice-el-curro-nueva-250x164.jpg\" alt=\"\" width=\"250\" height=\"164\" srcset=\"http:\/\/yomeunoalretto.org\/wp-content\/uploads\/2017\/08\/\u00edndice-el-curro-nueva-250x164.jpg 250w, http:\/\/yomeunoalretto.org\/wp-content\/uploads\/2017\/08\/\u00edndice-el-curro-nueva-768x504.jpg 768w, http:\/\/yomeunoalretto.org\/wp-content\/uploads\/2017\/08\/\u00edndice-el-curro-nueva-1024x671.jpg 1024w, http:\/\/yomeunoalretto.org\/wp-content\/uploads\/2017\/08\/\u00edndice-el-curro-nueva-216x142.jpg 216w, http:\/\/yomeunoalretto.org\/wp-content\/uploads\/2017\/08\/\u00edndice-el-curro-nueva.jpg 1600w\" sizes=\"(max-width: 250px) 100vw, 250px\" \/><img data-attachment-id=\"4523\" data-permalink=\"http:\/\/yomeunoalretto.org\/?attachment_id=4523\" data-orig-file=\"http:\/\/yomeunoalretto.org\/wp-content\/uploads\/2017\/08\/Captura-de-pantalla-2017-08-03-a-las-06.29.34.png\" data-orig-size=\"345,122\" data-comments-opened=\"1\" data-image-meta=\"{&quot;aperture&quot;:&quot;0&quot;,&quot;credit&quot;:&quot;&quot;,&quot;camera&quot;:&quot;&quot;,&quot;caption&quot;:&quot;&quot;,&quot;created_timestamp&quot;:&quot;0&quot;,&quot;copyright&quot;:&quot;&quot;,&quot;focal_length&quot;:&quot;0&quot;,&quot;iso&quot;:&quot;0&quot;,&quot;shutter_speed&quot;:&quot;0&quot;,&quot;title&quot;:&quot;&quot;,&quot;orientation&quot;:&quot;0&quot;}\" data-image-title=\"Captura de pantalla 2017-08-03 a la(s) 06.29.34\" data-image-description=\"\" data-image-caption=\"\" data-medium-file=\"http:\/\/yomeunoalretto.org\/wp-content\/uploads\/2017\/08\/Captura-de-pantalla-2017-08-03-a-las-06.29.34-250x88.png\" data-large-file=\"http:\/\/yomeunoalretto.org\/wp-content\/uploads\/2017\/08\/Captura-de-pantalla-2017-08-03-a-las-06.29.34.png\" decoding=\"async\" loading=\"lazy\" class=\" wp-image-4523 alignright\" src=\"http:\/\/yomeunoalretto.org\/wp-content\/uploads\/2017\/08\/Captura-de-pantalla-2017-08-03-a-las-06.29.34-250x88.png\" alt=\"\" width=\"281\" height=\"99\" srcset=\"http:\/\/yomeunoalretto.org\/wp-content\/uploads\/2017\/08\/Captura-de-pantalla-2017-08-03-a-las-06.29.34-250x88.png 250w, http:\/\/yomeunoalretto.org\/wp-content\/uploads\/2017\/08\/Captura-de-pantalla-2017-08-03-a-las-06.29.34-216x76.png 216w, http:\/\/yomeunoalretto.org\/wp-content\/uploads\/2017\/08\/Captura-de-pantalla-2017-08-03-a-las-06.29.34.png 345w\" sizes=\"(max-width: 281px) 100vw, 281px\" \/><\/p>\n<p>&nbsp;<\/p>\n<p>&nbsp;<\/p>\n<p>Recorrido:<\/p>\n<p><img data-attachment-id=\"4534\" data-permalink=\"http:\/\/yomeunoalretto.org\/?attachment_id=4534\" data-orig-file=\"http:\/\/yomeunoalretto.org\/wp-content\/uploads\/2017\/08\/Captura-de-pantalla-2017-08-15-a-las-01.49.07.png\" data-orig-size=\"430,393\" data-comments-opened=\"1\" data-image-meta=\"{&quot;aperture&quot;:&quot;0&quot;,&quot;credit&quot;:&quot;&quot;,&quot;camera&quot;:&quot;&quot;,&quot;caption&quot;:&quot;&quot;,&quot;created_timestamp&quot;:&quot;0&quot;,&quot;copyright&quot;:&quot;&quot;,&quot;focal_length&quot;:&quot;0&quot;,&quot;iso&quot;:&quot;0&quot;,&quot;shutter_speed&quot;:&quot;0&quot;,&quot;title&quot;:&quot;&quot;,&quot;orientation&quot;:&quot;0&quot;}\" data-image-title=\"Captura de pantalla 2017-08-15 a la(s) 01.49.07\" data-image-description=\"\" data-image-caption=\"\" data-medium-file=\"http:\/\/yomeunoalretto.org\/wp-content\/uploads\/2017\/08\/Captura-de-pantalla-2017-08-15-a-las-01.49.07-250x228.png\" data-large-file=\"http:\/\/yomeunoalretto.org\/wp-content\/uploads\/2017\/08\/Captura-de-pantalla-2017-08-15-a-las-01.49.07.png\" decoding=\"async\" loading=\"lazy\" class=\"size-medium wp-image-4534 alignright\" src=\"http:\/\/yomeunoalretto.org\/wp-content\/uploads\/2017\/08\/Captura-de-pantalla-2017-08-15-a-las-01.49.07-250x228.png\" alt=\"\" width=\"250\" height=\"228\" srcset=\"http:\/\/yomeunoalretto.org\/wp-content\/uploads\/2017\/08\/Captura-de-pantalla-2017-08-15-a-las-01.49.07-250x228.png 250w, http:\/\/yomeunoalretto.org\/wp-content\/uploads\/2017\/08\/Captura-de-pantalla-2017-08-15-a-las-01.49.07-184x168.png 184w, http:\/\/yomeunoalretto.org\/wp-content\/uploads\/2017\/08\/Captura-de-pantalla-2017-08-15-a-las-01.49.07.png 430w\" sizes=\"(max-width: 250px) 100vw, 250px\" \/><\/p>\n<p><b>Circuito pistas Complejo deportivo Paco Gallego y parque de Las Canteras<\/b><\/p>\n<p>Salida y meta altura Complejo Deportivo Paco Gallego<\/p>\n<p>La prueba estar\u00e1 abierta a todos aquellos atletas que lo deseen, posean licencia federativa o no.<\/p>\n<p>Las\u00a0<strong>inscripciones<\/strong>\u00a0se realizar\u00e1n\u00a0<strong>on-line<\/strong>\u00a0en la web de\u00a0<span style=\"color: #3366ff;\"><a href=\"http:\/\/cronofinisher.com\/evento\/iii-carrera-popular-por-el-sindrome-de-rett-yo-me-uno-al-retto\/\" target=\"_blank\" rel=\"noopener\"><strong>Cron<\/strong><strong>ofinisher<\/strong><\/a><\/span><\/p>\n<p><img data-attachment-id=\"4533\" data-permalink=\"http:\/\/yomeunoalretto.org\/?attachment_id=4533\" data-orig-file=\"http:\/\/yomeunoalretto.org\/wp-content\/uploads\/2017\/08\/Captura-de-pantalla-2017-08-15-a-las-01.40.21.png\" data-orig-size=\"361,131\" data-comments-opened=\"1\" data-image-meta=\"{&quot;aperture&quot;:&quot;0&quot;,&quot;credit&quot;:&quot;&quot;,&quot;camera&quot;:&quot;&quot;,&quot;caption&quot;:&quot;&quot;,&quot;created_timestamp&quot;:&quot;0&quot;,&quot;copyright&quot;:&quot;&quot;,&quot;focal_length&quot;:&quot;0&quot;,&quot;iso&quot;:&quot;0&quot;,&quot;shutter_speed&quot;:&quot;0&quot;,&quot;title&quot;:&quot;&quot;,&quot;orientation&quot;:&quot;0&quot;}\" data-image-title=\"Captura de pantalla 2017-08-15 a la(s) 01.40.21\" data-image-description=\"\" data-image-caption=\"\" data-medium-file=\"http:\/\/yomeunoalretto.org\/wp-content\/uploads\/2017\/08\/Captura-de-pantalla-2017-08-15-a-las-01.40.21-250x91.png\" data-large-file=\"http:\/\/yomeunoalretto.org\/wp-content\/uploads\/2017\/08\/Captura-de-pantalla-2017-08-15-a-las-01.40.21.png\" decoding=\"async\" loading=\"lazy\" class=\"size-medium wp-image-4533 aligncenter\" src=\"http:\/\/yomeunoalretto.org\/wp-content\/uploads\/2017\/08\/Captura-de-pantalla-2017-08-15-a-las-01.40.21-250x91.png\" alt=\"\" width=\"250\" height=\"91\" srcset=\"http:\/\/yomeunoalretto.org\/wp-content\/uploads\/2017\/08\/Captura-de-pantalla-2017-08-15-a-las-01.40.21-250x91.png 250w, http:\/\/yomeunoalretto.org\/wp-content\/uploads\/2017\/08\/Captura-de-pantalla-2017-08-15-a-las-01.40.21-216x78.png 216w, http:\/\/yomeunoalretto.org\/wp-content\/uploads\/2017\/08\/Captura-de-pantalla-2017-08-15-a-las-01.40.21.png 361w\" sizes=\"(max-width: 250px) 100vw, 250px\" \/><\/p>\n<p>La prueba est\u00e1 limitada a 1.000 participantes en total, las inscripciones se cerraran el <strong>31 de Agosto de 2017<\/strong> a las 14:00 o al acabar las plazas disponibles, lo que ocurra antes.<\/p>\n<p>Y se podr\u00e1n <strong>retirar de forma anticipada<\/strong> en el establecimiento del colaborador de la prueba Trail Runner Store, en la Av. de Pery Junquera, 2,\u00a011100 San Fernando, C\u00e1diz:<\/p>\n<p>El viernes d\u00eda 01\/08\/2017 en horario de horario de 10:00 a 14:00 y 18:00 a 21:30<\/p>\n<p>El s\u00e1bado d\u00eda 02\/08\/2017 en horario de horario de 10:00 a 14:00.<\/p>\n<p>Los\u00a0<strong>dorsales<\/strong>, se recoger\u00e1n desde\u00a0<strong>2 horas antes<\/strong>\u00a0del inicio de la carrera (8:00 horas)\u00a0<strong>Complejo Deportivo Paco Gallego<\/strong>, donde dar\u00e1 comienzo la carrera a las 10:00. Ser\u00e1 necesario acreditarse con DNI u otra documentaci\u00f3n que lo identifique o autorizaci\u00f3n para recoger el dorsal.<\/p>\n<p>Precio de la inscripci\u00f3n:<\/p>\n<p>Adultos 8 \u20ac (Ocho Euros), hasta el 24 de Agosto de 2017, 10 \u20ac (Diez Euros) a partir del 25 de Agosto y hasta cierre de inscripciones. (Limite de 1.ooo plazas o 31 de Agosto de 2017, lo que antes suceda)<\/p>\n<p>Ni\u00f1os 2 \u20ac (Dos Euros), hasta el 24 de Agosto de 2017, 3 \u20ac (Tres Euros) a partir del 25 de Agosto y hasta cierre de inscripciones. (Limite de 1.ooo plazas o 31 de Agosto de 2017, lo que antes suceda)<\/p>\n<p>O bien puedes colaborar con el Dorsal Cero haciendo una transferencia a la cuenta:<\/p>\n<p style=\"text-align: center;\"><span style=\"color: #993366;\"><strong>ES87 0133 8694 2342 0000 1836<\/strong><\/span><\/p>\n<p>En caso de menores de edad, la inscripci\u00f3n debe ir acompa\u00f1ada de autorizaci\u00f3n del padre\/madre o tutor\/a.\u00a0Ser\u00e1n los tutores, padres o guardadores legales de los menores los responsables de estos en todo momento.<\/p>\n<p>Gracias, una vez mas por unirte al Retto.<\/p>\n<div class=\"sharedaddy sd-sharing-enabled\"><div class=\"robots-nocontent sd-block sd-social sd-social-icon sd-sharing\"><h3 class=\"sd-title\">Comparte esto:<\/h3><div class=\"sd-content\"><ul><li class=\"share-facebook\"><a rel=\"nofollow noopener noreferrer\" data-shared=\"sharing-facebook-4509\" class=\"share-facebook sd-button share-icon no-text\" href=\"http:\/\/yomeunoalretto.org\/?page_id=4509&amp;share=facebook\" target=\"_blank\" title=\"Haz clic para compartir en Facebook\" ><span><\/span><span class=\"sharing-screen-reader-text\">Haz clic para compartir en Facebook (Se abre en una ventana nueva)<\/span><\/a><\/li><li class=\"share-twitter\"><a rel=\"nofollow noopener noreferrer\" data-shared=\"sharing-twitter-4509\" class=\"share-twitter sd-button share-icon no-text\" href=\"http:\/\/yomeunoalretto.org\/?page_id=4509&amp;share=twitter\" target=\"_blank\" title=\"Haz clic para compartir en Twitter\" ><span><\/span><span class=\"sharing-screen-reader-text\">Haz clic para compartir en Twitter (Se abre en una ventana nueva)<\/span><\/a><\/li><li class=\"share-print\"><a rel=\"nofollow noopener noreferrer\" data-shared=\"\" class=\"share-print sd-button share-icon no-text\" href=\"http:\/\/yomeunoalretto.org\/?page_id=4509\" target=\"_blank\" title=\"Haz clic para imprimir\" ><span><\/span><span class=\"sharing-screen-reader-text\">Haz clic para imprimir (Se abre en una ventana nueva)<\/span><\/a><\/li><li class=\"share-email\"><a rel=\"nofollow noopener noreferrer\" data-shared=\"\" class=\"share-email sd-button share-icon no-text\" href=\"mailto:?subject=%5BEntrada%20compartida%5D%2003%20Septiembre%202017%2010%3A00%20%2F%20III%20Carrera%20Popular%20por%20el%20S%C3%ADndrome%20de%20Rett%20%23YomeunoalRetto&body=http%3A%2F%2Fyomeunoalretto.org%2F%3Fpage_id%3D4509&share=email\" target=\"_blank\" title=\"Haz clic para enviar un enlace por correo electr\u00f3nico a un amigo\" data-email-share-error-title=\"\u00bfTienes un correo electr\u00f3nico configurado?\" data-email-share-error-text=\"Si tienes problemas al compartir por correo electr\u00f3nico, es posible que sea porque no tengas un correo electr\u00f3nico configurado en tu navegador. Puede que tengas que crear un nuevo correo electr\u00f3nico t\u00fa mismo.\" data-email-share-nonce=\"6883bf8a8f\" data-email-share-track-url=\"http:\/\/yomeunoalretto.org\/?page_id=4509&amp;share=email\"><span><\/span><span class=\"sharing-screen-reader-text\">Haz clic para enviar un enlace por correo electr\u00f3nico a un amigo (Se abre en una ventana nueva)<\/span><\/a><\/li><li><a href=\"#\" class=\"sharing-anchor sd-button share-more\"><span>M\u00e1s<\/span><\/a><\/li><li class=\"share-end\"><\/li><\/ul><div class=\"sharing-hidden\"><div class=\"inner\" style=\"display: none;\"><ul><li class=\"share-linkedin\"><a rel=\"nofollow noopener noreferrer\" data-shared=\"sharing-linkedin-4509\" class=\"share-linkedin sd-button share-icon no-text\" href=\"http:\/\/yomeunoalretto.org\/?page_id=4509&amp;share=linkedin\" target=\"_blank\" title=\"Haz clic para compartir en LinkedIn\" ><span><\/span><span class=\"sharing-screen-reader-text\">Haz clic para compartir en LinkedIn (Se abre en una ventana nueva)<\/span><\/a><\/li><li class=\"share-tumblr\"><a rel=\"nofollow noopener noreferrer\" data-shared=\"\" class=\"share-tumblr sd-button share-icon no-text\" href=\"http:\/\/yomeunoalretto.org\/?page_id=4509&amp;share=tumblr\" target=\"_blank\" title=\"Haz clic para compartir en Tumblr\" ><span><\/span><span class=\"sharing-screen-reader-text\">Haz clic para compartir en Tumblr (Se abre en una ventana nueva)<\/span><\/a><\/li><li class=\"share-end\"><\/li><li class=\"share-reddit\"><a rel=\"nofollow noopener noreferrer\" data-shared=\"\" class=\"share-reddit sd-button share-icon no-text\" href=\"http:\/\/yomeunoalretto.org\/?page_id=4509&amp;share=reddit\" target=\"_blank\" title=\"Haz clic para compartir en Reddit\" ><span><\/span><span class=\"sharing-screen-reader-text\">Haz clic para compartir en Reddit (Se abre en una ventana nueva)<\/span><\/a><\/li><li class=\"share-pocket\"><a rel=\"nofollow noopener noreferrer\" data-shared=\"\" class=\"share-pocket sd-button share-icon no-text\" href=\"http:\/\/yomeunoalretto.org\/?page_id=4509&amp;share=pocket\" target=\"_blank\" title=\"Haz clic para compartir en Pocket\" ><span><\/span><span class=\"sharing-screen-reader-text\">Haz clic para compartir en Pocket (Se abre en una ventana nueva)<\/span><\/a><\/li><li class=\"share-end\"><\/li><li class=\"share-pinterest\"><a rel=\"nofollow noopener noreferrer\" data-shared=\"sharing-pinterest-4509\" class=\"share-pinterest sd-button share-icon no-text\" href=\"http:\/\/yomeunoalretto.org\/?page_id=4509&amp;share=pinterest\" target=\"_blank\" title=\"Haz clic para compartir en Pinterest\" ><span><\/span><span class=\"sharing-screen-reader-text\">Haz clic para compartir en Pinterest (Se abre en una ventana nueva)<\/span><\/a><\/li><li class=\"share-end\"><\/li><\/ul><\/div><\/div><\/div><\/div><\/div>","protected":false},"excerpt":{"rendered":"<p>Desde la Asociaci\u00f3n Gaditana Yo me uno al Retto, nos complace invitaros a participar en la tercera edici\u00f3n de nuestra carrera solidaria a beneficio de la investigaci\u00f3n del S\u00edndrome de Rett. La cita: el pr\u00f3ximo Domingo 03 de Septiembre a las 10:00 en el Complejo Deportivo Paco Gallego de Puerto Real. En esta ocasi\u00f3n, los [&hellip;]<\/p>\n<div class=\"sharedaddy sd-sharing-enabled\"><div class=\"robots-nocontent sd-block sd-social sd-social-icon sd-sharing\"><h3 class=\"sd-title\">Comparte esto:<\/h3><div class=\"sd-content\"><ul><li class=\"share-facebook\"><a rel=\"nofollow noopener noreferrer\" data-shared=\"sharing-facebook-4509\" class=\"share-facebook sd-button share-icon no-text\" href=\"http:\/\/yomeunoalretto.org\/?page_id=4509&amp;share=facebook\" target=\"_blank\" title=\"Haz clic para compartir en Facebook\" ><span><\/span><span class=\"sharing-screen-reader-text\">Haz clic para compartir en Facebook (Se abre en una ventana nueva)<\/span><\/a><\/li><li class=\"share-twitter\"><a rel=\"nofollow noopener noreferrer\" data-shared=\"sharing-twitter-4509\" class=\"share-twitter sd-button share-icon no-text\" href=\"http:\/\/yomeunoalretto.org\/?page_id=4509&amp;share=twitter\" target=\"_blank\" title=\"Haz clic para compartir en Twitter\" ><span><\/span><span class=\"sharing-screen-reader-text\">Haz clic para compartir en Twitter (Se abre en una ventana nueva)<\/span><\/a><\/li><li class=\"share-print\"><a rel=\"nofollow noopener noreferrer\" data-shared=\"\" class=\"share-print sd-button share-icon no-text\" href=\"http:\/\/yomeunoalretto.org\/?page_id=4509\" target=\"_blank\" title=\"Haz clic para imprimir\" ><span><\/span><span class=\"sharing-screen-reader-text\">Haz clic para imprimir (Se abre en una ventana nueva)<\/span><\/a><\/li><li class=\"share-email\"><a rel=\"nofollow noopener noreferrer\" data-shared=\"\" class=\"share-email sd-button share-icon no-text\" href=\"mailto:?subject=%5BEntrada%20compartida%5D%2003%20Septiembre%202017%2010%3A00%20%2F%20III%20Carrera%20Popular%20por%20el%20S%C3%ADndrome%20de%20Rett%20%23YomeunoalRetto&body=http%3A%2F%2Fyomeunoalretto.org%2F%3Fpage_id%3D4509&share=email\" target=\"_blank\" title=\"Haz clic para enviar un enlace por correo electr\u00f3nico a un amigo\" data-email-share-error-title=\"\u00bfTienes un correo electr\u00f3nico configurado?\" data-email-share-error-text=\"Si tienes problemas al compartir por correo electr\u00f3nico, es posible que sea porque no tengas un correo electr\u00f3nico configurado en tu navegador. Puede que tengas que crear un nuevo correo electr\u00f3nico t\u00fa mismo.\" data-email-share-nonce=\"6883bf8a8f\" data-email-share-track-url=\"http:\/\/yomeunoalretto.org\/?page_id=4509&amp;share=email\"><span><\/span><span class=\"sharing-screen-reader-text\">Haz clic para enviar un enlace por correo electr\u00f3nico a un amigo (Se abre en una ventana nueva)<\/span><\/a><\/li><li><a href=\"#\" class=\"sharing-anchor sd-button share-more\"><span>M\u00e1s<\/span><\/a><\/li><li class=\"share-end\"><\/li><\/ul><div class=\"sharing-hidden\"><div class=\"inner\" style=\"display: none;\"><ul><li class=\"share-linkedin\"><a rel=\"nofollow noopener noreferrer\" data-shared=\"sharing-linkedin-4509\" class=\"share-linkedin sd-button share-icon no-text\" href=\"http:\/\/yomeunoalretto.org\/?page_id=4509&amp;share=linkedin\" target=\"_blank\" title=\"Haz clic para compartir en LinkedIn\" ><span><\/span><span class=\"sharing-screen-reader-text\">Haz clic para compartir en LinkedIn (Se abre en una ventana nueva)<\/span><\/a><\/li><li class=\"share-tumblr\"><a rel=\"nofollow noopener noreferrer\" data-shared=\"\" class=\"share-tumblr sd-button share-icon no-text\" href=\"http:\/\/yomeunoalretto.org\/?page_id=4509&amp;share=tumblr\" target=\"_blank\" title=\"Haz clic para compartir en Tumblr\" ><span><\/span><span class=\"sharing-screen-reader-text\">Haz clic para compartir en Tumblr (Se abre en una ventana nueva)<\/span><\/a><\/li><li class=\"share-end\"><\/li><li class=\"share-reddit\"><a rel=\"nofollow noopener noreferrer\" data-shared=\"\" class=\"share-reddit sd-button share-icon no-text\" href=\"http:\/\/yomeunoalretto.org\/?page_id=4509&amp;share=reddit\" target=\"_blank\" title=\"Haz clic para compartir en Reddit\" ><span><\/span><span class=\"sharing-screen-reader-text\">Haz clic para compartir en Reddit (Se abre en una ventana nueva)<\/span><\/a><\/li><li class=\"share-pocket\"><a rel=\"nofollow noopener noreferrer\" data-shared=\"\" class=\"share-pocket sd-button share-icon no-text\" href=\"http:\/\/yomeunoalretto.org\/?page_id=4509&amp;share=pocket\" target=\"_blank\" title=\"Haz clic para compartir en Pocket\" ><span><\/span><span class=\"sharing-screen-reader-text\">Haz clic para compartir en Pocket (Se abre en una ventana nueva)<\/span><\/a><\/li><li class=\"share-end\"><\/li><li class=\"share-pinterest\"><a rel=\"nofollow noopener noreferrer\" data-shared=\"sharing-pinterest-4509\" class=\"share-pinterest sd-button share-icon no-text\" href=\"http:\/\/yomeunoalretto.org\/?page_id=4509&amp;share=pinterest\" target=\"_blank\" title=\"Haz clic para compartir en Pinterest\" ><span><\/span><span class=\"sharing-screen-reader-text\">Haz clic para compartir en Pinterest (Se abre en una ventana nueva)<\/span><\/a><\/li><li class=\"share-end\"><\/li><\/ul><\/div><\/div><\/div><\/div><\/div>","protected":false},"author":1,"featured_media":0,"parent":0,"menu_order":0,"comment_status":"closed","ping_status":"closed","template":"","meta":[],"jetpack_shortlink":"https:\/\/wp.me\/P4JzDn-1aJ","jetpack_sharing_enabled":true,"_links":{"self":[{"href":"http:\/\/yomeunoalretto.org\/index.php?rest_route=\/wp\/v2\/pages\/4509"}],"collection":[{"href":"http:\/\/yomeunoalretto.org\/index.php?rest_route=\/wp\/v2\/pages"}],"about":[{"href":"http:\/\/yomeunoalretto.org\/index.php?rest_route=\/wp\/v2\/types\/page"}],"author":[{"embeddable":true,"href":"http:\/\/yomeunoalretto.org\/index.php?rest_route=\/wp\/v2\/users\/1"}],"replies":[{"embeddable":true,"href":"http:\/\/yomeunoalretto.org\/index.php?rest_route=%2Fwp%2Fv2%2Fcomments&post=4509"}],"version-history":[{"count":11,"href":"http:\/\/yomeunoalretto.org\/index.php?rest_route=\/wp\/v2\/pages\/4509\/revisions"}],"predecessor-version":[{"id":4553,"href":"http:\/\/yomeunoalretto.org\/index.php?rest_route=\/wp\/v2\/pages\/4509\/revisions\/4553"}],"wp:attachment":[{"href":"http:\/\/yomeunoalretto.org\/index.php?rest_route=%2Fwp%2Fv2%2Fmedia&parent=4509"}],"curies":[{"name":"wp","href":"https:\/\/api.w.org\/{rel}","templated":true}]}}