{"id":4289,"date":"2016-03-23T09:12:25","date_gmt":"2016-03-23T08:12:25","guid":{"rendered":"http:\/\/yomeunoalretto.org\/?page_id=4289"},"modified":"2016-03-23T09:13:42","modified_gmt":"2016-03-23T08:13:42","slug":"proyeccion-en-cadiz-del-documental-linea-de-meta-14042016-2030","status":"publish","type":"page","link":"http:\/\/yomeunoalretto.org\/?page_id=4289","title":{"rendered":"Proyecci\u00f3n en C\u00e1diz del Documental Linea de Meta 14\/04\/2016 20:30"},"content":{"rendered":"<p><img data-attachment-id=\"4291\" data-permalink=\"http:\/\/yomeunoalretto.org\/?attachment_id=4291\" data-orig-file=\"http:\/\/yomeunoalretto.org\/wp-content\/uploads\/2016\/03\/linea-de-meta.jpg\" data-orig-size=\"780,933\" data-comments-opened=\"1\" data-image-meta=\"{&quot;aperture&quot;:&quot;0&quot;,&quot;credit&quot;:&quot;&quot;,&quot;camera&quot;:&quot;&quot;,&quot;caption&quot;:&quot;&quot;,&quot;created_timestamp&quot;:&quot;0&quot;,&quot;copyright&quot;:&quot;&quot;,&quot;focal_length&quot;:&quot;0&quot;,&quot;iso&quot;:&quot;0&quot;,&quot;shutter_speed&quot;:&quot;0&quot;,&quot;title&quot;:&quot;&quot;,&quot;orientation&quot;:&quot;0&quot;}\" data-image-title=\"linea-de-meta\" data-image-description=\"\" data-image-caption=\"\" data-medium-file=\"http:\/\/yomeunoalretto.org\/wp-content\/uploads\/2016\/03\/linea-de-meta-209x250.jpg\" data-large-file=\"http:\/\/yomeunoalretto.org\/wp-content\/uploads\/2016\/03\/linea-de-meta.jpg\" decoding=\"async\" loading=\"lazy\" class=\"alignleft size-medium wp-image-4291\" src=\"http:\/\/yomeunoalretto.org\/wp-content\/uploads\/2016\/03\/linea-de-meta-209x250.jpg\" alt=\"linea-de-meta\" width=\"209\" height=\"250\" srcset=\"http:\/\/yomeunoalretto.org\/wp-content\/uploads\/2016\/03\/linea-de-meta-209x250.jpg 209w, http:\/\/yomeunoalretto.org\/wp-content\/uploads\/2016\/03\/linea-de-meta-768x919.jpg 768w, http:\/\/yomeunoalretto.org\/wp-content\/uploads\/2016\/03\/linea-de-meta-140x168.jpg 140w, http:\/\/yomeunoalretto.org\/wp-content\/uploads\/2016\/03\/linea-de-meta.jpg 780w\" sizes=\"(max-width: 209px) 100vw, 209px\" \/><\/p>\n<p>Como ya habreis tenido noticias de ello, la Guionista y Directora PAOLA GARC\u00cdA COSTAS, en colaboraci\u00f3n con un nutrido equipo de profesionales, han filmado y producido el documental Linea de Meta que relata la historia de <strong>JOSELE<\/strong> es un padre que corre maratones nacionales e internacionales empujando del carro de su hija, <strong>MAR\u00cdA<\/strong>, enferma de <strong>S\u00edndrome de Rett.\u00a0<\/strong>Su objetivo, cruzar la <strong>L\u00ednea de Meta<\/strong> y as\u00ed dar conocer la enfermedad de Mar\u00eda y la de miles de ni\u00f1os que sufren \u201cenfermedades raras\u201d sin cura y sin tratamientos efectivos, ante la mirada c\u00f3mplice de las multinacionales farmac\u00e9uticas y los gobiernos , cuyos enfermos no son rentables para el \u201csistema\u201d.\u00a0La madre de Mar\u00eda, <strong>MAR\u00cdA JOS\u00c9<\/strong>, y sus dos hermanos: <strong>CRISTINA<\/strong> y <strong>DANI<\/strong>, completan la historia. El documental narra el periplo deportivo, en paralelo a la situaci\u00f3n familiar a la que somete una enfermedad rara y donde cada miembro de la familia de Mar\u00eda tambi\u00e9n \u201cempuja el carro\u201d para llegar a la <strong>L\u00ednea de Meta.<\/strong><\/p>\n<p>Este magn\u00edfico documental est\u00e1 siendo proyectado en toda Espa\u00f1a, y su recaudaci\u00f3n va destinada a la investigaci\u00f3n del S\u00edndrome de Rett.<\/p>\n<p>Pero la importancia de este evento no es solo la recaudaci\u00f3n, sino que es una magnifica y \u00fanica oportunidad para acercarte a descubrir esta enfemedad y como viven los familiares afectados.<\/p>\n<p>Desde Asociaci\u00f3n YomeunoalRetto nos vemos en la obligaci\u00f3n de promocionar la proyecci\u00f3n de la pelicula y te invitamos a que a trav\u00e9s del enlace del portal <span style=\"text-decoration: underline;\"><em><strong><span style=\"color: #ff6600;\"><a style=\"color: #ff6600; text-decoration: underline;\" href=\"http:\/\/www.youfeelm.com\/titulo\/linea-de-meta-en-multicines-centro-cadiz#\" target=\"_blank\">youfeelm<\/a><\/span><\/strong><\/em><\/span> adquieras el compromiso de tu asistencia, por solo 4,5 \u20ac si llegamos al 100 % se proyecta y si no se alcanza no se cargar\u00e1 nada en tu cuenta.<\/p>\n<p>Es muy sencillo y c\u00f3modo, y recuerda que adem\u00e1s estas colaborando con una causa solidaria.<\/p>\n<p><span class=\"embed-youtube\" style=\"text-align:center; display: block;\"><iframe loading=\"lazy\" class=\"youtube-player\" width=\"590\" height=\"332\" src=\"https:\/\/www.youtube.com\/embed\/ezFV-bnizSo?version=3&#038;rel=1&#038;showsearch=0&#038;showinfo=1&#038;iv_load_policy=1&#038;fs=1&#038;hl=es-ES&#038;autohide=2&#038;wmode=transparent\" allowfullscreen=\"true\" style=\"border:0;\" sandbox=\"allow-scripts allow-same-origin allow-popups allow-presentation\"><\/iframe><\/span><\/p>\n<div class=\"n diyfeLiveArea\">\n<p>Otros datos:<\/p>\n<p class=\"atributo-ficha\"><span class=\"nombre-atributo-ficha\"> Duraci\u00f3n: <\/span> 70&#8242;<\/p>\n<p class=\"atributo-ficha\"><span class=\"nombre-atributo-ficha\"> G\u00e9nero: Documental<\/span><\/p>\n<p class=\"atributo-ficha\"><span class=\"nombre-atributo-ficha\"> A\u00f1o: 2015<\/span><\/p>\n<p class=\"atributo-ficha\"><span class=\"nombre-atributo-ficha\"> Pa\u00eds: Espa\u00f1a<\/span><\/p>\n<p class=\"atributo-ficha\"><span class=\"nombre-atributo-ficha\"> Calificaci\u00f3n: Apta para todos los p\u00fablicos<\/span><\/p>\n<p class=\"atributo-ficha\"><span class=\"nombre-atributo-ficha\"> Idioma Original: <\/span> Espa\u00f1ol, Valenciano<\/p>\n<p class=\"atributo-ficha\"><span class=\"nombre-atributo-ficha\"> Versiones Disponibles: V.O.S.E.<\/span><\/p>\n<p>Guionista y Directora: PAOLA GARC\u00cdA COSTAS<\/p>\n<p>Director de Fotograf\u00eda: JUANJO ORDORIKA<\/p>\n<p>Equipo de C\u00e1mara: JUANJO ORDORIKA, SERGI ESCUIN, NUR\u00cdA P\u00c9REZ<\/p>\n<p>Montaje: JOS\u00c9 LUIS ROMEU, QUERALT GONZ\u00c1LEZ, PAU LUZ\u00d3N, PAOLA GARC\u00cdA<\/p>\n<p>Ayudantes de Montaje: MARTA BOSCH, ORIOL MINGUET<\/p>\n<p>Sonido Directo: SARA SURI\u00d1ACH<\/p>\n<p>Postproducci\u00f3n de Sonido: FRAN VERDE<\/p>\n<p>Producci\u00f3n Ejecutiva: SERGI CASAMITJANA, AINTZA SERRA<\/p>\n<p>Desarrollo de Producci\u00f3n: JAUME CUSPINERA, LAURA DIEGO, BERNAT MANZANO<\/p>\n<p>Ayudante de Producci\u00f3n: ALEJANDRO \u00c1VILA<\/p>\n<p>Banda Sonora Original: EDU MART\u00cdNEZ<\/p>\n<p>Producido por ESC\u00c1NDALO FILMS<\/p>\n<\/div>\n<div class=\"sharedaddy sd-sharing-enabled\"><div class=\"robots-nocontent sd-block sd-social sd-social-icon sd-sharing\"><h3 class=\"sd-title\">Comparte esto:<\/h3><div class=\"sd-content\"><ul><li class=\"share-facebook\"><a rel=\"nofollow noopener noreferrer\" data-shared=\"sharing-facebook-4289\" class=\"share-facebook sd-button share-icon no-text\" href=\"http:\/\/yomeunoalretto.org\/?page_id=4289&amp;share=facebook\" target=\"_blank\" title=\"Haz clic para compartir en Facebook\" ><span><\/span><span class=\"sharing-screen-reader-text\">Haz clic para compartir en Facebook (Se abre en una ventana nueva)<\/span><\/a><\/li><li class=\"share-twitter\"><a rel=\"nofollow noopener noreferrer\" data-shared=\"sharing-twitter-4289\" class=\"share-twitter sd-button share-icon no-text\" href=\"http:\/\/yomeunoalretto.org\/?page_id=4289&amp;share=twitter\" target=\"_blank\" title=\"Haz clic para compartir en Twitter\" ><span><\/span><span class=\"sharing-screen-reader-text\">Haz clic para compartir en Twitter (Se abre en una ventana nueva)<\/span><\/a><\/li><li class=\"share-print\"><a rel=\"nofollow noopener noreferrer\" data-shared=\"\" class=\"share-print sd-button share-icon no-text\" href=\"http:\/\/yomeunoalretto.org\/?page_id=4289\" target=\"_blank\" title=\"Haz clic para imprimir\" ><span><\/span><span class=\"sharing-screen-reader-text\">Haz clic para imprimir (Se abre en una ventana nueva)<\/span><\/a><\/li><li class=\"share-email\"><a rel=\"nofollow noopener noreferrer\" data-shared=\"\" class=\"share-email sd-button share-icon no-text\" href=\"mailto:?subject=%5BEntrada%20compartida%5D%20Proyecci%C3%B3n%20en%20C%C3%A1diz%20del%20Documental%20Linea%20de%20Meta%2014%2F04%2F2016%2020%3A30&body=http%3A%2F%2Fyomeunoalretto.org%2F%3Fpage_id%3D4289&share=email\" target=\"_blank\" title=\"Haz clic para enviar un enlace por correo electr\u00f3nico a un amigo\" data-email-share-error-title=\"\u00bfTienes un correo electr\u00f3nico configurado?\" data-email-share-error-text=\"Si tienes problemas al compartir por correo electr\u00f3nico, es posible que sea porque no tengas un correo electr\u00f3nico configurado en tu navegador. Puede que tengas que crear un nuevo correo electr\u00f3nico t\u00fa mismo.\" data-email-share-nonce=\"d856468d1d\" data-email-share-track-url=\"http:\/\/yomeunoalretto.org\/?page_id=4289&amp;share=email\"><span><\/span><span class=\"sharing-screen-reader-text\">Haz clic para enviar un enlace por correo electr\u00f3nico a un amigo (Se abre en una ventana nueva)<\/span><\/a><\/li><li><a href=\"#\" class=\"sharing-anchor sd-button share-more\"><span>M\u00e1s<\/span><\/a><\/li><li class=\"share-end\"><\/li><\/ul><div class=\"sharing-hidden\"><div class=\"inner\" style=\"display: none;\"><ul><li class=\"share-linkedin\"><a rel=\"nofollow noopener noreferrer\" data-shared=\"sharing-linkedin-4289\" class=\"share-linkedin sd-button share-icon no-text\" href=\"http:\/\/yomeunoalretto.org\/?page_id=4289&amp;share=linkedin\" target=\"_blank\" title=\"Haz clic para compartir en LinkedIn\" ><span><\/span><span class=\"sharing-screen-reader-text\">Haz clic para compartir en LinkedIn (Se abre en una ventana nueva)<\/span><\/a><\/li><li class=\"share-tumblr\"><a rel=\"nofollow noopener noreferrer\" data-shared=\"\" class=\"share-tumblr sd-button share-icon no-text\" href=\"http:\/\/yomeunoalretto.org\/?page_id=4289&amp;share=tumblr\" target=\"_blank\" title=\"Haz clic para compartir en Tumblr\" ><span><\/span><span class=\"sharing-screen-reader-text\">Haz clic para compartir en Tumblr (Se abre en una ventana nueva)<\/span><\/a><\/li><li class=\"share-end\"><\/li><li class=\"share-reddit\"><a rel=\"nofollow noopener noreferrer\" data-shared=\"\" class=\"share-reddit sd-button share-icon no-text\" href=\"http:\/\/yomeunoalretto.org\/?page_id=4289&amp;share=reddit\" target=\"_blank\" title=\"Haz clic para compartir en Reddit\" ><span><\/span><span class=\"sharing-screen-reader-text\">Haz clic para compartir en Reddit (Se abre en una ventana nueva)<\/span><\/a><\/li><li class=\"share-pocket\"><a rel=\"nofollow noopener noreferrer\" data-shared=\"\" class=\"share-pocket sd-button share-icon no-text\" href=\"http:\/\/yomeunoalretto.org\/?page_id=4289&amp;share=pocket\" target=\"_blank\" title=\"Haz clic para compartir en Pocket\" ><span><\/span><span class=\"sharing-screen-reader-text\">Haz clic para compartir en Pocket (Se abre en una ventana nueva)<\/span><\/a><\/li><li class=\"share-end\"><\/li><li class=\"share-pinterest\"><a rel=\"nofollow noopener noreferrer\" data-shared=\"sharing-pinterest-4289\" class=\"share-pinterest sd-button share-icon no-text\" href=\"http:\/\/yomeunoalretto.org\/?page_id=4289&amp;share=pinterest\" target=\"_blank\" title=\"Haz clic para compartir en Pinterest\" ><span><\/span><span class=\"sharing-screen-reader-text\">Haz clic para compartir en Pinterest (Se abre en una ventana nueva)<\/span><\/a><\/li><li class=\"share-end\"><\/li><\/ul><\/div><\/div><\/div><\/div><\/div>","protected":false},"excerpt":{"rendered":"<p>Como ya habreis tenido noticias de ello, la Guionista y Directora PAOLA GARC\u00cdA COSTAS, en colaboraci\u00f3n con un nutrido equipo de profesionales, han filmado y producido el documental Linea de Meta que relata la historia de JOSELE es un padre que corre maratones nacionales e internacionales empujando del carro de su hija, MAR\u00cdA, enferma de [&hellip;]<\/p>\n<div class=\"sharedaddy sd-sharing-enabled\"><div class=\"robots-nocontent sd-block sd-social sd-social-icon sd-sharing\"><h3 class=\"sd-title\">Comparte esto:<\/h3><div class=\"sd-content\"><ul><li class=\"share-facebook\"><a rel=\"nofollow noopener noreferrer\" data-shared=\"sharing-facebook-4289\" class=\"share-facebook sd-button share-icon no-text\" href=\"http:\/\/yomeunoalretto.org\/?page_id=4289&amp;share=facebook\" target=\"_blank\" title=\"Haz clic para compartir en Facebook\" ><span><\/span><span class=\"sharing-screen-reader-text\">Haz clic para compartir en Facebook (Se abre en una ventana nueva)<\/span><\/a><\/li><li class=\"share-twitter\"><a rel=\"nofollow noopener noreferrer\" data-shared=\"sharing-twitter-4289\" class=\"share-twitter sd-button share-icon no-text\" href=\"http:\/\/yomeunoalretto.org\/?page_id=4289&amp;share=twitter\" target=\"_blank\" title=\"Haz clic para compartir en Twitter\" ><span><\/span><span class=\"sharing-screen-reader-text\">Haz clic para compartir en Twitter (Se abre en una ventana nueva)<\/span><\/a><\/li><li class=\"share-print\"><a rel=\"nofollow noopener noreferrer\" data-shared=\"\" class=\"share-print sd-button share-icon no-text\" href=\"http:\/\/yomeunoalretto.org\/?page_id=4289\" target=\"_blank\" title=\"Haz clic para imprimir\" ><span><\/span><span class=\"sharing-screen-reader-text\">Haz clic para imprimir (Se abre en una ventana nueva)<\/span><\/a><\/li><li class=\"share-email\"><a rel=\"nofollow noopener noreferrer\" data-shared=\"\" class=\"share-email sd-button share-icon no-text\" href=\"mailto:?subject=%5BEntrada%20compartida%5D%20Proyecci%C3%B3n%20en%20C%C3%A1diz%20del%20Documental%20Linea%20de%20Meta%2014%2F04%2F2016%2020%3A30&body=http%3A%2F%2Fyomeunoalretto.org%2F%3Fpage_id%3D4289&share=email\" target=\"_blank\" title=\"Haz clic para enviar un enlace por correo electr\u00f3nico a un amigo\" data-email-share-error-title=\"\u00bfTienes un correo electr\u00f3nico configurado?\" data-email-share-error-text=\"Si tienes problemas al compartir por correo electr\u00f3nico, es posible que sea porque no tengas un correo electr\u00f3nico configurado en tu navegador. Puede que tengas que crear un nuevo correo electr\u00f3nico t\u00fa mismo.\" data-email-share-nonce=\"d856468d1d\" data-email-share-track-url=\"http:\/\/yomeunoalretto.org\/?page_id=4289&amp;share=email\"><span><\/span><span class=\"sharing-screen-reader-text\">Haz clic para enviar un enlace por correo electr\u00f3nico a un amigo (Se abre en una ventana nueva)<\/span><\/a><\/li><li><a href=\"#\" class=\"sharing-anchor sd-button share-more\"><span>M\u00e1s<\/span><\/a><\/li><li class=\"share-end\"><\/li><\/ul><div class=\"sharing-hidden\"><div class=\"inner\" style=\"display: none;\"><ul><li class=\"share-linkedin\"><a rel=\"nofollow noopener noreferrer\" data-shared=\"sharing-linkedin-4289\" class=\"share-linkedin sd-button share-icon no-text\" href=\"http:\/\/yomeunoalretto.org\/?page_id=4289&amp;share=linkedin\" target=\"_blank\" title=\"Haz clic para compartir en LinkedIn\" ><span><\/span><span class=\"sharing-screen-reader-text\">Haz clic para compartir en LinkedIn (Se abre en una ventana nueva)<\/span><\/a><\/li><li class=\"share-tumblr\"><a rel=\"nofollow noopener noreferrer\" data-shared=\"\" class=\"share-tumblr sd-button share-icon no-text\" href=\"http:\/\/yomeunoalretto.org\/?page_id=4289&amp;share=tumblr\" target=\"_blank\" title=\"Haz clic para compartir en Tumblr\" ><span><\/span><span class=\"sharing-screen-reader-text\">Haz clic para compartir en Tumblr (Se abre en una ventana nueva)<\/span><\/a><\/li><li class=\"share-end\"><\/li><li class=\"share-reddit\"><a rel=\"nofollow noopener noreferrer\" data-shared=\"\" class=\"share-reddit sd-button share-icon no-text\" href=\"http:\/\/yomeunoalretto.org\/?page_id=4289&amp;share=reddit\" target=\"_blank\" title=\"Haz clic para compartir en Reddit\" ><span><\/span><span class=\"sharing-screen-reader-text\">Haz clic para compartir en Reddit (Se abre en una ventana nueva)<\/span><\/a><\/li><li class=\"share-pocket\"><a rel=\"nofollow noopener noreferrer\" data-shared=\"\" class=\"share-pocket sd-button share-icon no-text\" href=\"http:\/\/yomeunoalretto.org\/?page_id=4289&amp;share=pocket\" target=\"_blank\" title=\"Haz clic para compartir en Pocket\" ><span><\/span><span class=\"sharing-screen-reader-text\">Haz clic para compartir en Pocket (Se abre en una ventana nueva)<\/span><\/a><\/li><li class=\"share-end\"><\/li><li class=\"share-pinterest\"><a rel=\"nofollow noopener noreferrer\" data-shared=\"sharing-pinterest-4289\" class=\"share-pinterest sd-button share-icon no-text\" href=\"http:\/\/yomeunoalretto.org\/?page_id=4289&amp;share=pinterest\" target=\"_blank\" title=\"Haz clic para compartir en Pinterest\" ><span><\/span><span class=\"sharing-screen-reader-text\">Haz clic para compartir en Pinterest (Se abre en una ventana nueva)<\/span><\/a><\/li><li class=\"share-end\"><\/li><\/ul><\/div><\/div><\/div><\/div><\/div>","protected":false},"author":1,"featured_media":0,"parent":0,"menu_order":0,"comment_status":"closed","ping_status":"closed","template":"","meta":[],"jetpack_shortlink":"https:\/\/wp.me\/P4JzDn-17b","jetpack_sharing_enabled":true,"_links":{"self":[{"href":"http:\/\/yomeunoalretto.org\/index.php?rest_route=\/wp\/v2\/pages\/4289"}],"collection":[{"href":"http:\/\/yomeunoalretto.org\/index.php?rest_route=\/wp\/v2\/pages"}],"about":[{"href":"http:\/\/yomeunoalretto.org\/index.php?rest_route=\/wp\/v2\/types\/page"}],"author":[{"embeddable":true,"href":"http:\/\/yomeunoalretto.org\/index.php?rest_route=\/wp\/v2\/users\/1"}],"replies":[{"embeddable":true,"href":"http:\/\/yomeunoalretto.org\/index.php?rest_route=%2Fwp%2Fv2%2Fcomments&post=4289"}],"version-history":[{"count":5,"href":"http:\/\/yomeunoalretto.org\/index.php?rest_route=\/wp\/v2\/pages\/4289\/revisions"}],"predecessor-version":[{"id":4295,"href":"http:\/\/yomeunoalretto.org\/index.php?rest_route=\/wp\/v2\/pages\/4289\/revisions\/4295"}],"wp:attachment":[{"href":"http:\/\/yomeunoalretto.org\/index.php?rest_route=%2Fwp%2Fv2%2Fmedia&parent=4289"}],"curies":[{"name":"wp","href":"https:\/\/api.w.org\/{rel}","templated":true}]}}