{"id":3667,"date":"2016-01-30T01:16:46","date_gmt":"2016-01-30T00:16:46","guid":{"rendered":"http:\/\/yomeunoalretto.org\/?page_id=3667"},"modified":"2016-02-17T15:35:44","modified_gmt":"2016-02-17T14:35:44","slug":"29-febrero-2016-1200-ii-carrera-popular-por-el-sindrome-de-rett-yomeunoalretto","status":"publish","type":"page","link":"http:\/\/yomeunoalretto.org\/?page_id=3667","title":{"rendered":"29 Febrero 2016 12:00 \/ II Carrera Popular por el S\u00edndrome de Rett #YomeunoalRetto"},"content":{"rendered":"<p><img data-attachment-id=\"3790\" data-permalink=\"http:\/\/yomeunoalretto.org\/?attachment_id=3790\" data-orig-file=\"http:\/\/yomeunoalretto.org\/wp-content\/uploads\/2016\/02\/Cartel-Rett_2.jpg\" data-orig-size=\"3508,4961\" data-comments-opened=\"1\" data-image-meta=\"{&quot;aperture&quot;:&quot;0&quot;,&quot;credit&quot;:&quot;&quot;,&quot;camera&quot;:&quot;&quot;,&quot;caption&quot;:&quot;&quot;,&quot;created_timestamp&quot;:&quot;0&quot;,&quot;copyright&quot;:&quot;&quot;,&quot;focal_length&quot;:&quot;0&quot;,&quot;iso&quot;:&quot;0&quot;,&quot;shutter_speed&quot;:&quot;0&quot;,&quot;title&quot;:&quot;&quot;,&quot;orientation&quot;:&quot;1&quot;}\" data-image-title=\"Cartel Rett_2\" data-image-description=\"\" data-image-caption=\"\" data-medium-file=\"http:\/\/yomeunoalretto.org\/wp-content\/uploads\/2016\/02\/Cartel-Rett_2-177x250.jpg\" data-large-file=\"http:\/\/yomeunoalretto.org\/wp-content\/uploads\/2016\/02\/Cartel-Rett_2-724x1024.jpg\" decoding=\"async\" loading=\"lazy\" class=\"alignleft size-medium wp-image-3790\" src=\"http:\/\/yomeunoalretto.org\/wp-content\/uploads\/2016\/02\/Cartel-Rett_2-177x250.jpg\" alt=\"Cartel Rett_2\" width=\"177\" height=\"250\" srcset=\"http:\/\/yomeunoalretto.org\/wp-content\/uploads\/2016\/02\/Cartel-Rett_2-177x250.jpg 177w, http:\/\/yomeunoalretto.org\/wp-content\/uploads\/2016\/02\/Cartel-Rett_2-768x1086.jpg 768w, http:\/\/yomeunoalretto.org\/wp-content\/uploads\/2016\/02\/Cartel-Rett_2-724x1024.jpg 724w, http:\/\/yomeunoalretto.org\/wp-content\/uploads\/2016\/02\/Cartel-Rett_2-119x168.jpg 119w\" sizes=\"(max-width: 177px) 100vw, 177px\" \/>Con motivo de la conmemoraci\u00f3n del d\u00eda Internacional de las enfermedades raras, el 29 de febrero para conmemorar este d\u00eda bajo el lema \u00ab\u00danete a nosotros para hacer la voz de las enfermedades raras se oiga\u00bb (Join us in making the voice of rare diseases heard).<\/p>\n<p>Nuestra asociaci\u00f3n pretende concienciar a la sociedad gaditana de la presencia de estas enfermedades entre los convecinos en la ciudad, y m\u00e1s en concreto de 5 j\u00f3venes vecinas que padecen el s\u00edndrome de Rett. Es nuestra intenci\u00f3n divulgar el conocimiento de esta enfermedad y donar los beneficios de la recaudaci\u00f3n a la investigaci\u00f3n que de la misma se hace en Espa\u00f1a en el Hospital de San Juan de Dios en Esplugues de Llobregat, Barcelona.<\/p>\n<p>La prueba se celebrar\u00e1 el <strong>29 de Febrero de 2016<\/strong>, teniendo una <strong>\u00fanica salida a las 12:00<\/strong> para ambas modalidades, tanto la <strong>carrera<\/strong> como la <strong>marcha<\/strong>. El evento finalizar\u00e1 sobre las 13:30 con la entrega de premios.<\/p>\n<p>La Organizaci\u00f3n de la carrera y de una marcha popular, que recorre parte de la playa Victoria de C\u00e1diz, corresponde a la Asociaci\u00f3n Gaditana Yo me uno al Retto, <span style=\"color: #3366ff;\"><strong><a style=\"color: #3366ff;\" href=\"http:\/\/conchipandalucia.com\" target=\"_blank\">Conchip Andaluc\u00eda<\/a><\/strong><\/span>, Empresa de cronometraje y el Excelent\u00edsimo Ayuntamiento de C\u00e1diz.<\/p>\n<p>Colaboradores:<br \/>\n<img data-attachment-id=\"3685\" data-permalink=\"http:\/\/yomeunoalretto.org\/?attachment_id=3685\" data-orig-file=\"http:\/\/yomeunoalretto.org\/wp-content\/uploads\/2016\/01\/Captura-de-pantalla-2016-01-30-a-las-01.11.04.png\" data-orig-size=\"265,77\" data-comments-opened=\"1\" data-image-meta=\"{&quot;aperture&quot;:&quot;0&quot;,&quot;credit&quot;:&quot;&quot;,&quot;camera&quot;:&quot;&quot;,&quot;caption&quot;:&quot;&quot;,&quot;created_timestamp&quot;:&quot;0&quot;,&quot;copyright&quot;:&quot;&quot;,&quot;focal_length&quot;:&quot;0&quot;,&quot;iso&quot;:&quot;0&quot;,&quot;shutter_speed&quot;:&quot;0&quot;,&quot;title&quot;:&quot;&quot;,&quot;orientation&quot;:&quot;0&quot;}\" data-image-title=\"Captura de pantalla 2016-01-30 a la(s) 01.11.04\" data-image-description=\"\" data-image-caption=\"\" data-medium-file=\"http:\/\/yomeunoalretto.org\/wp-content\/uploads\/2016\/01\/Captura-de-pantalla-2016-01-30-a-las-01.11.04-250x73.png\" data-large-file=\"http:\/\/yomeunoalretto.org\/wp-content\/uploads\/2016\/01\/Captura-de-pantalla-2016-01-30-a-las-01.11.04.png\" decoding=\"async\" loading=\"lazy\" class=\"wp-image-3685 aligncenter\" src=\"http:\/\/yomeunoalretto.org\/wp-content\/uploads\/2016\/01\/Captura-de-pantalla-2016-01-30-a-las-01.11.04-250x73.png\" alt=\"Captura de pantalla 2016-01-30 a la(s) 01.11.04\" width=\"205\" height=\"60\" srcset=\"http:\/\/yomeunoalretto.org\/wp-content\/uploads\/2016\/01\/Captura-de-pantalla-2016-01-30-a-las-01.11.04-250x73.png 250w, http:\/\/yomeunoalretto.org\/wp-content\/uploads\/2016\/01\/Captura-de-pantalla-2016-01-30-a-las-01.11.04-216x63.png 216w, http:\/\/yomeunoalretto.org\/wp-content\/uploads\/2016\/01\/Captura-de-pantalla-2016-01-30-a-las-01.11.04.png 265w\" sizes=\"(max-width: 205px) 100vw, 205px\" \/><img data-attachment-id=\"3684\" data-permalink=\"http:\/\/yomeunoalretto.org\/?attachment_id=3684\" data-orig-file=\"http:\/\/yomeunoalretto.org\/wp-content\/uploads\/2016\/01\/Captura-de-pantalla-2016-01-30-a-las-01.08.51.png\" data-orig-size=\"294,110\" data-comments-opened=\"1\" data-image-meta=\"{&quot;aperture&quot;:&quot;0&quot;,&quot;credit&quot;:&quot;&quot;,&quot;camera&quot;:&quot;&quot;,&quot;caption&quot;:&quot;&quot;,&quot;created_timestamp&quot;:&quot;0&quot;,&quot;copyright&quot;:&quot;&quot;,&quot;focal_length&quot;:&quot;0&quot;,&quot;iso&quot;:&quot;0&quot;,&quot;shutter_speed&quot;:&quot;0&quot;,&quot;title&quot;:&quot;&quot;,&quot;orientation&quot;:&quot;0&quot;}\" data-image-title=\"Captura de pantalla 2016-01-30 a la(s) 01.08.51\" data-image-description=\"\" data-image-caption=\"\" data-medium-file=\"http:\/\/yomeunoalretto.org\/wp-content\/uploads\/2016\/01\/Captura-de-pantalla-2016-01-30-a-las-01.08.51-250x94.png\" data-large-file=\"http:\/\/yomeunoalretto.org\/wp-content\/uploads\/2016\/01\/Captura-de-pantalla-2016-01-30-a-las-01.08.51.png\" decoding=\"async\" loading=\"lazy\" class=\"aligncenter wp-image-3684\" src=\"http:\/\/yomeunoalretto.org\/wp-content\/uploads\/2016\/01\/Captura-de-pantalla-2016-01-30-a-las-01.08.51-250x94.png\" alt=\"Captura de pantalla 2016-01-30 a la(s) 01.08.51\" width=\"173\" height=\"65\" srcset=\"http:\/\/yomeunoalretto.org\/wp-content\/uploads\/2016\/01\/Captura-de-pantalla-2016-01-30-a-las-01.08.51-250x94.png 250w, http:\/\/yomeunoalretto.org\/wp-content\/uploads\/2016\/01\/Captura-de-pantalla-2016-01-30-a-las-01.08.51-216x81.png 216w, http:\/\/yomeunoalretto.org\/wp-content\/uploads\/2016\/01\/Captura-de-pantalla-2016-01-30-a-las-01.08.51.png 294w\" sizes=\"(max-width: 173px) 100vw, 173px\" \/><\/p>\n<p><img data-attachment-id=\"3678\" data-permalink=\"http:\/\/yomeunoalretto.org\/?attachment_id=3678\" data-orig-file=\"http:\/\/yomeunoalretto.org\/wp-content\/uploads\/2016\/01\/logo-cd-cadiz-costa-de-la-luz.jpg\" data-orig-size=\"300,180\" data-comments-opened=\"1\" data-image-meta=\"{&quot;aperture&quot;:&quot;0&quot;,&quot;credit&quot;:&quot;&quot;,&quot;camera&quot;:&quot;&quot;,&quot;caption&quot;:&quot;&quot;,&quot;created_timestamp&quot;:&quot;0&quot;,&quot;copyright&quot;:&quot;&quot;,&quot;focal_length&quot;:&quot;0&quot;,&quot;iso&quot;:&quot;0&quot;,&quot;shutter_speed&quot;:&quot;0&quot;,&quot;title&quot;:&quot;&quot;,&quot;orientation&quot;:&quot;0&quot;}\" data-image-title=\"logo-cd-cadiz-costa-de-la-luz\" data-image-description=\"\" data-image-caption=\"\" data-medium-file=\"http:\/\/yomeunoalretto.org\/wp-content\/uploads\/2016\/01\/logo-cd-cadiz-costa-de-la-luz-250x150.jpg\" data-large-file=\"http:\/\/yomeunoalretto.org\/wp-content\/uploads\/2016\/01\/logo-cd-cadiz-costa-de-la-luz.jpg\" decoding=\"async\" loading=\"lazy\" class=\"wp-image-3678 aligncenter\" src=\"http:\/\/yomeunoalretto.org\/wp-content\/uploads\/2016\/01\/logo-cd-cadiz-costa-de-la-luz-250x150.jpg\" alt=\"logo-cd-cadiz-costa-de-la-luz\" width=\"170\" height=\"102\" srcset=\"http:\/\/yomeunoalretto.org\/wp-content\/uploads\/2016\/01\/logo-cd-cadiz-costa-de-la-luz-250x150.jpg 250w, http:\/\/yomeunoalretto.org\/wp-content\/uploads\/2016\/01\/logo-cd-cadiz-costa-de-la-luz-216x130.jpg 216w, http:\/\/yomeunoalretto.org\/wp-content\/uploads\/2016\/01\/logo-cd-cadiz-costa-de-la-luz.jpg 300w\" sizes=\"(max-width: 170px) 100vw, 170px\" \/><img data-attachment-id=\"3677\" data-permalink=\"http:\/\/yomeunoalretto.org\/?attachment_id=3677\" data-orig-file=\"http:\/\/yomeunoalretto.org\/wp-content\/uploads\/2016\/01\/LOGO_PEQ_CRUZROJA-1.jpg\" data-orig-size=\"300,180\" data-comments-opened=\"1\" data-image-meta=\"{&quot;aperture&quot;:&quot;0&quot;,&quot;credit&quot;:&quot;&quot;,&quot;camera&quot;:&quot;&quot;,&quot;caption&quot;:&quot;&quot;,&quot;created_timestamp&quot;:&quot;0&quot;,&quot;copyright&quot;:&quot;&quot;,&quot;focal_length&quot;:&quot;0&quot;,&quot;iso&quot;:&quot;0&quot;,&quot;shutter_speed&quot;:&quot;0&quot;,&quot;title&quot;:&quot;&quot;,&quot;orientation&quot;:&quot;1&quot;}\" data-image-title=\"LOGO_PEQ_CRUZROJA-1\" data-image-description=\"\" data-image-caption=\"\" data-medium-file=\"http:\/\/yomeunoalretto.org\/wp-content\/uploads\/2016\/01\/LOGO_PEQ_CRUZROJA-1-250x150.jpg\" data-large-file=\"http:\/\/yomeunoalretto.org\/wp-content\/uploads\/2016\/01\/LOGO_PEQ_CRUZROJA-1.jpg\" decoding=\"async\" loading=\"lazy\" class=\"wp-image-3677 aligncenter\" src=\"http:\/\/yomeunoalretto.org\/wp-content\/uploads\/2016\/01\/LOGO_PEQ_CRUZROJA-1-250x150.jpg\" alt=\"LOGO_PEQ_CRUZROJA-1\" width=\"127\" height=\"76\" srcset=\"http:\/\/yomeunoalretto.org\/wp-content\/uploads\/2016\/01\/LOGO_PEQ_CRUZROJA-1-250x150.jpg 250w, http:\/\/yomeunoalretto.org\/wp-content\/uploads\/2016\/01\/LOGO_PEQ_CRUZROJA-1-216x130.jpg 216w, http:\/\/yomeunoalretto.org\/wp-content\/uploads\/2016\/01\/LOGO_PEQ_CRUZROJA-1.jpg 300w\" sizes=\"(max-width: 127px) 100vw, 127px\" \/><br \/>\nPatrocinadores:<\/p>\n<p><img data-attachment-id=\"3680\" data-permalink=\"http:\/\/yomeunoalretto.org\/?attachment_id=3680\" data-orig-file=\"http:\/\/yomeunoalretto.org\/wp-content\/uploads\/2016\/01\/tarjeta-fruteria.jpg\" data-orig-size=\"674,410\" data-comments-opened=\"1\" data-image-meta=\"{&quot;aperture&quot;:&quot;0&quot;,&quot;credit&quot;:&quot;&quot;,&quot;camera&quot;:&quot;&quot;,&quot;caption&quot;:&quot;&quot;,&quot;created_timestamp&quot;:&quot;1407845885&quot;,&quot;copyright&quot;:&quot;&quot;,&quot;focal_length&quot;:&quot;0&quot;,&quot;iso&quot;:&quot;0&quot;,&quot;shutter_speed&quot;:&quot;0&quot;,&quot;title&quot;:&quot;&quot;,&quot;orientation&quot;:&quot;0&quot;}\" data-image-title=\"tarjeta fruteria\" data-image-description=\"\" data-image-caption=\"\" data-medium-file=\"http:\/\/yomeunoalretto.org\/wp-content\/uploads\/2016\/01\/tarjeta-fruteria-250x152.jpg\" data-large-file=\"http:\/\/yomeunoalretto.org\/wp-content\/uploads\/2016\/01\/tarjeta-fruteria.jpg\" decoding=\"async\" loading=\"lazy\" class=\"alignleft wp-image-3680\" src=\"http:\/\/yomeunoalretto.org\/wp-content\/uploads\/2016\/01\/tarjeta-fruteria-250x152.jpg\" alt=\"tarjeta fruteria\" width=\"188\" height=\"114\" srcset=\"http:\/\/yomeunoalretto.org\/wp-content\/uploads\/2016\/01\/tarjeta-fruteria-250x152.jpg 250w, http:\/\/yomeunoalretto.org\/wp-content\/uploads\/2016\/01\/tarjeta-fruteria-216x131.jpg 216w, http:\/\/yomeunoalretto.org\/wp-content\/uploads\/2016\/01\/tarjeta-fruteria.jpg 674w\" sizes=\"(max-width: 188px) 100vw, 188px\" \/><\/p>\n<p><img data-attachment-id=\"3674\" data-permalink=\"http:\/\/yomeunoalretto.org\/?attachment_id=3674\" data-orig-file=\"http:\/\/yomeunoalretto.org\/wp-content\/uploads\/2016\/01\/images-3-1.jpeg\" data-orig-size=\"267,189\" data-comments-opened=\"1\" data-image-meta=\"{&quot;aperture&quot;:&quot;0&quot;,&quot;credit&quot;:&quot;&quot;,&quot;camera&quot;:&quot;&quot;,&quot;caption&quot;:&quot;&quot;,&quot;created_timestamp&quot;:&quot;0&quot;,&quot;copyright&quot;:&quot;&quot;,&quot;focal_length&quot;:&quot;0&quot;,&quot;iso&quot;:&quot;0&quot;,&quot;shutter_speed&quot;:&quot;0&quot;,&quot;title&quot;:&quot;&quot;,&quot;orientation&quot;:&quot;0&quot;}\" data-image-title=\"images-3-1\" data-image-description=\"\" data-image-caption=\"\" data-medium-file=\"http:\/\/yomeunoalretto.org\/wp-content\/uploads\/2016\/01\/images-3-1-250x177.jpeg\" data-large-file=\"http:\/\/yomeunoalretto.org\/wp-content\/uploads\/2016\/01\/images-3-1.jpeg\" decoding=\"async\" loading=\"lazy\" class=\"wp-image-3674 alignright\" src=\"http:\/\/yomeunoalretto.org\/wp-content\/uploads\/2016\/01\/images-3-1-250x177.jpeg\" alt=\"images-3-1\" width=\"188\" height=\"133\" srcset=\"http:\/\/yomeunoalretto.org\/wp-content\/uploads\/2016\/01\/images-3-1-250x177.jpeg 250w, http:\/\/yomeunoalretto.org\/wp-content\/uploads\/2016\/01\/images-3-1-216x153.jpeg 216w, http:\/\/yomeunoalretto.org\/wp-content\/uploads\/2016\/01\/images-3-1.jpeg 267w\" sizes=\"(max-width: 188px) 100vw, 188px\" \/>\u00a0<img data-attachment-id=\"3675\" data-permalink=\"http:\/\/yomeunoalretto.org\/?attachment_id=3675\" data-orig-file=\"http:\/\/yomeunoalretto.org\/wp-content\/uploads\/2016\/01\/images-4-1.jpeg\" data-orig-size=\"260,81\" data-comments-opened=\"1\" data-image-meta=\"{&quot;aperture&quot;:&quot;0&quot;,&quot;credit&quot;:&quot;&quot;,&quot;camera&quot;:&quot;&quot;,&quot;caption&quot;:&quot;&quot;,&quot;created_timestamp&quot;:&quot;0&quot;,&quot;copyright&quot;:&quot;&quot;,&quot;focal_length&quot;:&quot;0&quot;,&quot;iso&quot;:&quot;0&quot;,&quot;shutter_speed&quot;:&quot;0&quot;,&quot;title&quot;:&quot;&quot;,&quot;orientation&quot;:&quot;0&quot;}\" data-image-title=\"images-4-1\" data-image-description=\"\" data-image-caption=\"\" data-medium-file=\"http:\/\/yomeunoalretto.org\/wp-content\/uploads\/2016\/01\/images-4-1-250x78.jpeg\" data-large-file=\"http:\/\/yomeunoalretto.org\/wp-content\/uploads\/2016\/01\/images-4-1.jpeg\" decoding=\"async\" loading=\"lazy\" class=\"wp-image-3675 aligncenter\" src=\"http:\/\/yomeunoalretto.org\/wp-content\/uploads\/2016\/01\/images-4-1-250x78.jpeg\" alt=\"images-4-1\" width=\"183\" height=\"57\" srcset=\"http:\/\/yomeunoalretto.org\/wp-content\/uploads\/2016\/01\/images-4-1-250x78.jpeg 250w, http:\/\/yomeunoalretto.org\/wp-content\/uploads\/2016\/01\/images-4-1-216x67.jpeg 216w, http:\/\/yomeunoalretto.org\/wp-content\/uploads\/2016\/01\/images-4-1.jpeg 260w\" sizes=\"(max-width: 183px) 100vw, 183px\" \/><\/p>\n<p>&nbsp;<\/p>\n<p>Recorrido:<\/p>\n<p><strong>Litoral playa victoria, 7 km (3,5 km direcci\u00f3n San Fernando y 3,5 vuelta).<\/strong><\/p>\n<p>Salida y meta altura Hotel Tryp Caleta.<\/p>\n<p>La prueba estar\u00e1 abierta a todos aquellos atletas que lo deseen, posean licencia federativa o no.<\/p>\n<p>Las <strong>inscripciones<\/strong> se realizar\u00e1n <strong>on-line<\/strong> en la web<a href=\"http:\/\/conchipandalucia.com\/evento\/ii-carrera-popular-por-el-sindrome-de-rett-yo-me-uno-al-retto\/\" target=\"_blank\"><img data-attachment-id=\"3681\" data-permalink=\"http:\/\/yomeunoalretto.org\/?attachment_id=3681\" data-orig-file=\"http:\/\/yomeunoalretto.org\/wp-content\/uploads\/2016\/01\/Captura-de-pantalla-2016-01-30-a-las-01.01.32.png\" data-orig-size=\"448,112\" data-comments-opened=\"1\" data-image-meta=\"{&quot;aperture&quot;:&quot;0&quot;,&quot;credit&quot;:&quot;&quot;,&quot;camera&quot;:&quot;&quot;,&quot;caption&quot;:&quot;&quot;,&quot;created_timestamp&quot;:&quot;0&quot;,&quot;copyright&quot;:&quot;&quot;,&quot;focal_length&quot;:&quot;0&quot;,&quot;iso&quot;:&quot;0&quot;,&quot;shutter_speed&quot;:&quot;0&quot;,&quot;title&quot;:&quot;&quot;,&quot;orientation&quot;:&quot;0&quot;}\" data-image-title=\"Captura de pantalla 2016-01-30 a la(s) 01.01.32\" data-image-description=\"\" data-image-caption=\"\" data-medium-file=\"http:\/\/yomeunoalretto.org\/wp-content\/uploads\/2016\/01\/Captura-de-pantalla-2016-01-30-a-las-01.01.32-250x63.png\" data-large-file=\"http:\/\/yomeunoalretto.org\/wp-content\/uploads\/2016\/01\/Captura-de-pantalla-2016-01-30-a-las-01.01.32.png\" decoding=\"async\" loading=\"lazy\" class=\"wp-image-3681 aligncenter\" src=\"http:\/\/yomeunoalretto.org\/wp-content\/uploads\/2016\/01\/Captura-de-pantalla-2016-01-30-a-las-01.01.32-250x63.png\" alt=\"Captura de pantalla 2016-01-30 a la(s) 01.01.32\" width=\"309\" height=\"78\" srcset=\"http:\/\/yomeunoalretto.org\/wp-content\/uploads\/2016\/01\/Captura-de-pantalla-2016-01-30-a-las-01.01.32-250x63.png 250w, http:\/\/yomeunoalretto.org\/wp-content\/uploads\/2016\/01\/Captura-de-pantalla-2016-01-30-a-las-01.01.32-216x54.png 216w, http:\/\/yomeunoalretto.org\/wp-content\/uploads\/2016\/01\/Captura-de-pantalla-2016-01-30-a-las-01.01.32.png 448w\" sizes=\"(max-width: 309px) 100vw, 309px\" \/><\/a><\/p>\n<p>Los <strong>dorsales<\/strong>, se recoger\u00e1n desde <strong>2 horas antes<\/strong> del inicio de la carrera (10:00 horas) Paseo Mar\u00edtimo altura calle Brasil <strong>frente del Hotel Tryp la Caleta<\/strong>, donde dar\u00e1 comienzo la carrera. Ser\u00e1 necesario acreditarse con DNI u otra documentaci\u00f3n que lo identifique o autorizaci\u00f3n para recoger el dorsal.<\/p>\n<p>Precio de la inscripci\u00f3n: <strong>solamente\u00a06 \u20ac.<\/strong> (Seis Euros)<\/p>\n<p>O bien puedes colaborar con el Dorsal Cero haciendo una transferencia a la cuenta:<\/p>\n<p style=\"text-align: center;\">ES87 0133 8694 2342 0000 1836<\/p>\n<p>En caso de menores de edad, la inscripci\u00f3n debe ir acompa\u00f1ada de autorizaci\u00f3n del padre\/madre o tutor\/a. (<span style=\"color: #cc99ff;\"><strong><a style=\"color: #cc99ff;\" href=\"http:\/\/yomeunoalretto.org\/wp-content\/uploads\/2016\/01\/inscripcion-de-menores-pruebas-deportivas-29-02-16-1.pdf\" target=\"_blank\">Que se puede descargar en este enlace<\/a><\/strong><\/span>) Ser\u00e1n los tutores, padres o guardadores legales de los menores los responsables de estos en todo momento.<\/p>\n<p>Gracias, una vez mas por unirte al Retto.<\/p>\n<div class=\"sharedaddy sd-sharing-enabled\"><div class=\"robots-nocontent sd-block sd-social sd-social-icon sd-sharing\"><h3 class=\"sd-title\">Comparte esto:<\/h3><div class=\"sd-content\"><ul><li class=\"share-facebook\"><a rel=\"nofollow noopener noreferrer\" data-shared=\"sharing-facebook-3667\" class=\"share-facebook sd-button share-icon no-text\" href=\"http:\/\/yomeunoalretto.org\/?page_id=3667&amp;share=facebook\" target=\"_blank\" title=\"Haz clic para compartir en Facebook\" ><span><\/span><span class=\"sharing-screen-reader-text\">Haz clic para compartir en Facebook (Se abre en una ventana nueva)<\/span><\/a><\/li><li class=\"share-twitter\"><a rel=\"nofollow noopener noreferrer\" data-shared=\"sharing-twitter-3667\" class=\"share-twitter sd-button share-icon no-text\" href=\"http:\/\/yomeunoalretto.org\/?page_id=3667&amp;share=twitter\" target=\"_blank\" title=\"Haz clic para compartir en Twitter\" ><span><\/span><span class=\"sharing-screen-reader-text\">Haz clic para compartir en Twitter (Se abre en una ventana nueva)<\/span><\/a><\/li><li class=\"share-print\"><a rel=\"nofollow noopener noreferrer\" data-shared=\"\" class=\"share-print sd-button share-icon no-text\" href=\"http:\/\/yomeunoalretto.org\/?page_id=3667\" target=\"_blank\" title=\"Haz clic para imprimir\" ><span><\/span><span class=\"sharing-screen-reader-text\">Haz clic para imprimir (Se abre en una ventana nueva)<\/span><\/a><\/li><li class=\"share-email\"><a rel=\"nofollow noopener noreferrer\" data-shared=\"\" class=\"share-email sd-button share-icon no-text\" href=\"mailto:?subject=%5BEntrada%20compartida%5D%2029%20Febrero%202016%2012%3A00%20%2F%20II%20Carrera%20Popular%20por%20el%20S%C3%ADndrome%20de%20Rett%20%23YomeunoalRetto&body=http%3A%2F%2Fyomeunoalretto.org%2F%3Fpage_id%3D3667&share=email\" target=\"_blank\" title=\"Haz clic para enviar un enlace por correo electr\u00f3nico a un amigo\" data-email-share-error-title=\"\u00bfTienes un correo electr\u00f3nico configurado?\" data-email-share-error-text=\"Si tienes problemas al compartir por correo electr\u00f3nico, es posible que sea porque no tengas un correo electr\u00f3nico configurado en tu navegador. Puede que tengas que crear un nuevo correo electr\u00f3nico t\u00fa mismo.\" data-email-share-nonce=\"d1f0e7bc07\" data-email-share-track-url=\"http:\/\/yomeunoalretto.org\/?page_id=3667&amp;share=email\"><span><\/span><span class=\"sharing-screen-reader-text\">Haz clic para enviar un enlace por correo electr\u00f3nico a un amigo (Se abre en una ventana nueva)<\/span><\/a><\/li><li><a href=\"#\" class=\"sharing-anchor sd-button share-more\"><span>M\u00e1s<\/span><\/a><\/li><li class=\"share-end\"><\/li><\/ul><div class=\"sharing-hidden\"><div class=\"inner\" style=\"display: none;\"><ul><li class=\"share-linkedin\"><a rel=\"nofollow noopener noreferrer\" data-shared=\"sharing-linkedin-3667\" class=\"share-linkedin sd-button share-icon no-text\" href=\"http:\/\/yomeunoalretto.org\/?page_id=3667&amp;share=linkedin\" target=\"_blank\" title=\"Haz clic para compartir en LinkedIn\" ><span><\/span><span class=\"sharing-screen-reader-text\">Haz clic para compartir en LinkedIn (Se abre en una ventana nueva)<\/span><\/a><\/li><li class=\"share-tumblr\"><a rel=\"nofollow noopener noreferrer\" data-shared=\"\" class=\"share-tumblr sd-button share-icon no-text\" href=\"http:\/\/yomeunoalretto.org\/?page_id=3667&amp;share=tumblr\" target=\"_blank\" title=\"Haz clic para compartir en Tumblr\" ><span><\/span><span class=\"sharing-screen-reader-text\">Haz clic para compartir en Tumblr (Se abre en una ventana nueva)<\/span><\/a><\/li><li class=\"share-end\"><\/li><li class=\"share-reddit\"><a rel=\"nofollow noopener noreferrer\" data-shared=\"\" class=\"share-reddit sd-button share-icon no-text\" href=\"http:\/\/yomeunoalretto.org\/?page_id=3667&amp;share=reddit\" target=\"_blank\" title=\"Haz clic para compartir en Reddit\" ><span><\/span><span class=\"sharing-screen-reader-text\">Haz clic para compartir en Reddit (Se abre en una ventana nueva)<\/span><\/a><\/li><li class=\"share-pocket\"><a rel=\"nofollow noopener noreferrer\" data-shared=\"\" class=\"share-pocket sd-button share-icon no-text\" href=\"http:\/\/yomeunoalretto.org\/?page_id=3667&amp;share=pocket\" target=\"_blank\" title=\"Haz clic para compartir en Pocket\" ><span><\/span><span class=\"sharing-screen-reader-text\">Haz clic para compartir en Pocket (Se abre en una ventana nueva)<\/span><\/a><\/li><li class=\"share-end\"><\/li><li class=\"share-pinterest\"><a rel=\"nofollow noopener noreferrer\" data-shared=\"sharing-pinterest-3667\" class=\"share-pinterest sd-button share-icon no-text\" href=\"http:\/\/yomeunoalretto.org\/?page_id=3667&amp;share=pinterest\" target=\"_blank\" title=\"Haz clic para compartir en Pinterest\" ><span><\/span><span class=\"sharing-screen-reader-text\">Haz clic para compartir en Pinterest (Se abre en una ventana nueva)<\/span><\/a><\/li><li class=\"share-end\"><\/li><\/ul><\/div><\/div><\/div><\/div><\/div>","protected":false},"excerpt":{"rendered":"<p>Con motivo de la conmemoraci\u00f3n del d\u00eda Internacional de las enfermedades raras, el 29 de febrero para conmemorar este d\u00eda bajo el lema \u00ab\u00danete a nosotros para hacer la voz de las enfermedades raras se oiga\u00bb (Join us in making the voice of rare diseases heard). Nuestra asociaci\u00f3n pretende concienciar a la sociedad gaditana de [&hellip;]<\/p>\n<div class=\"sharedaddy sd-sharing-enabled\"><div class=\"robots-nocontent sd-block sd-social sd-social-icon sd-sharing\"><h3 class=\"sd-title\">Comparte esto:<\/h3><div class=\"sd-content\"><ul><li class=\"share-facebook\"><a rel=\"nofollow noopener noreferrer\" data-shared=\"sharing-facebook-3667\" class=\"share-facebook sd-button share-icon no-text\" href=\"http:\/\/yomeunoalretto.org\/?page_id=3667&amp;share=facebook\" target=\"_blank\" title=\"Haz clic para compartir en Facebook\" ><span><\/span><span class=\"sharing-screen-reader-text\">Haz clic para compartir en Facebook (Se abre en una ventana nueva)<\/span><\/a><\/li><li class=\"share-twitter\"><a rel=\"nofollow noopener noreferrer\" data-shared=\"sharing-twitter-3667\" class=\"share-twitter sd-button share-icon no-text\" href=\"http:\/\/yomeunoalretto.org\/?page_id=3667&amp;share=twitter\" target=\"_blank\" title=\"Haz clic para compartir en Twitter\" ><span><\/span><span class=\"sharing-screen-reader-text\">Haz clic para compartir en Twitter (Se abre en una ventana nueva)<\/span><\/a><\/li><li class=\"share-print\"><a rel=\"nofollow noopener noreferrer\" data-shared=\"\" class=\"share-print sd-button share-icon no-text\" href=\"http:\/\/yomeunoalretto.org\/?page_id=3667\" target=\"_blank\" title=\"Haz clic para imprimir\" ><span><\/span><span class=\"sharing-screen-reader-text\">Haz clic para imprimir (Se abre en una ventana nueva)<\/span><\/a><\/li><li class=\"share-email\"><a rel=\"nofollow noopener noreferrer\" data-shared=\"\" class=\"share-email sd-button share-icon no-text\" href=\"mailto:?subject=%5BEntrada%20compartida%5D%2029%20Febrero%202016%2012%3A00%20%2F%20II%20Carrera%20Popular%20por%20el%20S%C3%ADndrome%20de%20Rett%20%23YomeunoalRetto&body=http%3A%2F%2Fyomeunoalretto.org%2F%3Fpage_id%3D3667&share=email\" target=\"_blank\" title=\"Haz clic para enviar un enlace por correo electr\u00f3nico a un amigo\" data-email-share-error-title=\"\u00bfTienes un correo electr\u00f3nico configurado?\" data-email-share-error-text=\"Si tienes problemas al compartir por correo electr\u00f3nico, es posible que sea porque no tengas un correo electr\u00f3nico configurado en tu navegador. Puede que tengas que crear un nuevo correo electr\u00f3nico t\u00fa mismo.\" data-email-share-nonce=\"d1f0e7bc07\" data-email-share-track-url=\"http:\/\/yomeunoalretto.org\/?page_id=3667&amp;share=email\"><span><\/span><span class=\"sharing-screen-reader-text\">Haz clic para enviar un enlace por correo electr\u00f3nico a un amigo (Se abre en una ventana nueva)<\/span><\/a><\/li><li><a href=\"#\" class=\"sharing-anchor sd-button share-more\"><span>M\u00e1s<\/span><\/a><\/li><li class=\"share-end\"><\/li><\/ul><div class=\"sharing-hidden\"><div class=\"inner\" style=\"display: none;\"><ul><li class=\"share-linkedin\"><a rel=\"nofollow noopener noreferrer\" data-shared=\"sharing-linkedin-3667\" class=\"share-linkedin sd-button share-icon no-text\" href=\"http:\/\/yomeunoalretto.org\/?page_id=3667&amp;share=linkedin\" target=\"_blank\" title=\"Haz clic para compartir en LinkedIn\" ><span><\/span><span class=\"sharing-screen-reader-text\">Haz clic para compartir en LinkedIn (Se abre en una ventana nueva)<\/span><\/a><\/li><li class=\"share-tumblr\"><a rel=\"nofollow noopener noreferrer\" data-shared=\"\" class=\"share-tumblr sd-button share-icon no-text\" href=\"http:\/\/yomeunoalretto.org\/?page_id=3667&amp;share=tumblr\" target=\"_blank\" title=\"Haz clic para compartir en Tumblr\" ><span><\/span><span class=\"sharing-screen-reader-text\">Haz clic para compartir en Tumblr (Se abre en una ventana nueva)<\/span><\/a><\/li><li class=\"share-end\"><\/li><li class=\"share-reddit\"><a rel=\"nofollow noopener noreferrer\" data-shared=\"\" class=\"share-reddit sd-button share-icon no-text\" href=\"http:\/\/yomeunoalretto.org\/?page_id=3667&amp;share=reddit\" target=\"_blank\" title=\"Haz clic para compartir en Reddit\" ><span><\/span><span class=\"sharing-screen-reader-text\">Haz clic para compartir en Reddit (Se abre en una ventana nueva)<\/span><\/a><\/li><li class=\"share-pocket\"><a rel=\"nofollow noopener noreferrer\" data-shared=\"\" class=\"share-pocket sd-button share-icon no-text\" href=\"http:\/\/yomeunoalretto.org\/?page_id=3667&amp;share=pocket\" target=\"_blank\" title=\"Haz clic para compartir en Pocket\" ><span><\/span><span class=\"sharing-screen-reader-text\">Haz clic para compartir en Pocket (Se abre en una ventana nueva)<\/span><\/a><\/li><li class=\"share-end\"><\/li><li class=\"share-pinterest\"><a rel=\"nofollow noopener noreferrer\" data-shared=\"sharing-pinterest-3667\" class=\"share-pinterest sd-button share-icon no-text\" href=\"http:\/\/yomeunoalretto.org\/?page_id=3667&amp;share=pinterest\" target=\"_blank\" title=\"Haz clic para compartir en Pinterest\" ><span><\/span><span class=\"sharing-screen-reader-text\">Haz clic para compartir en Pinterest (Se abre en una ventana nueva)<\/span><\/a><\/li><li class=\"share-end\"><\/li><\/ul><\/div><\/div><\/div><\/div><\/div>","protected":false},"author":1,"featured_media":3662,"parent":0,"menu_order":0,"comment_status":"closed","ping_status":"closed","template":"","meta":[],"jetpack_shortlink":"https:\/\/wp.me\/P4JzDn-X9","jetpack_sharing_enabled":true,"_links":{"self":[{"href":"http:\/\/yomeunoalretto.org\/index.php?rest_route=\/wp\/v2\/pages\/3667"}],"collection":[{"href":"http:\/\/yomeunoalretto.org\/index.php?rest_route=\/wp\/v2\/pages"}],"about":[{"href":"http:\/\/yomeunoalretto.org\/index.php?rest_route=\/wp\/v2\/types\/page"}],"author":[{"embeddable":true,"href":"http:\/\/yomeunoalretto.org\/index.php?rest_route=\/wp\/v2\/users\/1"}],"replies":[{"embeddable":true,"href":"http:\/\/yomeunoalretto.org\/index.php?rest_route=%2Fwp%2Fv2%2Fcomments&post=3667"}],"version-history":[{"count":18,"href":"http:\/\/yomeunoalretto.org\/index.php?rest_route=\/wp\/v2\/pages\/3667\/revisions"}],"predecessor-version":[{"id":3791,"href":"http:\/\/yomeunoalretto.org\/index.php?rest_route=\/wp\/v2\/pages\/3667\/revisions\/3791"}],"wp:featuredmedia":[{"embeddable":true,"href":"http:\/\/yomeunoalretto.org\/index.php?rest_route=\/wp\/v2\/media\/3662"}],"wp:attachment":[{"href":"http:\/\/yomeunoalretto.org\/index.php?rest_route=%2Fwp%2Fv2%2Fmedia&parent=3667"}],"curies":[{"name":"wp","href":"https:\/\/api.w.org\/{rel}","templated":true}]}}