{"id":3225,"date":"2015-06-27T14:29:15","date_gmt":"2015-06-27T13:29:15","guid":{"rendered":"http:\/\/yomeunoalretto.org\/?page_id=3225"},"modified":"2015-07-10T07:11:18","modified_gmt":"2015-07-10T06:11:18","slug":"concierto-solidario-por-el-rett-02-de-julio-2100","status":"publish","type":"page","link":"http:\/\/yomeunoalretto.org\/?page_id=3225","title":{"rendered":"Concierto Solidario por el Rett, 02 de Julio 21:00."},"content":{"rendered":"<p><img data-attachment-id=\"3228\" data-permalink=\"http:\/\/yomeunoalretto.org\/?attachment_id=3228\" data-orig-file=\"http:\/\/yomeunoalretto.org\/wp-content\/uploads\/2015\/06\/IMG_2827.jpg\" data-orig-size=\"877,1240\" data-comments-opened=\"1\" data-image-meta=\"{&quot;aperture&quot;:&quot;0&quot;,&quot;credit&quot;:&quot;&quot;,&quot;camera&quot;:&quot;&quot;,&quot;caption&quot;:&quot;&quot;,&quot;created_timestamp&quot;:&quot;0&quot;,&quot;copyright&quot;:&quot;&quot;,&quot;focal_length&quot;:&quot;0&quot;,&quot;iso&quot;:&quot;0&quot;,&quot;shutter_speed&quot;:&quot;0&quot;,&quot;title&quot;:&quot;&quot;,&quot;orientation&quot;:&quot;0&quot;}\" data-image-title=\"IMG_2827\" data-image-description=\"\" data-image-caption=\"\" data-medium-file=\"http:\/\/yomeunoalretto.org\/wp-content\/uploads\/2015\/06\/IMG_2827-177x250.jpg\" data-large-file=\"http:\/\/yomeunoalretto.org\/wp-content\/uploads\/2015\/06\/IMG_2827-724x1024.jpg\" decoding=\"async\" loading=\"lazy\" class=\"alignleft wp-image-3228 size-medium\" src=\"http:\/\/yomeunoalretto.org\/wp-content\/uploads\/2015\/06\/IMG_2827-177x250.jpg\" alt=\"IMG_2827\" width=\"177\" height=\"250\" srcset=\"http:\/\/yomeunoalretto.org\/wp-content\/uploads\/2015\/06\/IMG_2827-177x250.jpg 177w, http:\/\/yomeunoalretto.org\/wp-content\/uploads\/2015\/06\/IMG_2827-724x1024.jpg 724w, http:\/\/yomeunoalretto.org\/wp-content\/uploads\/2015\/06\/IMG_2827-119x168.jpg 119w, http:\/\/yomeunoalretto.org\/wp-content\/uploads\/2015\/06\/IMG_2827.jpg 877w\" sizes=\"(max-width: 177px) 100vw, 177px\" \/>Los alumnos de la escolan\u00eda de San Felipe Neri, se vuelven unir a nuestro Retto el pr\u00f3ximo jueves, esta vez\u00a0tenderemos el placer de o\u00edrles cantar\u00a0en la Iglesia Conventual de San Francisco. El acto dar\u00e1 comienzo a las 21:00 horas, y lo recaudado se destinar\u00e1 al trabajo de investigaci\u00f3n que se realiza en el Hospital de San Juan de Dios a trav\u00e9s de su Obra Social.<\/p>\n<p>Queremos dar las gracias a Blanca Angeriz, y a todos los ni\u00f1os de la escolan\u00eda por dedicarnos esa noche y no dejarnos solos en esta lucha, en este tercer concierto que realizan para este fin.<\/p>\n<p>Os\u00a0esperamos el pr\u00f3ximo Jueves a las 21:00 en la Iglesia de San Francisco (Intramuros), entrada gratuita.<\/p>\n<p>La Escolan\u00eda EM San Felipe Neri, de C\u00e1diz, es un coro de voces blancas creado en la Escuela de M\u00fasica<br \/>\ndel mismo nombre, formado por ni\u00f1os y ni\u00f1as de edades comprendidas entre 7 y 15 a\u00f1os y provenientes de diferentes colegios gaditanos, cuyo principal objetivo es acercar la M\u00fasica Coral a la poblaci\u00f3n m\u00e1s joven bajo el lema \u201cM\u00fasica de ni\u00f1os para ni\u00f1os\u201d. Su estreno en p\u00fablico tuvo lugar en diciembre de 2011, en la<\/p>\n<div id=\"attachment_1975\" style=\"width: 260px\" class=\"wp-caption alignright\"><img aria-describedby=\"caption-attachment-1975\" data-attachment-id=\"1975\" data-permalink=\"http:\/\/yomeunoalretto.org\/?attachment_id=1975\" data-orig-file=\"http:\/\/yomeunoalretto.org\/wp-content\/uploads\/2015\/01\/10960303_803361316408512_3293378440358760337_o.jpg\" data-orig-size=\"1720,828\" data-comments-opened=\"1\" data-image-meta=\"{&quot;aperture&quot;:&quot;0&quot;,&quot;credit&quot;:&quot;&quot;,&quot;camera&quot;:&quot;&quot;,&quot;caption&quot;:&quot;&quot;,&quot;created_timestamp&quot;:&quot;0&quot;,&quot;copyright&quot;:&quot;&quot;,&quot;focal_length&quot;:&quot;0&quot;,&quot;iso&quot;:&quot;0&quot;,&quot;shutter_speed&quot;:&quot;0&quot;,&quot;title&quot;:&quot;&quot;,&quot;orientation&quot;:&quot;0&quot;}\" data-image-title=\"10960303_803361316408512_3293378440358760337_o\" data-image-description=\"\" data-image-caption=\"&lt;p&gt;Escolan\u00eda San Felipe Neri&lt;\/p&gt;\n\" data-medium-file=\"http:\/\/yomeunoalretto.org\/wp-content\/uploads\/2015\/01\/10960303_803361316408512_3293378440358760337_o-250x120.jpg\" data-large-file=\"http:\/\/yomeunoalretto.org\/wp-content\/uploads\/2015\/01\/10960303_803361316408512_3293378440358760337_o-1024x493.jpg\" decoding=\"async\" loading=\"lazy\" class=\"size-medium wp-image-1975\" src=\"http:\/\/yomeunoalretto.org\/wp-content\/uploads\/2015\/01\/10960303_803361316408512_3293378440358760337_o-250x120.jpg\" alt=\"Escolan\u00eda San Felipe Neri\" width=\"250\" height=\"120\" srcset=\"http:\/\/yomeunoalretto.org\/wp-content\/uploads\/2015\/01\/10960303_803361316408512_3293378440358760337_o-250x120.jpg 250w, http:\/\/yomeunoalretto.org\/wp-content\/uploads\/2015\/01\/10960303_803361316408512_3293378440358760337_o-1024x493.jpg 1024w, http:\/\/yomeunoalretto.org\/wp-content\/uploads\/2015\/01\/10960303_803361316408512_3293378440358760337_o-216x104.jpg 216w, http:\/\/yomeunoalretto.org\/wp-content\/uploads\/2015\/01\/10960303_803361316408512_3293378440358760337_o.jpg 1720w\" sizes=\"(max-width: 250px) 100vw, 250px\" \/><p id=\"caption-attachment-1975\" class=\"wp-caption-text\">Escolan\u00eda San Felipe Neri<\/p><\/div>\n<p>Gala Ben\u00e9fica \u201cNing\u00fan ni\u00f1o sin juguete\u201d. Durante este tiempo, la Escolan\u00eda ha realizado numerosos conciertos (muchos de ellos con fines solidarios), formado parte de Encuentros Corales y Galas Ben\u00e9ficas y obtenido el 2\u00ba premio en el II Concurso \u201cQu\u00e9 arte hay en Cai\u201d, organizado por el colegio Salesianos de C\u00e1diz.<\/p>\n<p>Nos parece fabuloso no solo que ense\u00f1en m\u00fasica a los m\u00e1s j\u00f3venes sino que a trav\u00e9s de este medio est\u00e9 ense\u00f1ando valores tan importantes como la solidaridad, y as\u00ed poder llegar a reparar\u00a0el mundo.<\/p>\n<p>&nbsp;<\/p>\n<p>Directora: Blanca Angeriz Caburrasi<\/p>\n<p>Contacto: escolaniaemsfn@gmail.com<\/p>\n<p>Facebook:https:\/\/www.facebook.com\/escolaniaemsfn<\/p>\n<div class=\"sharedaddy sd-sharing-enabled\"><div class=\"robots-nocontent sd-block sd-social sd-social-icon sd-sharing\"><h3 class=\"sd-title\">Comparte esto:<\/h3><div class=\"sd-content\"><ul><li class=\"share-facebook\"><a rel=\"nofollow noopener noreferrer\" data-shared=\"sharing-facebook-3225\" class=\"share-facebook sd-button share-icon no-text\" href=\"http:\/\/yomeunoalretto.org\/?page_id=3225&amp;share=facebook\" target=\"_blank\" title=\"Haz clic para compartir en Facebook\" ><span><\/span><span class=\"sharing-screen-reader-text\">Haz clic para compartir en Facebook (Se abre en una ventana nueva)<\/span><\/a><\/li><li class=\"share-twitter\"><a rel=\"nofollow noopener noreferrer\" data-shared=\"sharing-twitter-3225\" class=\"share-twitter sd-button share-icon no-text\" href=\"http:\/\/yomeunoalretto.org\/?page_id=3225&amp;share=twitter\" target=\"_blank\" title=\"Haz clic para compartir en Twitter\" ><span><\/span><span class=\"sharing-screen-reader-text\">Haz clic para compartir en Twitter (Se abre en una ventana nueva)<\/span><\/a><\/li><li class=\"share-print\"><a rel=\"nofollow noopener noreferrer\" data-shared=\"\" class=\"share-print sd-button share-icon no-text\" href=\"http:\/\/yomeunoalretto.org\/?page_id=3225\" target=\"_blank\" title=\"Haz clic para imprimir\" ><span><\/span><span class=\"sharing-screen-reader-text\">Haz clic para imprimir (Se abre en una ventana nueva)<\/span><\/a><\/li><li class=\"share-email\"><a rel=\"nofollow noopener noreferrer\" data-shared=\"\" class=\"share-email sd-button share-icon no-text\" href=\"mailto:?subject=%5BEntrada%20compartida%5D%20Concierto%20Solidario%20por%20el%20Rett%2C%2002%20de%20Julio%2021%3A00.&body=http%3A%2F%2Fyomeunoalretto.org%2F%3Fpage_id%3D3225&share=email\" target=\"_blank\" title=\"Haz clic para enviar un enlace por correo electr\u00f3nico a un amigo\" data-email-share-error-title=\"\u00bfTienes un correo electr\u00f3nico configurado?\" data-email-share-error-text=\"Si tienes problemas al compartir por correo electr\u00f3nico, es posible que sea porque no tengas un correo electr\u00f3nico configurado en tu navegador. Puede que tengas que crear un nuevo correo electr\u00f3nico t\u00fa mismo.\" data-email-share-nonce=\"a252c0180c\" data-email-share-track-url=\"http:\/\/yomeunoalretto.org\/?page_id=3225&amp;share=email\"><span><\/span><span class=\"sharing-screen-reader-text\">Haz clic para enviar un enlace por correo electr\u00f3nico a un amigo (Se abre en una ventana nueva)<\/span><\/a><\/li><li><a href=\"#\" class=\"sharing-anchor sd-button share-more\"><span>M\u00e1s<\/span><\/a><\/li><li class=\"share-end\"><\/li><\/ul><div class=\"sharing-hidden\"><div class=\"inner\" style=\"display: none;\"><ul><li class=\"share-linkedin\"><a rel=\"nofollow noopener noreferrer\" data-shared=\"sharing-linkedin-3225\" class=\"share-linkedin sd-button share-icon no-text\" href=\"http:\/\/yomeunoalretto.org\/?page_id=3225&amp;share=linkedin\" target=\"_blank\" title=\"Haz clic para compartir en LinkedIn\" ><span><\/span><span class=\"sharing-screen-reader-text\">Haz clic para compartir en LinkedIn (Se abre en una ventana nueva)<\/span><\/a><\/li><li class=\"share-tumblr\"><a rel=\"nofollow noopener noreferrer\" data-shared=\"\" class=\"share-tumblr sd-button share-icon no-text\" href=\"http:\/\/yomeunoalretto.org\/?page_id=3225&amp;share=tumblr\" target=\"_blank\" title=\"Haz clic para compartir en Tumblr\" ><span><\/span><span class=\"sharing-screen-reader-text\">Haz clic para compartir en Tumblr (Se abre en una ventana nueva)<\/span><\/a><\/li><li class=\"share-end\"><\/li><li class=\"share-reddit\"><a rel=\"nofollow noopener noreferrer\" data-shared=\"\" class=\"share-reddit sd-button share-icon no-text\" href=\"http:\/\/yomeunoalretto.org\/?page_id=3225&amp;share=reddit\" target=\"_blank\" title=\"Haz clic para compartir en Reddit\" ><span><\/span><span class=\"sharing-screen-reader-text\">Haz clic para compartir en Reddit (Se abre en una ventana nueva)<\/span><\/a><\/li><li class=\"share-pocket\"><a rel=\"nofollow noopener noreferrer\" data-shared=\"\" class=\"share-pocket sd-button share-icon no-text\" href=\"http:\/\/yomeunoalretto.org\/?page_id=3225&amp;share=pocket\" target=\"_blank\" title=\"Haz clic para compartir en Pocket\" ><span><\/span><span class=\"sharing-screen-reader-text\">Haz clic para compartir en Pocket (Se abre en una ventana nueva)<\/span><\/a><\/li><li class=\"share-end\"><\/li><li class=\"share-pinterest\"><a rel=\"nofollow noopener noreferrer\" data-shared=\"sharing-pinterest-3225\" class=\"share-pinterest sd-button share-icon no-text\" href=\"http:\/\/yomeunoalretto.org\/?page_id=3225&amp;share=pinterest\" target=\"_blank\" title=\"Haz clic para compartir en Pinterest\" ><span><\/span><span class=\"sharing-screen-reader-text\">Haz clic para compartir en Pinterest (Se abre en una ventana nueva)<\/span><\/a><\/li><li class=\"share-end\"><\/li><\/ul><\/div><\/div><\/div><\/div><\/div>","protected":false},"excerpt":{"rendered":"<p>Los alumnos de la escolan\u00eda de San Felipe Neri, se vuelven unir a nuestro Retto el pr\u00f3ximo jueves, esta vez\u00a0tenderemos el placer de o\u00edrles cantar\u00a0en la Iglesia Conventual de San Francisco. El acto dar\u00e1 comienzo a las 21:00 horas, y lo recaudado se destinar\u00e1 al trabajo de investigaci\u00f3n que se realiza en el Hospital de [&hellip;]<\/p>\n<div class=\"sharedaddy sd-sharing-enabled\"><div class=\"robots-nocontent sd-block sd-social sd-social-icon sd-sharing\"><h3 class=\"sd-title\">Comparte esto:<\/h3><div class=\"sd-content\"><ul><li class=\"share-facebook\"><a rel=\"nofollow noopener noreferrer\" data-shared=\"sharing-facebook-3225\" class=\"share-facebook sd-button share-icon no-text\" href=\"http:\/\/yomeunoalretto.org\/?page_id=3225&amp;share=facebook\" target=\"_blank\" title=\"Haz clic para compartir en Facebook\" ><span><\/span><span class=\"sharing-screen-reader-text\">Haz clic para compartir en Facebook (Se abre en una ventana nueva)<\/span><\/a><\/li><li class=\"share-twitter\"><a rel=\"nofollow noopener noreferrer\" data-shared=\"sharing-twitter-3225\" class=\"share-twitter sd-button share-icon no-text\" href=\"http:\/\/yomeunoalretto.org\/?page_id=3225&amp;share=twitter\" target=\"_blank\" title=\"Haz clic para compartir en Twitter\" ><span><\/span><span class=\"sharing-screen-reader-text\">Haz clic para compartir en Twitter (Se abre en una ventana nueva)<\/span><\/a><\/li><li class=\"share-print\"><a rel=\"nofollow noopener noreferrer\" data-shared=\"\" class=\"share-print sd-button share-icon no-text\" href=\"http:\/\/yomeunoalretto.org\/?page_id=3225\" target=\"_blank\" title=\"Haz clic para imprimir\" ><span><\/span><span class=\"sharing-screen-reader-text\">Haz clic para imprimir (Se abre en una ventana nueva)<\/span><\/a><\/li><li class=\"share-email\"><a rel=\"nofollow noopener noreferrer\" data-shared=\"\" class=\"share-email sd-button share-icon no-text\" href=\"mailto:?subject=%5BEntrada%20compartida%5D%20Concierto%20Solidario%20por%20el%20Rett%2C%2002%20de%20Julio%2021%3A00.&body=http%3A%2F%2Fyomeunoalretto.org%2F%3Fpage_id%3D3225&share=email\" target=\"_blank\" title=\"Haz clic para enviar un enlace por correo electr\u00f3nico a un amigo\" data-email-share-error-title=\"\u00bfTienes un correo electr\u00f3nico configurado?\" data-email-share-error-text=\"Si tienes problemas al compartir por correo electr\u00f3nico, es posible que sea porque no tengas un correo electr\u00f3nico configurado en tu navegador. Puede que tengas que crear un nuevo correo electr\u00f3nico t\u00fa mismo.\" data-email-share-nonce=\"a252c0180c\" data-email-share-track-url=\"http:\/\/yomeunoalretto.org\/?page_id=3225&amp;share=email\"><span><\/span><span class=\"sharing-screen-reader-text\">Haz clic para enviar un enlace por correo electr\u00f3nico a un amigo (Se abre en una ventana nueva)<\/span><\/a><\/li><li><a href=\"#\" class=\"sharing-anchor sd-button share-more\"><span>M\u00e1s<\/span><\/a><\/li><li class=\"share-end\"><\/li><\/ul><div class=\"sharing-hidden\"><div class=\"inner\" style=\"display: none;\"><ul><li class=\"share-linkedin\"><a rel=\"nofollow noopener noreferrer\" data-shared=\"sharing-linkedin-3225\" class=\"share-linkedin sd-button share-icon no-text\" href=\"http:\/\/yomeunoalretto.org\/?page_id=3225&amp;share=linkedin\" target=\"_blank\" title=\"Haz clic para compartir en LinkedIn\" ><span><\/span><span class=\"sharing-screen-reader-text\">Haz clic para compartir en LinkedIn (Se abre en una ventana nueva)<\/span><\/a><\/li><li class=\"share-tumblr\"><a rel=\"nofollow noopener noreferrer\" data-shared=\"\" class=\"share-tumblr sd-button share-icon no-text\" href=\"http:\/\/yomeunoalretto.org\/?page_id=3225&amp;share=tumblr\" target=\"_blank\" title=\"Haz clic para compartir en Tumblr\" ><span><\/span><span class=\"sharing-screen-reader-text\">Haz clic para compartir en Tumblr (Se abre en una ventana nueva)<\/span><\/a><\/li><li class=\"share-end\"><\/li><li class=\"share-reddit\"><a rel=\"nofollow noopener noreferrer\" data-shared=\"\" class=\"share-reddit sd-button share-icon no-text\" href=\"http:\/\/yomeunoalretto.org\/?page_id=3225&amp;share=reddit\" target=\"_blank\" title=\"Haz clic para compartir en Reddit\" ><span><\/span><span class=\"sharing-screen-reader-text\">Haz clic para compartir en Reddit (Se abre en una ventana nueva)<\/span><\/a><\/li><li class=\"share-pocket\"><a rel=\"nofollow noopener noreferrer\" data-shared=\"\" class=\"share-pocket sd-button share-icon no-text\" href=\"http:\/\/yomeunoalretto.org\/?page_id=3225&amp;share=pocket\" target=\"_blank\" title=\"Haz clic para compartir en Pocket\" ><span><\/span><span class=\"sharing-screen-reader-text\">Haz clic para compartir en Pocket (Se abre en una ventana nueva)<\/span><\/a><\/li><li class=\"share-end\"><\/li><li class=\"share-pinterest\"><a rel=\"nofollow noopener noreferrer\" data-shared=\"sharing-pinterest-3225\" class=\"share-pinterest sd-button share-icon no-text\" href=\"http:\/\/yomeunoalretto.org\/?page_id=3225&amp;share=pinterest\" target=\"_blank\" title=\"Haz clic para compartir en Pinterest\" ><span><\/span><span class=\"sharing-screen-reader-text\">Haz clic para compartir en Pinterest (Se abre en una ventana nueva)<\/span><\/a><\/li><li class=\"share-end\"><\/li><\/ul><\/div><\/div><\/div><\/div><\/div>","protected":false},"author":1,"featured_media":3228,"parent":0,"menu_order":0,"comment_status":"open","ping_status":"open","template":"","meta":[],"jetpack_shortlink":"https:\/\/wp.me\/P4JzDn-Q1","jetpack_sharing_enabled":true,"_links":{"self":[{"href":"http:\/\/yomeunoalretto.org\/index.php?rest_route=\/wp\/v2\/pages\/3225"}],"collection":[{"href":"http:\/\/yomeunoalretto.org\/index.php?rest_route=\/wp\/v2\/pages"}],"about":[{"href":"http:\/\/yomeunoalretto.org\/index.php?rest_route=\/wp\/v2\/types\/page"}],"author":[{"embeddable":true,"href":"http:\/\/yomeunoalretto.org\/index.php?rest_route=\/wp\/v2\/users\/1"}],"replies":[{"embeddable":true,"href":"http:\/\/yomeunoalretto.org\/index.php?rest_route=%2Fwp%2Fv2%2Fcomments&post=3225"}],"version-history":[{"count":4,"href":"http:\/\/yomeunoalretto.org\/index.php?rest_route=\/wp\/v2\/pages\/3225\/revisions"}],"predecessor-version":[{"id":3259,"href":"http:\/\/yomeunoalretto.org\/index.php?rest_route=\/wp\/v2\/pages\/3225\/revisions\/3259"}],"wp:featuredmedia":[{"embeddable":true,"href":"http:\/\/yomeunoalretto.org\/index.php?rest_route=\/wp\/v2\/media\/3228"}],"wp:attachment":[{"href":"http:\/\/yomeunoalretto.org\/index.php?rest_route=%2Fwp%2Fv2%2Fmedia&parent=3225"}],"curies":[{"name":"wp","href":"https:\/\/api.w.org\/{rel}","templated":true}]}}