{"id":15,"date":"2014-05-26T16:33:45","date_gmt":"2014-05-26T15:33:45","guid":{"rendered":"http:\/\/yomeunoalretto.org\/?page_id=15"},"modified":"2014-07-14T18:26:40","modified_gmt":"2014-07-14T17:26:40","slug":"estatutos-de-nuestra-asociacion","status":"publish","type":"page","link":"http:\/\/yomeunoalretto.org\/?page_id=15","title":{"rendered":"Estatutos"},"content":{"rendered":"<h2 style=\"text-align: center;\">Estatutos de la Asociaci\u00f3n Gaditana<\/h2>\n<h2 style=\"text-align: center;\">\u201cYO ME UNO AL RETTO\u201d.<\/h2>\n<h2 style=\"text-align: center;\">Por la investigaci\u00f3n del S\u00edndrome Rett.<\/h2>\n<p>&nbsp;<\/p>\n<p>CAPITULO I. DISPOSICIONES GENERALES.<\/p>\n<p>Art\u00edculo 1. Denominaci\u00f3n y naturaleza.<br \/>\nArt\u00edculo 2. Personalidad y Capacidad.<br \/>\nArt\u00edculo 3. Nacionalidad y domicilio.<br \/>\nArt\u00edculo 4. \u00c1mbito de actuaci\u00f3n.<br \/>\nArt\u00edculo 5. Duraci\u00f3n.<\/p>\n<p>CAPITULO II. OBJETO DE LA ASOCIACI\u00d3N.<\/p>\n<p>Art\u00edculo 6. Fines y Actividades. .<\/p>\n<p>CAPITULO III. ASAMBLEA GENERAL.<br \/>\nArt\u00edculo 7. Composici\u00f3n.<br \/>\nArt\u00edculo 8. Clases de Sesiones.<br \/>\nArt\u00edculo 9. Convocatoria<br \/>\nArt\u00edculo 10. Qu\u00f3rum de asistencia y votaciones.<br \/>\nArt\u00edculo 11. Competencias.<br \/>\nArt\u00edculo 12. Obligatoriedad de los acuerdos.<\/p>\n<p>CAPITULO IV. JUNTA DIRECTIVA.<\/p>\n<p>Art\u00edculo 13. Composici\u00f3n.<br \/>\nArt\u00edculo 14. Elecci\u00f3n de cargos.<br \/>\nArt\u00edculo 15. Sesiones.<br \/>\nArt\u00edculo 16. Competencias.<br \/>\nArt\u00edculo 17. Presidente\/a. Competencias.<br \/>\nArt\u00edculo 18. Vicepresidente\/a. Competencias.<br \/>\nArt\u00edculo 19. Secretario\/a. Competencias.<br \/>\nArt\u00edculo 20. Tesorero\/a. Competencias.<br \/>\nArt\u00edculo 21. Vocales. Competencia.<\/p>\n<p>CAPITULO V. DE LOS\/AS SOCIOS\/AS.<\/p>\n<p>Art\u00edculo 22. Clasificaci\u00f3n.<br \/>\nArt\u00edculo 23. Derechos.<br \/>\nArt\u00edculo 24. Deberes.<br \/>\nArt\u00edculo 25. Bajas.<br \/>\nArt\u00edculo 26. R\u00e9gimen Disciplinario.<\/p>\n<p>CAPITULO VI. R\u00c9GIMEN ECON\u00d3MICO Y PATRIMONIAL.<\/p>\n<p>Art\u00edculo 27. Patrimonio.<br \/>\nArt\u00edculo 28. Ingresos.<br \/>\nArt\u00edculo 29. Cuotas.<br \/>\nArt\u00edculo 30. Obligaciones documentales y contables.<\/p>\n<p>CAPITULO VII. DISOLUCI\u00d3N Y LIQUIDACI\u00d3N DE LA ASOCIACI\u00d3N.<\/p>\n<p>Art\u00edculo 31. Disoluci\u00f3n.<br \/>\nArt\u00edculo 32. Liquidaci\u00f3n.<\/p>\n<p>CAPITULO VII. REFORMA DE LOS ESTATUTOS.<\/p>\n<p>Art\u00edculo 33. Reforma de los Estatutos.<\/p>\n<p>DISPOSICI\u00d3N ADICIONAL.<\/p>\n<p>DILIGENCIA FINAL.<\/p>\n<p>CAPITULO I. DISPOSICIONES GENERALES.<\/p>\n<p>Art\u00edculo 1. Denominaci\u00f3n y naturaleza.<\/p>\n<p>Con la denominaci\u00f3n de ASOCIACI\u00d3N GADITANA \u201cYO ME UNO AL RETTO\u201d POR LA INVESTIGACI\u00d3N DEL S\u00cdNDROME DE RETT, se constituye el d\u00eda 05 de mayo del a\u00f1o 2014 una organizaci\u00f3n de naturaleza asociativa y sin \u00e1nimo de lucro, al amparo de lo dispuesto en el art\u00edculo 22 de la Constituci\u00f3n Espa\u00f1ola, en Ley Org\u00e1nica 1\/2002, de 22 de marzo, reguladora del Derecho de Asociaci\u00f3n y dem\u00e1s disposiciones vigentes dictadas en desarrollo y aplicaci\u00f3n de aquella, en la Ley 4\/2006, de 23 de junio, de Asociaciones de Andaluc\u00eda, as\u00ed como en las disposiciones normativas concordantes.<\/p>\n<p>El r\u00e9gimen de la Asociaci\u00f3n est\u00e1 constituido por los presentes estatutos y los acuerdos v\u00e1lidamente adoptados por su Asamblea General y \u00f3rganos directivos, dentro de la esfera de su respectiva competencia. En lo no previsto se estar\u00e1 a lo establecido en la Ley Org\u00e1nica 1\/2002, de 22 de marzo, reguladora del Derecho de Asociaci\u00f3n; en la Ley 4\/2006, de 23 de junio, de Asociaciones de Andaluc\u00eda y dem\u00e1s disposiciones vigentes, as\u00ed como las que en cada momento sean aplicables.<\/p>\n<p>Art\u00edculo 2. Personalidad y Capacidad.<\/p>\n<p>Esta Asociaci\u00f3n tendr\u00e1, con arreglo a las Leyes, capacidad jur\u00eddica y plena capacidad de obrar, pudiendo realizar, en consecuencia, todos aquellos actos que sean necesarios para el cumplimiento de la finalidad para la que ha sido creada, con sujeci\u00f3n a lo establecido en el ordenamiento jur\u00eddico.<\/p>\n<p>Art\u00edculo 3. Nacionalidad y domicilio.<\/p>\n<p>La Asociaci\u00f3n que se crea tiene nacionalidad espa\u00f1ola.<\/p>\n<p>Esta Asociaci\u00f3n tendr\u00e1 su domicilio social en el piso primero de la calle Enrique de las Marinas n\u00famero 3 de la localidad de C\u00e1diz, provincia de C\u00e1diz, con c\u00f3digo postal 11003.<\/p>\n<p>El cambio de domicilio requerir\u00e1 acuerdo de la Asamblea General, convocada espec\u00edficamente con tal objeto, y la modificaci\u00f3n de los presentes Estatutos.<\/p>\n<p>El acuerdo de la Asamblea General deber\u00e1 ser comunicado al Registro de Asociaciones en el plazo de un mes, y s\u00f3lo producir\u00e1 efectos, tanto para los asociados\/as como para los terceros, desde que se produzca la inscripci\u00f3n.<\/p>\n<p>Art\u00edculo 4. \u00c1mbito de actuaci\u00f3n.<\/p>\n<p>El \u00e1mbito territorial de acci\u00f3n previsto para la Asociaci\u00f3n es provincial, sin prejuicio que en uni\u00f3n de otras Asociaciones, integradas en Federaciones o Confederaciones sus actuaciones comprenda la Comunidad Aut\u00f3noma de Andaluc\u00eda.<\/p>\n<p>Art\u00edculo 5. Duraci\u00f3n.<\/p>\n<p>Esta Asociaci\u00f3n se constituye por tiempo indefinido.<\/p>\n<p>CAPITULO II. OBJETO DE LA ASOCIACI\u00d3N.<\/p>\n<p>Art\u00edculo 6. Fines y Actividades. .<\/p>\n<p>Los fines de la Asociaci\u00f3n ser\u00e1n los siguientes:<\/p>\n<p>1. Proporcionar y difundir en los medios de comunicaci\u00f3n social y entre los agentes sociales, todo lo referente a la enfermedad conocida como \u201cS\u00edndrome de Rett\u201d al objeto del conocimiento de su existencia por la sociedad en general.<br \/>\n2. Estimular las investigaciones y estudios sobre la incidencia, evoluci\u00f3n terap\u00e9utica y posible etiolog\u00eda de la enfermedad.<br \/>\n3. Mantener los contactos necesarios con otras entidades y asociaciones relacionadas con el S\u00edndrome de Rett, de dentro y fuera de Espa\u00f1a, con el prop\u00f3sito de estar al d\u00eda en los avances cient\u00edficos que se produzcan en esta materia.<br \/>\n4. Pertenecer a federaciones y confederaciones de asociaciones de car\u00e1cter regional, nacional o internacional, as\u00ed como, fundaciones y otras organizaciones, tanto gubernamentales como no gubernamentales, que tengan el mismo objeto o af\u00edn que esta asociaci\u00f3n.<br \/>\n5. La recaudaci\u00f3n de fondos para la investigaci\u00f3n y divulgaci\u00f3n social de la existencia del S\u00edndrome de Rett.<\/p>\n<p>Para el cumplimiento de estos fines se realizar\u00e1n las siguientes actividades:<\/p>\n<p>1. Actividades encaminadas a la formaci\u00f3n integral de los socios para la divulgaci\u00f3n a la sociedad del conocimiento de la enfermedad, por medio de folletos informativos o enlaces a nuestra web www.yomeunoalretto.org.<br \/>\n2. Contacto permanente con la Obra Social Sant Joan de D\u00e9u, la Asociaci\u00f3n Espa\u00f1ola de S\u00edndrome de Rett, la iniciativa Fondo Biorret y otras Entidades, con la finalidad de colaborar y obtener informaci\u00f3n fluida y permanente sobre los estudios, terapias e investigaci\u00f3n del S\u00edndrome de Rett.<br \/>\n3. Organizar, previo los requisitos legales, que en cada caso sean exigidos, todo tipo de actividades culturales, musicales, l\u00fadicas, deportivas, eventos ben\u00e9ficos, sorteos, subastas, t\u00f3mbolas, donaciones, aportaciones, venta de art\u00edculos solidarios, reuniones, recepciones, fiestas sociales o actos de similar naturaleza. Todo ello encaminado a la recaudaci\u00f3n de fondos para contribuir a la investigaci\u00f3n del S\u00edndrome Rett.<br \/>\n4. Cualquier otra actividad encaminada al cumplimiento de los fines de esta asociaci\u00f3n que aprueben la Asamblea General y la Junta Directiva.<\/p>\n<p>CAPITULO III. ASAMBLEA GENERAL.<\/p>\n<p>Art\u00edculo 7. Composici\u00f3n.<\/p>\n<p>La Asamblea General es el \u00f3rgano supremo de gobierno de la Asociaci\u00f3n y est\u00e1 integrada por todos los asociados\/as.<\/p>\n<p>Art\u00edculo 8. Clases de Sesiones.<\/p>\n<p>Las reuniones de la Asamblea General ser\u00e1n Ordinarias y Extraordinarias.<\/p>\n<p>\u2022 La Asamblea General Ordinaria se reunir\u00e1 al menos una vez al a\u00f1o preferentemente en el primer trimestre.<br \/>\n\u2022 Las Asambleas Generales Extraordinarias se celebrar\u00e1n cuando las circunstancias lo aconsejen, a juicio del Presidente, cuando la Directiva lo acuerde o cuando lo proponga por escrito una d\u00e9cima parte de los\/as asociados\/as y con expresi\u00f3n concreta del orden del d\u00eda.<br \/>\nArt\u00edculo 9. Convocatoria.<\/p>\n<p>Las convocatorias de las Asambleas Generales se realizar\u00e1n por escrito expresando el lugar, d\u00eda y hora de la reuni\u00f3n, en primera y segunda convocatoria, as\u00ed como el orden del d\u00eda con expresi\u00f3n concreta de los asuntos a tratar. Utilizando el medio de notificaci\u00f3n que se crea conveniente. Preferentemente telem\u00e1tico.<\/p>\n<p>Art\u00edculo 10. Qu\u00f3rum de asistencia y votaciones.<\/p>\n<p>Las Asambleas Generales, tanto ordinarias como extraordinarias, quedar\u00e1n v\u00e1lidamente constituidas en primera convocatoria cuando concurran a ella un tercio de los asociados con derecho a voto, y en segunda convocatoria cualquiera que sea el n\u00famero de asociados\/as con derecho a voto. Ser\u00e1 necesaria en todo caso la presencia del Presidente\/a y Secretario\/a, o de las personas que legalmente les sustituyan.<\/p>\n<p>Los acuerdos se tomar\u00e1n por mayor\u00eda simple de las personas presentes o representadas cuando los votos afirmativos superen a los negativos, no siendo computables a estos efectos los votos en blanco ni las abstenciones. Sin embargo se necesitara mayor\u00eda absoluta, es decir, m\u00e1s de la mitad de votos de los presentes, para aprobar acuerdos sobre asuntos no incluidos en el Orden del D\u00eda, as\u00ed como para los apartados b) c) y g) de las competencias de la Asamblea General Extraordinaria.<\/p>\n<p>Art\u00edculo 11. Competencias.<\/p>\n<p>Es competencia de la Asamblea General Ordinaria los asuntos siguientes:<\/p>\n<p>\u2022 Aprobar, en su caso, la gesti\u00f3n de la Junta Directiva.<br \/>\n\u2022 Examinar y aprobar las cuentas anuales.<br \/>\n\u2022 Aprobar o rechazar las propuestas de la Junta Directiva en orden a las actividades de la Asociaci\u00f3n y directivas de funcionamiento de la misma.<br \/>\n\u2022 Acordar los gastos que hayan que atenderse con cuotas extraordinarias y su establecimiento, as\u00ed como los de las cuotas ordinarias, fijar la cuant\u00eda de \u00e9stas y su periodicidad.<br \/>\n\u2022 Cualquiera otra que no sea de la competencia exclusiva de la Asamblea Extraordinaria u otro \u00f3rgano de la Asociaci\u00f3n.<\/p>\n<p>Corresponde a la Asamblea General Extraordinaria:<\/p>\n<p>\u2022 Nombramiento y revocaci\u00f3n de los miembros de la Junta Directiva.<br \/>\n\u2022 Modificaci\u00f3n de los Estatutos.<br \/>\n\u2022 Disoluci\u00f3n de la Asociaci\u00f3n y, en su caso, nombramiento de liquidadores.<br \/>\n\u2022 Expulsi\u00f3n de socios, a propuesta de la Junta Directiva.<br \/>\n\u2022 Acordar la uni\u00f3n a Asociaciones, la integraci\u00f3n en Federaciones y separaci\u00f3n de las mismas.<br \/>\n\u2022 Solicitud de declaraci\u00f3n de utilidad p\u00fablica y de inter\u00e9s p\u00fablico de Andaluc\u00eda.<br \/>\n\u2022 Disposici\u00f3n o enajenaci\u00f3n de bienes.<\/p>\n<p>Art\u00edculo 12. Obligatoriedad de los acuerdos.<\/p>\n<p>Los acuerdos adoptados conforme a los preceptos anteriores obligar\u00e1n a los\/as socios\/as, incluso a los no asistentes, llev\u00e1ndose a un libro de actas que firmar\u00e1 la persona responsable de la secretaria con el visto bueno de el\/la presidente\/a.<br \/>\nCAPITULO IV. JUNTA DIRECTIVA.<\/p>\n<p>Art\u00edculo 13. Composici\u00f3n.<\/p>\n<p>La Asociaci\u00f3n ser\u00e1 gestionada y representada por una Junta Directiva formada por: un\/a Presidente\/a, un\/a Vicepresidente\/a, si se considera necesario, un Secretario\/a, un\/a tesorero\/a y vocales. Form\u00e1ndose la Junta Directiva con un m\u00e1ximo de 5 miembros.<\/p>\n<p>Todos los miembros que componen la Junta Directiva ejercer\u00e1n su cargo gratuitamente. Estos ser\u00e1n designados y revocados por la Asamblea General Extraordinaria.<\/p>\n<p>Podr\u00e1n causar baja:<\/p>\n<p>\u2022 Por renuncia voluntaria comunicada por escrito a la Junta Directiva.<br \/>\n\u2022 Por incumplimiento de las obligaciones que tuvieran encomendadas.<br \/>\n\u2022 Por expiraci\u00f3n del mandato.<\/p>\n<p>Art\u00edculo 14. Elecci\u00f3n de cargos.<\/p>\n<p>1. Los cargos de la Junta Directiva, tendr\u00e1n una duraci\u00f3n de cuatro a\u00f1os, pudiendo ser reelegidos sus miembros hasta un m\u00e1ximo de tres periodos.<br \/>\n2. La elecci\u00f3n del presidente de la Junta Directiva se efectuar\u00e1 por la Asamblea General Extraordinaria mediante votaci\u00f3n. Los dem\u00e1s cargos se elegir\u00e1n en una reuni\u00f3n mediante votaci\u00f3n libre y secreta de todos sus miembros.<br \/>\n3. Las vacantes que pudieran producirse en la Junta, se cubrir\u00e1n provisionalmente por designaci\u00f3n de la Junta Directiva, hasta la celebraci\u00f3n de la Asamblea General extraordinaria, que elegir\u00e1n a los nuevos miembros o confirmar\u00e1 a los designados provisionalmente.<\/p>\n<p>Art\u00edculo 15. Sesiones.<\/p>\n<p>1. La Junta Directiva celebrar\u00e1 sesi\u00f3n a instancias de quien ejerza la presidencia o a petici\u00f3n de la mayor\u00eda de sus miembros. Quedar\u00e1 constituida cuando asista la mitad m\u00e1s uno de sus miembros y para que sus acuerdos sean v\u00e1lidos deber\u00e1n ser tomados por mayor\u00eda de votos. En caso de empate, el voto del Presidente ser\u00e1 de calidad.<br \/>\n2. Cuando la Junta Directiva lo estime procedente por la \u00edndole de la materia a tratar en la sesi\u00f3n, podr\u00e1n ser invitados a tomar parte en sus deliberaciones como asesores cualificados, pero sin voto, profesionales o especialistas para clarificar asuntos concretos que figuren en el orden del d\u00eda.<br \/>\n3. De las sesiones levantar\u00e1 acta el\/la Secretario\/a, con el visto bueno de el\/la Presidente\/a y la reflejar\u00e1 en el libro de actas.<\/p>\n<p>Art\u00edculo 16. Competencias.<\/p>\n<p>Las facultades de la Junta Directiva se extender\u00e1n, con car\u00e1cter general a todos los actos propios de las finalidades de la asociaci\u00f3n, siempre que no requieran, seg\u00fan estos Estatutos, autorizaci\u00f3n expresa de la Asamblea General.<\/p>\n<p>Son facultades particulares de la Junta Directiva:<\/p>\n<p>\u2022 Dirigir las actividades sociales y llevar la gesti\u00f3n econ\u00f3mica y administrativa de la Asociaci\u00f3n, acordando realizar los oportunos contratos y actos.<br \/>\n\u2022 Ejecutar los acuerdos de la Asamblea General.<br \/>\n\u2022 Formular y someter a la aprobaci\u00f3n de la Asamblea General los Balances y las Cuentas anuales.<br \/>\n\u2022 Resolver sobre la admisi\u00f3n de nuevos\/as asociados\/as.<br \/>\n\u2022 Nombrar delegados para alguna determinada actividad de la Asociaci\u00f3n.<br \/>\n\u2022 Cualquier otra facultad que no sea de la exclusiva competencia de la Asamblea General de socios.<\/p>\n<p>Art\u00edculo 17. Presidente\/a. Competencias.<\/p>\n<p>Son atribuciones del Presidente\/a de la Asociaci\u00f3n:<\/p>\n<p>\u2022 Ostentar la representaci\u00f3n legal de la Asociaci\u00f3n ante toda clase de organismos p\u00fablicos o privados.<br \/>\n\u2022 Convocar, presidir y levantar las sesiones que celebre la Asamblea General y la Junta Directiva, as\u00ed como dirigir las deliberaciones de una y otra.<br \/>\n\u2022 Ordenar los pagos por cuenta de fondos de la Asociaci\u00f3n, previos a los acuerdos de gastos correspondientes.<br \/>\n\u2022 Autorizar con su firma los documentos, actas y correspondencia.<br \/>\n\u2022 Adoptar cualquier medida urgente que la buena marcha de la Asociaci\u00f3n aconseje o en el desarrollo de sus actividades resulte necesaria o conveniente, sin perjuicio de dar cuenta posteriormente a la Junta Directiva.<br \/>\n\u2022 Velar por los fines de la Asociaci\u00f3n y su cumplimiento.<\/p>\n<p>Art\u00edculo 18. Vicepresidente\/a. Competencias.<\/p>\n<p>Son facultades del Vicepresidente\/a:<\/p>\n<p>\u2022 Sustituir al Presidente\/a en caso de ausencia, enfermedad.<br \/>\n\u2022 Las que delegue el Presidente\/a o le atribuya la Asamblea General.<br \/>\nArt\u00edculo 19. Secretario\/a. Competencias.<\/p>\n<p>El Secretario\/a tendr\u00e1 a cargo la direcci\u00f3n de los trabajos puramente administrativos de la Asociaci\u00f3n:<\/p>\n<p>\u2022 Expedir\u00e1 certificaciones, levantara actas de la reuni\u00f3n, llevar\u00e1 y custodiara los libros de la asociaci\u00f3n que sean legalmente establecidos y el fichero de asociados\/as.<br \/>\n\u2022 Custodiar\u00e1 la documentaci\u00f3n de la entidad, haciendo que se cursen las comunicaciones sobre designaci\u00f3n de Juntas Directivas y dem\u00e1s acuerdos sociales inscribibles a los Registros.<br \/>\n\u2022 Presentar\u00e1 las memorias anuales y llevar\u00e1 la correspondencia.<br \/>\n\u2022 Cualesquiera otras funciones inherentes a su condici\u00f3n de Secretario\/a<\/p>\n<p>Art\u00edculo 20. Tesorero\/a. Competencias.<\/p>\n<p>Corresponde al Tesorero\/a:<\/p>\n<p>\u2022 Recaudar y custodiar los fondos de la Asociaci\u00f3n y llevar en orden los libros de Contabilidad.<br \/>\n\u2022 Preparar los balances y presupuestos de la Asociaci\u00f3n para su aprobaci\u00f3n por la Asamblea General.<br \/>\n\u2022 Dar cumplimiento a las \u00f3rdenes de pago que expida el Presidente\/a.<br \/>\n\u2022 Llevar inventario de bienes si los hubiera.<br \/>\n\u2022 Cualesquiera otras funciones inherentes a su condici\u00f3n de Tesorero\/a, como responsable de la Gesti\u00f3n econ\u00f3mica financiera.<\/p>\n<p>Art\u00edculo 21: Vocales. Competencia.<\/p>\n<p>Los vocales tendr\u00e1n las obligaciones propias de su cargo como miembros de la Junta Directiva, y as\u00ed como las que nazcan de las delegaciones o comisiones de trabajo que la propia Junta las encomiende, as\u00ed como de la Asamblea General.<\/p>\n<p>Las vacantes que se pudieran producir durante el mandato de cualquiera de los miembros de la Junta Directiva, por fallecimiento, enfermedad, dimisi\u00f3n voluntaria, expiraci\u00f3n del mandato o por incumplimiento de sus obligaciones, ser\u00e1n cubiertas provisionalmente entre dichos miembros hasta la elecci\u00f3n definitiva por la asamblea general.<\/p>\n<p>&nbsp;<\/p>\n<p>CAPITULO V. DE LOS\/AS SOCIOS\/AS.<\/p>\n<p>Art\u00edculo 22. Clasificaci\u00f3n.<\/p>\n<p>1. Socios\/as fundadores\/as, que ser\u00e1n aqu\u00e9llos que participen en el acto de constituci\u00f3n de la Asociaci\u00f3n.<br \/>\n2. Socios\/as de n\u00famero, ser\u00e1n los que ingresen despu\u00e9s de la constituci\u00f3n de la asociaci\u00f3n. Podr\u00e1n pertenecer a esta Asociaci\u00f3n todas las personas f\u00edsicas o jur\u00eddicas que est\u00e9n interesadas en el desarrollo de los fines de la Asociaci\u00f3n, acepten expresamente los estatutos y abonen las cuotas que se establezcan por la Asamblea de socios\/as.<br \/>\n3. Socio\/a Honor\u00edfico\/a: los que por su prestigio o por haber contribuido de modo relevante a la dignificaci\u00f3n y desarrollo de la asociaci\u00f3n, se hagan acreedores de tal distinci\u00f3n. El nombramiento de los socios\/as de honor corresponder\u00e1 a la Asamblea General. Podr\u00e1 concederse esta distinci\u00f3n a cualquier persona que designe la Asamblea de socios\/as. Estar\u00e1 exento de pago de cuotas y constar\u00e1 en el libro de registro de socios.<\/p>\n<p>Art\u00edculo 23. Derechos.<\/p>\n<p>Son derechos de los socios\/as:<\/p>\n<p>\u2022 Participar en las actividades de la asociaci\u00f3n y en los \u00f3rganos de gobierno y representaci\u00f3n, a ejercer el derecho de voto, as\u00ed como a asistir a la Asamblea General, de acuerdo con los estatutos.<br \/>\n\u2022 A ser informado acerca de la composici\u00f3n de los \u00f3rganos de gobierno y representaci\u00f3n de la asociaci\u00f3n, de su estado de cuentas y del desarrollo de su actividad.<br \/>\n\u2022 A ser o\u00eddo con car\u00e1cter previo a la adopci\u00f3n de medidas disciplinarias contra \u00e9l y a ser informado de los hechos que den lugar a tales medidas, debiendo ser motivado el acuerdo que, en su caso, imponga la sanci\u00f3n.<br \/>\n\u2022 A elegir y ser elegidos componente de su Junta de gobierno en la forma que se establecen en estos estatutos.<br \/>\n\u2022 Acceso a toda la documentaci\u00f3n relacionada en el art\u00edculo 29 del presente Estatuto, a trav\u00e9s de los \u00f3rganos de representaci\u00f3n, en los t\u00e9rminos previstos en la Ley Org\u00e1nica 15\/1999, de 13 de diciembre, de protecci\u00f3n de datos de car\u00e1cter personal.<br \/>\n\u2022 Impugnar los acuerdos de los \u00d3rganos de la Asociaci\u00f3n que estime contrario a la ley o a los Estatutos.<\/p>\n<p>Art\u00edculo 24. Deberes.<\/p>\n<p>Son deberes de los socios\/as:<\/p>\n<p>\u2022 Compartir las finalidades de la asociaci\u00f3n y colaborar para la consecuci\u00f3n de las mismas.<br \/>\n\u2022 Pagar las cuotas y otras aportaciones que, con arreglo a los Estatutos, puedan corresponder a cada socio\/a.<br \/>\n\u2022 Cumplir el resto de obligaciones que resulten de las disposiciones estatutarias.<br \/>\n\u2022 Acatar y cumplir los acuerdos v\u00e1lidamente adoptados por los \u00f3rganos de gobierno y representaci\u00f3n de la asociaci\u00f3n.<\/p>\n<p>Art\u00edculo 25. Bajas.<\/p>\n<p>Se podr\u00e1 perder la condici\u00f3n de socio\/a:<\/p>\n<p>\u2022 Por el incumplimiento reiterado de alguno de los deberes de socio\/a.<br \/>\n\u2022 Por conducta contraria a la buena convivencia y a los fines de la Asociaci\u00f3n.<br \/>\n\u2022 Por renuncia voluntaria, comunicada por escrito a la Junta directiva.<\/p>\n<p>Art\u00edculo 26. R\u00e9gimen Disciplinario.<\/p>\n<p>El asociado\/a que incumpliere sus obligaciones para con la Asociaci\u00f3n o que su conducta menoscabe los fines o prestigio de la Asociaci\u00f3n, ser\u00e1 objeto del correspondiente expediente, del que se le dar\u00e1 audiencia, incoado por la Junta Directiva que resolver\u00e1 lo que proceda, debi\u00e9ndose ser motivado el acuerdo que en tal sentido, se adopto.<\/p>\n<p>Si la Junta propusiese la expulsi\u00f3n, la propondr\u00e1 a la Asamblea General, para su aprobaci\u00f3n.<\/p>\n<p>Las sanciones pueden comprender desde la suspensi\u00f3n temporal de sus derechos hasta la expulsi\u00f3n.<\/p>\n<p>CAPITULO VI. R\u00c9GIMEN ECON\u00d3MICO Y PATRIMONIAL.<\/p>\n<p>Art\u00edculo 27. Patrimonio.<\/p>\n<p>La Asociaci\u00f3n no cuenta con ning\u00fan patrimonio fundacional o fondo social inicial.<br \/>\nArt\u00edculo 28. Ingresos.<\/p>\n<p>Los recursos de la Asociaci\u00f3n est\u00e1n constituidos por:<\/p>\n<p>1. Las cuotas (ordinarias o extraordinarias) de los socios\/as.<br \/>\n2. Los donativos o aportaciones que reciba.<br \/>\n3. Las donaciones, herencias o legados que pudiera recibir de forma legal por parte de los asociados\/as o de terceras personas f\u00edsicas o jur\u00eddicas, aceptadas por la Junta Directiva.<br \/>\n4. Las subvenciones, ayudas y auxilios que reciba de la Administraci\u00f3n estatal, regional, provincial o municipal, as\u00ed como las que la conceden otras instituciones de car\u00e1cter privado (fundaciones, otras asociaciones, etc.).<br \/>\n5. Los ingresos provenientes de sus actividades.<br \/>\n6. Los recursos que provengan del rendimiento de su patrimonio, en su caso.<br \/>\n7. Cualquier otro recurso de origen l\u00edcito.<\/p>\n<p>Art\u00edculo 29. Cuotas.<\/p>\n<p>Las cuotas ordinarias o extraordinarias se establecer\u00e1n por la Asamblea General, a propuesta de la Junta Directiva, y no son reintegrables en caso alguno.<\/p>\n<p>Art\u00edculo 30. Obligaciones documentales y contables.<\/p>\n<p>La asociaci\u00f3n ha de disponer de una relaci\u00f3n actualizada de sus asociados\/as, llevar una contabilidad que permita obtener la imagen fiel del patrimonio, del resultado y de la situaci\u00f3n financiera de la entidad, as\u00ed como las actividades realizadas, efectuadas un inventario de sus bienes y recoger en un libro las actas de las reuniones de sus \u00f3rganos de gobierno y representaci\u00f3n. Deber\u00e1n llevar su contabilidad conforme a las normas espec\u00edficas que les resulten de aplicaci\u00f3n.<\/p>\n<p>Las cuentas de la asociaci\u00f3n se aprobar\u00e1n anualmente por la Asamblea General.<\/p>\n<p>El ejercicio asociativo y econ\u00f3mico ser\u00e1 anual y su cierre coincidir\u00e1 con el \u00faltimo d\u00eda del a\u00f1o natural, sin prejuicios de las obligaciones fiscales y contable que de acuerdo con la normativa aplicable sean coincidentes con otra fecha distinta al a\u00f1o natural.<br \/>\nCAPITULO VII. DISOLUCI\u00d3N Y LIQUIDACI\u00d3N DE LA ASOCIACI\u00d3N.<\/p>\n<p>Art\u00edculo 31. Disoluci\u00f3n.<\/p>\n<p>La asociaci\u00f3n se disolver\u00e1:<\/p>\n<p>1. Por acuerdo adoptado por mayor\u00eda de 2\/3 en Asamblea General Extraordinaria<br \/>\n2. Por las causas determinadas en el art\u00edculo 39 del C\u00f3digo Civil.<br \/>\n3. Por sentencia judicial firme.<\/p>\n<p>Art\u00edculo 32. Liquidaci\u00f3n.<\/p>\n<p>Acordada la disoluci\u00f3n de la Asociaci\u00f3n, se abre el periodo de liquidaci\u00f3n, hasta el fin del cual la entidad conservar\u00e1 su personalidad jur\u00eddica.<\/p>\n<p>Los miembros de la Junta Directiva en el momento de la disoluci\u00f3n se convierten en liquidadores, salvo que los designe expresamente la Asamblea General o la persona titular del Juzgado que, en su caso, acuerde la disoluci\u00f3n.<\/p>\n<p>Corresponde a los liquidadores:<\/p>\n<p>\u2022 Velar por la integridad del patrimonio de la Asociaci\u00f3n.<br \/>\n\u2022 Concluir las operaciones pendientes y efectuar las nuevas que sean precisas para la liquidaci\u00f3n.<br \/>\n\u2022 Cobrar los cr\u00e9ditos de la Asociaci\u00f3n.<br \/>\n\u2022 Liquidar el patrimonio y pagar a los acreedores.<br \/>\n\u2022 Aplicar los bienes sobrantes a los fines previstos por los Estatutos.<br \/>\n\u2022 Solicitar la cancelaci\u00f3n de los asientos en el Registro.<br \/>\n\u2022 En caso de disoluci\u00f3n, se nombrar\u00e1 una comisi\u00f3n liquidadora la cual, una vez extinguidas las deudas, y si existiese sobrante l\u00edquido lo destinar\u00e1n para fines que no desvirt\u00faen su naturaleza no lucrativa.<\/p>\n<p>CAPITULO VIII. REFORMA DE LOS ESTATUTOS.<\/p>\n<p>Art\u00edculo 33. Reforma de los Estatutos.<\/p>\n<p>Las modificaciones de los Estatutos es competencia de la Asamblea General Extraordinaria, adopt\u00e1ndose el acuerdo por mayor\u00eda cualificada de las personas presentes o representadas, que resultar\u00e1 cuando los votos afirmativos superen la mitad.<\/p>\n<p>DISPOSICI\u00d3N ADICIONAL.<\/p>\n<p>En todo cuanto no est\u00e9 previsto en los presentes Estatutos se aplicar\u00e1 la Ley Org\u00e1nica 1\/2002, de 22 de marzo, reguladora del Derecho de Asociaci\u00f3n, la Ley 4\/2006, de 23 de junio, de Asociaciones de Andaluc\u00eda, y dem\u00e1s disposiciones complementarias.<\/p>\n<p>DILIGENCIA FINAL<\/p>\n<p>Para hacer constar que estos Estatutos han sido aprobados conforme a las previsiones de la Ley Org\u00e1nica 1\/2002, del 22 de marzo, por acuerdo de la Asamblea General constituyente, celebrada por las personas promotoras de la fundaci\u00f3n de esta Asociaci\u00f3n, al efecto el d\u00eda 05 de mayo de 2014.<\/p>\n<div class=\"sharedaddy sd-sharing-enabled\"><div class=\"robots-nocontent sd-block sd-social sd-social-icon sd-sharing\"><h3 class=\"sd-title\">Comparte esto:<\/h3><div class=\"sd-content\"><ul><li class=\"share-facebook\"><a rel=\"nofollow noopener noreferrer\" data-shared=\"sharing-facebook-15\" class=\"share-facebook sd-button share-icon no-text\" href=\"http:\/\/yomeunoalretto.org\/?page_id=15&amp;share=facebook\" target=\"_blank\" title=\"Haz clic para compartir en Facebook\" ><span><\/span><span class=\"sharing-screen-reader-text\">Haz clic para compartir en Facebook (Se abre en una ventana nueva)<\/span><\/a><\/li><li class=\"share-twitter\"><a rel=\"nofollow noopener noreferrer\" data-shared=\"sharing-twitter-15\" class=\"share-twitter sd-button share-icon no-text\" href=\"http:\/\/yomeunoalretto.org\/?page_id=15&amp;share=twitter\" target=\"_blank\" title=\"Haz clic para compartir en Twitter\" ><span><\/span><span class=\"sharing-screen-reader-text\">Haz clic para compartir en Twitter (Se abre en una ventana nueva)<\/span><\/a><\/li><li class=\"share-print\"><a rel=\"nofollow noopener noreferrer\" data-shared=\"\" class=\"share-print sd-button share-icon no-text\" href=\"http:\/\/yomeunoalretto.org\/?page_id=15\" target=\"_blank\" title=\"Haz clic para imprimir\" ><span><\/span><span class=\"sharing-screen-reader-text\">Haz clic para imprimir (Se abre en una ventana nueva)<\/span><\/a><\/li><li class=\"share-email\"><a rel=\"nofollow noopener noreferrer\" data-shared=\"\" class=\"share-email sd-button share-icon no-text\" href=\"mailto:?subject=%5BEntrada%20compartida%5D%20Estatutos&body=http%3A%2F%2Fyomeunoalretto.org%2F%3Fpage_id%3D15&share=email\" target=\"_blank\" title=\"Haz clic para enviar un enlace por correo electr\u00f3nico a un amigo\" data-email-share-error-title=\"\u00bfTienes un correo electr\u00f3nico configurado?\" data-email-share-error-text=\"Si tienes problemas al compartir por correo electr\u00f3nico, es posible que sea porque no tengas un correo electr\u00f3nico configurado en tu navegador. Puede que tengas que crear un nuevo correo electr\u00f3nico t\u00fa mismo.\" data-email-share-nonce=\"34a8210b52\" data-email-share-track-url=\"http:\/\/yomeunoalretto.org\/?page_id=15&amp;share=email\"><span><\/span><span class=\"sharing-screen-reader-text\">Haz clic para enviar un enlace por correo electr\u00f3nico a un amigo (Se abre en una ventana nueva)<\/span><\/a><\/li><li><a href=\"#\" class=\"sharing-anchor sd-button share-more\"><span>M\u00e1s<\/span><\/a><\/li><li class=\"share-end\"><\/li><\/ul><div class=\"sharing-hidden\"><div class=\"inner\" style=\"display: none;\"><ul><li class=\"share-linkedin\"><a rel=\"nofollow noopener noreferrer\" data-shared=\"sharing-linkedin-15\" class=\"share-linkedin sd-button share-icon no-text\" href=\"http:\/\/yomeunoalretto.org\/?page_id=15&amp;share=linkedin\" target=\"_blank\" title=\"Haz clic para compartir en LinkedIn\" ><span><\/span><span class=\"sharing-screen-reader-text\">Haz clic para compartir en LinkedIn (Se abre en una ventana nueva)<\/span><\/a><\/li><li class=\"share-tumblr\"><a rel=\"nofollow noopener noreferrer\" data-shared=\"\" class=\"share-tumblr sd-button share-icon no-text\" href=\"http:\/\/yomeunoalretto.org\/?page_id=15&amp;share=tumblr\" target=\"_blank\" title=\"Haz clic para compartir en Tumblr\" ><span><\/span><span class=\"sharing-screen-reader-text\">Haz clic para compartir en Tumblr (Se abre en una ventana nueva)<\/span><\/a><\/li><li class=\"share-end\"><\/li><li class=\"share-reddit\"><a rel=\"nofollow noopener noreferrer\" data-shared=\"\" class=\"share-reddit sd-button share-icon no-text\" href=\"http:\/\/yomeunoalretto.org\/?page_id=15&amp;share=reddit\" target=\"_blank\" title=\"Haz clic para compartir en Reddit\" ><span><\/span><span class=\"sharing-screen-reader-text\">Haz clic para compartir en Reddit (Se abre en una ventana nueva)<\/span><\/a><\/li><li class=\"share-pocket\"><a rel=\"nofollow noopener noreferrer\" data-shared=\"\" class=\"share-pocket sd-button share-icon no-text\" href=\"http:\/\/yomeunoalretto.org\/?page_id=15&amp;share=pocket\" target=\"_blank\" title=\"Haz clic para compartir en Pocket\" ><span><\/span><span class=\"sharing-screen-reader-text\">Haz clic para compartir en Pocket (Se abre en una ventana nueva)<\/span><\/a><\/li><li class=\"share-end\"><\/li><li class=\"share-pinterest\"><a rel=\"nofollow noopener noreferrer\" data-shared=\"sharing-pinterest-15\" class=\"share-pinterest sd-button share-icon no-text\" href=\"http:\/\/yomeunoalretto.org\/?page_id=15&amp;share=pinterest\" target=\"_blank\" title=\"Haz clic para compartir en Pinterest\" ><span><\/span><span class=\"sharing-screen-reader-text\">Haz clic para compartir en Pinterest (Se abre en una ventana nueva)<\/span><\/a><\/li><li class=\"share-end\"><\/li><\/ul><\/div><\/div><\/div><\/div><\/div>","protected":false},"excerpt":{"rendered":"<p>Estatutos de la Asociaci\u00f3n Gaditana \u201cYO ME UNO AL RETTO\u201d. Por la investigaci\u00f3n del S\u00edndrome Rett. &nbsp; CAPITULO I. DISPOSICIONES GENERALES. Art\u00edculo 1. Denominaci\u00f3n y naturaleza. Art\u00edculo 2. Personalidad y Capacidad. Art\u00edculo 3. Nacionalidad y domicilio. Art\u00edculo 4. \u00c1mbito de actuaci\u00f3n. Art\u00edculo 5. Duraci\u00f3n. CAPITULO II. OBJETO DE LA ASOCIACI\u00d3N. Art\u00edculo 6. Fines y Actividades. [&hellip;]<\/p>\n<div class=\"sharedaddy sd-sharing-enabled\"><div class=\"robots-nocontent sd-block sd-social sd-social-icon sd-sharing\"><h3 class=\"sd-title\">Comparte esto:<\/h3><div class=\"sd-content\"><ul><li class=\"share-facebook\"><a rel=\"nofollow noopener noreferrer\" data-shared=\"sharing-facebook-15\" class=\"share-facebook sd-button share-icon no-text\" href=\"http:\/\/yomeunoalretto.org\/?page_id=15&amp;share=facebook\" target=\"_blank\" title=\"Haz clic para compartir en Facebook\" ><span><\/span><span class=\"sharing-screen-reader-text\">Haz clic para compartir en Facebook (Se abre en una ventana nueva)<\/span><\/a><\/li><li class=\"share-twitter\"><a rel=\"nofollow noopener noreferrer\" data-shared=\"sharing-twitter-15\" class=\"share-twitter sd-button share-icon no-text\" href=\"http:\/\/yomeunoalretto.org\/?page_id=15&amp;share=twitter\" target=\"_blank\" title=\"Haz clic para compartir en Twitter\" ><span><\/span><span class=\"sharing-screen-reader-text\">Haz clic para compartir en Twitter (Se abre en una ventana nueva)<\/span><\/a><\/li><li class=\"share-print\"><a rel=\"nofollow noopener noreferrer\" data-shared=\"\" class=\"share-print sd-button share-icon no-text\" href=\"http:\/\/yomeunoalretto.org\/?page_id=15\" target=\"_blank\" title=\"Haz clic para imprimir\" ><span><\/span><span class=\"sharing-screen-reader-text\">Haz clic para imprimir (Se abre en una ventana nueva)<\/span><\/a><\/li><li class=\"share-email\"><a rel=\"nofollow noopener noreferrer\" data-shared=\"\" class=\"share-email sd-button share-icon no-text\" href=\"mailto:?subject=%5BEntrada%20compartida%5D%20Estatutos&body=http%3A%2F%2Fyomeunoalretto.org%2F%3Fpage_id%3D15&share=email\" target=\"_blank\" title=\"Haz clic para enviar un enlace por correo electr\u00f3nico a un amigo\" data-email-share-error-title=\"\u00bfTienes un correo electr\u00f3nico configurado?\" data-email-share-error-text=\"Si tienes problemas al compartir por correo electr\u00f3nico, es posible que sea porque no tengas un correo electr\u00f3nico configurado en tu navegador. Puede que tengas que crear un nuevo correo electr\u00f3nico t\u00fa mismo.\" data-email-share-nonce=\"34a8210b52\" data-email-share-track-url=\"http:\/\/yomeunoalretto.org\/?page_id=15&amp;share=email\"><span><\/span><span class=\"sharing-screen-reader-text\">Haz clic para enviar un enlace por correo electr\u00f3nico a un amigo (Se abre en una ventana nueva)<\/span><\/a><\/li><li><a href=\"#\" class=\"sharing-anchor sd-button share-more\"><span>M\u00e1s<\/span><\/a><\/li><li class=\"share-end\"><\/li><\/ul><div class=\"sharing-hidden\"><div class=\"inner\" style=\"display: none;\"><ul><li class=\"share-linkedin\"><a rel=\"nofollow noopener noreferrer\" data-shared=\"sharing-linkedin-15\" class=\"share-linkedin sd-button share-icon no-text\" href=\"http:\/\/yomeunoalretto.org\/?page_id=15&amp;share=linkedin\" target=\"_blank\" title=\"Haz clic para compartir en LinkedIn\" ><span><\/span><span class=\"sharing-screen-reader-text\">Haz clic para compartir en LinkedIn (Se abre en una ventana nueva)<\/span><\/a><\/li><li class=\"share-tumblr\"><a rel=\"nofollow noopener noreferrer\" data-shared=\"\" class=\"share-tumblr sd-button share-icon no-text\" href=\"http:\/\/yomeunoalretto.org\/?page_id=15&amp;share=tumblr\" target=\"_blank\" title=\"Haz clic para compartir en Tumblr\" ><span><\/span><span class=\"sharing-screen-reader-text\">Haz clic para compartir en Tumblr (Se abre en una ventana nueva)<\/span><\/a><\/li><li class=\"share-end\"><\/li><li class=\"share-reddit\"><a rel=\"nofollow noopener noreferrer\" data-shared=\"\" class=\"share-reddit sd-button share-icon no-text\" href=\"http:\/\/yomeunoalretto.org\/?page_id=15&amp;share=reddit\" target=\"_blank\" title=\"Haz clic para compartir en Reddit\" ><span><\/span><span class=\"sharing-screen-reader-text\">Haz clic para compartir en Reddit (Se abre en una ventana nueva)<\/span><\/a><\/li><li class=\"share-pocket\"><a rel=\"nofollow noopener noreferrer\" data-shared=\"\" class=\"share-pocket sd-button share-icon no-text\" href=\"http:\/\/yomeunoalretto.org\/?page_id=15&amp;share=pocket\" target=\"_blank\" title=\"Haz clic para compartir en Pocket\" ><span><\/span><span class=\"sharing-screen-reader-text\">Haz clic para compartir en Pocket (Se abre en una ventana nueva)<\/span><\/a><\/li><li class=\"share-end\"><\/li><li class=\"share-pinterest\"><a rel=\"nofollow noopener noreferrer\" data-shared=\"sharing-pinterest-15\" class=\"share-pinterest sd-button share-icon no-text\" href=\"http:\/\/yomeunoalretto.org\/?page_id=15&amp;share=pinterest\" target=\"_blank\" title=\"Haz clic para compartir en Pinterest\" ><span><\/span><span class=\"sharing-screen-reader-text\">Haz clic para compartir en Pinterest (Se abre en una ventana nueva)<\/span><\/a><\/li><li class=\"share-end\"><\/li><\/ul><\/div><\/div><\/div><\/div><\/div>","protected":false},"author":1,"featured_media":175,"parent":217,"menu_order":1,"comment_status":"open","ping_status":"open","template":"","meta":[],"jetpack_shortlink":"https:\/\/wp.me\/P4JzDn-f","jetpack_sharing_enabled":true,"_links":{"self":[{"href":"http:\/\/yomeunoalretto.org\/index.php?rest_route=\/wp\/v2\/pages\/15"}],"collection":[{"href":"http:\/\/yomeunoalretto.org\/index.php?rest_route=\/wp\/v2\/pages"}],"about":[{"href":"http:\/\/yomeunoalretto.org\/index.php?rest_route=\/wp\/v2\/types\/page"}],"author":[{"embeddable":true,"href":"http:\/\/yomeunoalretto.org\/index.php?rest_route=\/wp\/v2\/users\/1"}],"replies":[{"embeddable":true,"href":"http:\/\/yomeunoalretto.org\/index.php?rest_route=%2Fwp%2Fv2%2Fcomments&post=15"}],"version-history":[{"count":5,"href":"http:\/\/yomeunoalretto.org\/index.php?rest_route=\/wp\/v2\/pages\/15\/revisions"}],"predecessor-version":[{"id":49,"href":"http:\/\/yomeunoalretto.org\/index.php?rest_route=\/wp\/v2\/pages\/15\/revisions\/49"}],"up":[{"embeddable":true,"href":"http:\/\/yomeunoalretto.org\/index.php?rest_route=\/wp\/v2\/pages\/217"}],"wp:featuredmedia":[{"embeddable":true,"href":"http:\/\/yomeunoalretto.org\/index.php?rest_route=\/wp\/v2\/media\/175"}],"wp:attachment":[{"href":"http:\/\/yomeunoalretto.org\/index.php?rest_route=%2Fwp%2Fv2%2Fmedia&parent=15"}],"curies":[{"name":"wp","href":"https:\/\/api.w.org\/{rel}","templated":true}]}}