{"id":1248,"date":"2014-12-16T22:00:20","date_gmt":"2014-12-16T21:00:20","guid":{"rendered":"http:\/\/yomeunoalretto.org\/?page_id=1248"},"modified":"2014-12-16T22:06:09","modified_gmt":"2014-12-16T21:06:09","slug":"1248-2","status":"publish","type":"page","link":"http:\/\/yomeunoalretto.org\/?page_id=1248","title":{"rendered":"Concierto Solidario \u00abEn esta noche de Paz nos unimos al Retto\u00bb."},"content":{"rendered":"<p><a href=\"http:\/\/yomeunoalretto.org\/wp-content\/uploads\/2014\/12\/Cartel-Concierto-26-diciembre.jpg\"><img data-attachment-id=\"1246\" data-permalink=\"http:\/\/yomeunoalretto.org\/?attachment_id=1246\" data-orig-file=\"http:\/\/yomeunoalretto.org\/wp-content\/uploads\/2014\/12\/Cartel-Concierto-26-diciembre.jpg\" data-orig-size=\"2480,1754\" data-comments-opened=\"1\" data-image-meta=\"{&quot;aperture&quot;:&quot;0&quot;,&quot;credit&quot;:&quot;&quot;,&quot;camera&quot;:&quot;&quot;,&quot;caption&quot;:&quot;&quot;,&quot;created_timestamp&quot;:&quot;0&quot;,&quot;copyright&quot;:&quot;&quot;,&quot;focal_length&quot;:&quot;0&quot;,&quot;iso&quot;:&quot;0&quot;,&quot;shutter_speed&quot;:&quot;0&quot;,&quot;title&quot;:&quot;&quot;,&quot;orientation&quot;:&quot;0&quot;}\" data-image-title=\"Cartel &#8211; Concierto 26 diciembre\" data-image-description=\"\" data-image-caption=\"\" data-medium-file=\"http:\/\/yomeunoalretto.org\/wp-content\/uploads\/2014\/12\/Cartel-Concierto-26-diciembre-250x176.jpg\" data-large-file=\"http:\/\/yomeunoalretto.org\/wp-content\/uploads\/2014\/12\/Cartel-Concierto-26-diciembre-1024x724.jpg\" decoding=\"async\" loading=\"lazy\" class=\"alignleft wp-image-1246\" src=\"http:\/\/yomeunoalretto.org\/wp-content\/uploads\/2014\/12\/Cartel-Concierto-26-diciembre-250x176.jpg\" alt=\"Cartel - Concierto 26 diciembre\" width=\"308\" height=\"217\" srcset=\"http:\/\/yomeunoalretto.org\/wp-content\/uploads\/2014\/12\/Cartel-Concierto-26-diciembre-250x176.jpg 250w, http:\/\/yomeunoalretto.org\/wp-content\/uploads\/2014\/12\/Cartel-Concierto-26-diciembre-1024x724.jpg 1024w, http:\/\/yomeunoalretto.org\/wp-content\/uploads\/2014\/12\/Cartel-Concierto-26-diciembre-216x152.jpg 216w\" sizes=\"(max-width: 308px) 100vw, 308px\" \/><\/a>El pr\u00f3ximo\u00a0<strong>viernes 26\u00a0de diciembre a las 20:30<\/strong>\u00a0en la Iglesia de San Lorenzo\u00a0Colegio San Jos\u00e9 de las Esclavas, la Escolan\u00eda del Colegio San Felipe Neri nos sorprender\u00e1 con el Concierto Solidario \u00abEn esta noche de Paz nos unimos al Retto\u00bb.<\/p>\n<p>Un evento de entrada libre, en el que la Escolan\u00eda de San Felipe Neri de nuevo nos sorprender\u00e1 con un magn\u00edfico incierto de navidad.<\/p>\n<p>La Escolan\u00eda EM San Felipe Neri, de C\u00e1diz, es un coro de voces blancas creado en la Escuela de M\u00fasica <img data-attachment-id=\"443\" data-permalink=\"http:\/\/yomeunoalretto.org\/?attachment_id=443\" data-orig-file=\"http:\/\/yomeunoalretto.org\/wp-content\/uploads\/2014\/06\/Escolan\u00eda-EM-San-Felipe-Neri-2.jpg\" data-orig-size=\"2848,4272\" data-comments-opened=\"1\" data-image-meta=\"{&quot;aperture&quot;:&quot;7.1&quot;,&quot;credit&quot;:&quot;&quot;,&quot;camera&quot;:&quot;Canon EOS 1100D&quot;,&quot;caption&quot;:&quot;&quot;,&quot;created_timestamp&quot;:&quot;1400418307&quot;,&quot;copyright&quot;:&quot;&quot;,&quot;focal_length&quot;:&quot;18&quot;,&quot;iso&quot;:&quot;100&quot;,&quot;shutter_speed&quot;:&quot;0.008&quot;,&quot;title&quot;:&quot;&quot;}\" data-image-title=\"Escolan\u00eda EM San Felipe Neri &#8211; 2\" data-image-description=\"\" data-image-caption=\"\" data-medium-file=\"http:\/\/yomeunoalretto.org\/wp-content\/uploads\/2014\/06\/Escolan\u00eda-EM-San-Felipe-Neri-2-166x250.jpg\" data-large-file=\"http:\/\/yomeunoalretto.org\/wp-content\/uploads\/2014\/06\/Escolan\u00eda-EM-San-Felipe-Neri-2-682x1024.jpg\" decoding=\"async\" loading=\"lazy\" class=\"alignright wp-image-443 size-medium\" src=\"http:\/\/yomeunoalretto.org\/wp-content\/uploads\/2014\/06\/Escolan\u00eda-EM-San-Felipe-Neri-2-166x250.jpg\" alt=\"Escolan\u00eda EM San Felipe Neri - 2\" width=\"166\" height=\"250\" srcset=\"http:\/\/yomeunoalretto.org\/wp-content\/uploads\/2014\/06\/Escolan\u00eda-EM-San-Felipe-Neri-2-166x250.jpg 166w, http:\/\/yomeunoalretto.org\/wp-content\/uploads\/2014\/06\/Escolan\u00eda-EM-San-Felipe-Neri-2-682x1024.jpg 682w, http:\/\/yomeunoalretto.org\/wp-content\/uploads\/2014\/06\/Escolan\u00eda-EM-San-Felipe-Neri-2-112x168.jpg 112w\" sizes=\"(max-width: 166px) 100vw, 166px\" \/>del mismo nombre, formado por ni\u00f1os y ni\u00f1as de edades comprendidas entre 7 y 15 a\u00f1os y provenientes de diferentes colegios gaditanos, cuyo principal objetivo es acercar la M\u00fasica Coral a la poblaci\u00f3n m\u00e1s joven bajo el lema \u201cM\u00fasica de ni\u00f1os para ni\u00f1os\u201d. Su estreno en p\u00fablico tuvo lugar en diciembre de 2011, en la Gala Ben\u00e9fica \u00abNing\u00fan ni\u00f1o sin juguete\u00bb. Durante este tiempo, la Escolan\u00eda ha realizado numerosos conciertos (muchos de ellos con fines solidarios), formado parte de Encuentros Corales y Galas Ben\u00e9ficas y obtenido el 2\u00ba premio en el II Concurso \u201cQu\u00e9 arte hay en Cai\u201d, organizado por el colegio Salesianos de C\u00e1diz.<\/p>\n<p>&nbsp;<\/p>\n<p>Directora: Blanca Angeriz Caburrasi<\/p>\n<p>Contacto: escolaniaemsfn@gmail.com<\/p>\n<p>Facebook: facebook.com\/escolaniaemsfn Youtube: youtube.com\/escolaniaemsfn<\/p>\n<div class=\"sharedaddy sd-sharing-enabled\"><div class=\"robots-nocontent sd-block sd-social sd-social-icon sd-sharing\"><h3 class=\"sd-title\">Comparte esto:<\/h3><div class=\"sd-content\"><ul><li class=\"share-facebook\"><a rel=\"nofollow noopener noreferrer\" data-shared=\"sharing-facebook-1248\" class=\"share-facebook sd-button share-icon no-text\" href=\"http:\/\/yomeunoalretto.org\/?page_id=1248&amp;share=facebook\" target=\"_blank\" title=\"Haz clic para compartir en Facebook\" ><span><\/span><span class=\"sharing-screen-reader-text\">Haz clic para compartir en Facebook (Se abre en una ventana nueva)<\/span><\/a><\/li><li class=\"share-twitter\"><a rel=\"nofollow noopener noreferrer\" data-shared=\"sharing-twitter-1248\" class=\"share-twitter sd-button share-icon no-text\" href=\"http:\/\/yomeunoalretto.org\/?page_id=1248&amp;share=twitter\" target=\"_blank\" title=\"Haz clic para compartir en Twitter\" ><span><\/span><span class=\"sharing-screen-reader-text\">Haz clic para compartir en Twitter (Se abre en una ventana nueva)<\/span><\/a><\/li><li class=\"share-print\"><a rel=\"nofollow noopener noreferrer\" data-shared=\"\" class=\"share-print sd-button share-icon no-text\" href=\"http:\/\/yomeunoalretto.org\/?page_id=1248\" target=\"_blank\" title=\"Haz clic para imprimir\" ><span><\/span><span class=\"sharing-screen-reader-text\">Haz clic para imprimir (Se abre en una ventana nueva)<\/span><\/a><\/li><li class=\"share-email\"><a rel=\"nofollow noopener noreferrer\" data-shared=\"\" class=\"share-email sd-button share-icon no-text\" href=\"mailto:?subject=%5BEntrada%20compartida%5D%20Concierto%20Solidario%20%22En%20esta%20noche%20de%20Paz%20nos%20unimos%20al%20Retto%22.&body=http%3A%2F%2Fyomeunoalretto.org%2F%3Fpage_id%3D1248&share=email\" target=\"_blank\" title=\"Haz clic para enviar un enlace por correo electr\u00f3nico a un amigo\" data-email-share-error-title=\"\u00bfTienes un correo electr\u00f3nico configurado?\" data-email-share-error-text=\"Si tienes problemas al compartir por correo electr\u00f3nico, es posible que sea porque no tengas un correo electr\u00f3nico configurado en tu navegador. Puede que tengas que crear un nuevo correo electr\u00f3nico t\u00fa mismo.\" data-email-share-nonce=\"4d687a7a92\" data-email-share-track-url=\"http:\/\/yomeunoalretto.org\/?page_id=1248&amp;share=email\"><span><\/span><span class=\"sharing-screen-reader-text\">Haz clic para enviar un enlace por correo electr\u00f3nico a un amigo (Se abre en una ventana nueva)<\/span><\/a><\/li><li><a href=\"#\" class=\"sharing-anchor sd-button share-more\"><span>M\u00e1s<\/span><\/a><\/li><li class=\"share-end\"><\/li><\/ul><div class=\"sharing-hidden\"><div class=\"inner\" style=\"display: none;\"><ul><li class=\"share-linkedin\"><a rel=\"nofollow noopener noreferrer\" data-shared=\"sharing-linkedin-1248\" class=\"share-linkedin sd-button share-icon no-text\" href=\"http:\/\/yomeunoalretto.org\/?page_id=1248&amp;share=linkedin\" target=\"_blank\" title=\"Haz clic para compartir en LinkedIn\" ><span><\/span><span class=\"sharing-screen-reader-text\">Haz clic para compartir en LinkedIn (Se abre en una ventana nueva)<\/span><\/a><\/li><li class=\"share-tumblr\"><a rel=\"nofollow noopener noreferrer\" data-shared=\"\" class=\"share-tumblr sd-button share-icon no-text\" href=\"http:\/\/yomeunoalretto.org\/?page_id=1248&amp;share=tumblr\" target=\"_blank\" title=\"Haz clic para compartir en Tumblr\" ><span><\/span><span class=\"sharing-screen-reader-text\">Haz clic para compartir en Tumblr (Se abre en una ventana nueva)<\/span><\/a><\/li><li class=\"share-end\"><\/li><li class=\"share-reddit\"><a rel=\"nofollow noopener noreferrer\" data-shared=\"\" class=\"share-reddit sd-button share-icon no-text\" href=\"http:\/\/yomeunoalretto.org\/?page_id=1248&amp;share=reddit\" target=\"_blank\" title=\"Haz clic para compartir en Reddit\" ><span><\/span><span class=\"sharing-screen-reader-text\">Haz clic para compartir en Reddit (Se abre en una ventana nueva)<\/span><\/a><\/li><li class=\"share-pocket\"><a rel=\"nofollow noopener noreferrer\" data-shared=\"\" class=\"share-pocket sd-button share-icon no-text\" href=\"http:\/\/yomeunoalretto.org\/?page_id=1248&amp;share=pocket\" target=\"_blank\" title=\"Haz clic para compartir en Pocket\" ><span><\/span><span class=\"sharing-screen-reader-text\">Haz clic para compartir en Pocket (Se abre en una ventana nueva)<\/span><\/a><\/li><li class=\"share-end\"><\/li><li class=\"share-pinterest\"><a rel=\"nofollow noopener noreferrer\" data-shared=\"sharing-pinterest-1248\" class=\"share-pinterest sd-button share-icon no-text\" href=\"http:\/\/yomeunoalretto.org\/?page_id=1248&amp;share=pinterest\" target=\"_blank\" title=\"Haz clic para compartir en Pinterest\" ><span><\/span><span class=\"sharing-screen-reader-text\">Haz clic para compartir en Pinterest (Se abre en una ventana nueva)<\/span><\/a><\/li><li class=\"share-end\"><\/li><\/ul><\/div><\/div><\/div><\/div><\/div>","protected":false},"excerpt":{"rendered":"<p>El pr\u00f3ximo\u00a0viernes 26\u00a0de diciembre a las 20:30\u00a0en la Iglesia de San Lorenzo\u00a0Colegio San Jos\u00e9 de las Esclavas, la Escolan\u00eda del Colegio San Felipe Neri nos sorprender\u00e1 con el Concierto Solidario \u00abEn esta noche de Paz nos unimos al Retto\u00bb. Un evento de entrada libre, en el que la Escolan\u00eda de San Felipe Neri de nuevo [&hellip;]<\/p>\n<div class=\"sharedaddy sd-sharing-enabled\"><div class=\"robots-nocontent sd-block sd-social sd-social-icon sd-sharing\"><h3 class=\"sd-title\">Comparte esto:<\/h3><div class=\"sd-content\"><ul><li class=\"share-facebook\"><a rel=\"nofollow noopener noreferrer\" data-shared=\"sharing-facebook-1248\" class=\"share-facebook sd-button share-icon no-text\" href=\"http:\/\/yomeunoalretto.org\/?page_id=1248&amp;share=facebook\" target=\"_blank\" title=\"Haz clic para compartir en Facebook\" ><span><\/span><span class=\"sharing-screen-reader-text\">Haz clic para compartir en Facebook (Se abre en una ventana nueva)<\/span><\/a><\/li><li class=\"share-twitter\"><a rel=\"nofollow noopener noreferrer\" data-shared=\"sharing-twitter-1248\" class=\"share-twitter sd-button share-icon no-text\" href=\"http:\/\/yomeunoalretto.org\/?page_id=1248&amp;share=twitter\" target=\"_blank\" title=\"Haz clic para compartir en Twitter\" ><span><\/span><span class=\"sharing-screen-reader-text\">Haz clic para compartir en Twitter (Se abre en una ventana nueva)<\/span><\/a><\/li><li class=\"share-print\"><a rel=\"nofollow noopener noreferrer\" data-shared=\"\" class=\"share-print sd-button share-icon no-text\" href=\"http:\/\/yomeunoalretto.org\/?page_id=1248\" target=\"_blank\" title=\"Haz clic para imprimir\" ><span><\/span><span class=\"sharing-screen-reader-text\">Haz clic para imprimir (Se abre en una ventana nueva)<\/span><\/a><\/li><li class=\"share-email\"><a rel=\"nofollow noopener noreferrer\" data-shared=\"\" class=\"share-email sd-button share-icon no-text\" href=\"mailto:?subject=%5BEntrada%20compartida%5D%20Concierto%20Solidario%20%22En%20esta%20noche%20de%20Paz%20nos%20unimos%20al%20Retto%22.&body=http%3A%2F%2Fyomeunoalretto.org%2F%3Fpage_id%3D1248&share=email\" target=\"_blank\" title=\"Haz clic para enviar un enlace por correo electr\u00f3nico a un amigo\" data-email-share-error-title=\"\u00bfTienes un correo electr\u00f3nico configurado?\" data-email-share-error-text=\"Si tienes problemas al compartir por correo electr\u00f3nico, es posible que sea porque no tengas un correo electr\u00f3nico configurado en tu navegador. Puede que tengas que crear un nuevo correo electr\u00f3nico t\u00fa mismo.\" data-email-share-nonce=\"4d687a7a92\" data-email-share-track-url=\"http:\/\/yomeunoalretto.org\/?page_id=1248&amp;share=email\"><span><\/span><span class=\"sharing-screen-reader-text\">Haz clic para enviar un enlace por correo electr\u00f3nico a un amigo (Se abre en una ventana nueva)<\/span><\/a><\/li><li><a href=\"#\" class=\"sharing-anchor sd-button share-more\"><span>M\u00e1s<\/span><\/a><\/li><li class=\"share-end\"><\/li><\/ul><div class=\"sharing-hidden\"><div class=\"inner\" style=\"display: none;\"><ul><li class=\"share-linkedin\"><a rel=\"nofollow noopener noreferrer\" data-shared=\"sharing-linkedin-1248\" class=\"share-linkedin sd-button share-icon no-text\" href=\"http:\/\/yomeunoalretto.org\/?page_id=1248&amp;share=linkedin\" target=\"_blank\" title=\"Haz clic para compartir en LinkedIn\" ><span><\/span><span class=\"sharing-screen-reader-text\">Haz clic para compartir en LinkedIn (Se abre en una ventana nueva)<\/span><\/a><\/li><li class=\"share-tumblr\"><a rel=\"nofollow noopener noreferrer\" data-shared=\"\" class=\"share-tumblr sd-button share-icon no-text\" href=\"http:\/\/yomeunoalretto.org\/?page_id=1248&amp;share=tumblr\" target=\"_blank\" title=\"Haz clic para compartir en Tumblr\" ><span><\/span><span class=\"sharing-screen-reader-text\">Haz clic para compartir en Tumblr (Se abre en una ventana nueva)<\/span><\/a><\/li><li class=\"share-end\"><\/li><li class=\"share-reddit\"><a rel=\"nofollow noopener noreferrer\" data-shared=\"\" class=\"share-reddit sd-button share-icon no-text\" href=\"http:\/\/yomeunoalretto.org\/?page_id=1248&amp;share=reddit\" target=\"_blank\" title=\"Haz clic para compartir en Reddit\" ><span><\/span><span class=\"sharing-screen-reader-text\">Haz clic para compartir en Reddit (Se abre en una ventana nueva)<\/span><\/a><\/li><li class=\"share-pocket\"><a rel=\"nofollow noopener noreferrer\" data-shared=\"\" class=\"share-pocket sd-button share-icon no-text\" href=\"http:\/\/yomeunoalretto.org\/?page_id=1248&amp;share=pocket\" target=\"_blank\" title=\"Haz clic para compartir en Pocket\" ><span><\/span><span class=\"sharing-screen-reader-text\">Haz clic para compartir en Pocket (Se abre en una ventana nueva)<\/span><\/a><\/li><li class=\"share-end\"><\/li><li class=\"share-pinterest\"><a rel=\"nofollow noopener noreferrer\" data-shared=\"sharing-pinterest-1248\" class=\"share-pinterest sd-button share-icon no-text\" href=\"http:\/\/yomeunoalretto.org\/?page_id=1248&amp;share=pinterest\" target=\"_blank\" title=\"Haz clic para compartir en Pinterest\" ><span><\/span><span class=\"sharing-screen-reader-text\">Haz clic para compartir en Pinterest (Se abre en una ventana nueva)<\/span><\/a><\/li><li class=\"share-end\"><\/li><\/ul><\/div><\/div><\/div><\/div><\/div>","protected":false},"author":1,"featured_media":0,"parent":0,"menu_order":0,"comment_status":"open","ping_status":"open","template":"","meta":[],"jetpack_shortlink":"https:\/\/wp.me\/P4JzDn-k8","jetpack_sharing_enabled":true,"_links":{"self":[{"href":"http:\/\/yomeunoalretto.org\/index.php?rest_route=\/wp\/v2\/pages\/1248"}],"collection":[{"href":"http:\/\/yomeunoalretto.org\/index.php?rest_route=\/wp\/v2\/pages"}],"about":[{"href":"http:\/\/yomeunoalretto.org\/index.php?rest_route=\/wp\/v2\/types\/page"}],"author":[{"embeddable":true,"href":"http:\/\/yomeunoalretto.org\/index.php?rest_route=\/wp\/v2\/users\/1"}],"replies":[{"embeddable":true,"href":"http:\/\/yomeunoalretto.org\/index.php?rest_route=%2Fwp%2Fv2%2Fcomments&post=1248"}],"version-history":[{"count":3,"href":"http:\/\/yomeunoalretto.org\/index.php?rest_route=\/wp\/v2\/pages\/1248\/revisions"}],"predecessor-version":[{"id":1252,"href":"http:\/\/yomeunoalretto.org\/index.php?rest_route=\/wp\/v2\/pages\/1248\/revisions\/1252"}],"wp:attachment":[{"href":"http:\/\/yomeunoalretto.org\/index.php?rest_route=%2Fwp%2Fv2%2Fmedia&parent=1248"}],"curies":[{"name":"wp","href":"https:\/\/api.w.org\/{rel}","templated":true}]}}