{"id":118,"date":"2014-06-09T14:39:10","date_gmt":"2014-06-09T13:39:10","guid":{"rendered":"http:\/\/yomeunoalretto.org\/?page_id=118"},"modified":"2021-08-28T06:36:14","modified_gmt":"2021-08-28T05:36:14","slug":"investigacion","status":"publish","type":"page","link":"http:\/\/yomeunoalretto.org\/?page_id=118","title":{"rendered":"Investigaci\u00f3n &#038; Ciencia"},"content":{"rendered":"<p>Aqui podeis encontrar algunos estudios actualizados que son nuestra esperanza, <strong>que la investigaci\u00f3n no pare!!!<\/strong><\/p>\n<div>\n<p><span style=\"color: #ff6600;\"><a style=\"color: #ff6600;\" href=\"https:\/\/www1.nichd.nih.gov\/espanol\/salud\/temas\/rett\/Pages\/default.aspx\" target=\"_blank\" rel=\"noopener noreferrer\">S\u00edndrome de Rett: Generalidades<\/a><\/span> <span style=\"color: #000000;\">(<a style=\"color: #000000;\" title=\"US Department of Health and Human Services\" href=\"http:\/\/www.dhhs.gov\" target=\"_blank\" rel=\"noopener noreferrer\">US Department of Health and Human Services<\/a> | <\/span><a title=\"National Institutes of Health\" href=\"http:\/\/www.nih.gov\" target=\"_blank\" rel=\"noopener noreferrer\"><span style=\"color: #000000;\">National Institutes of Health)<\/span><\/a><\/p>\n<\/div>\n<p><span style=\"color: #ff9900;\"><a style=\"color: #ff9900;\" href=\"http:\/\/cincodias.com\/cincodias\/2014\/06\/18\/empresas\/1403117254_459039.html\" target=\"_blank\" rel=\"noopener noreferrer\">\u00abLas universidades no pueden ser los centros de I+D de las farmac\u00e9uticas\u00bb\u00a0<\/a><a style=\"color: #ff9900;\" href=\"http:\/\/cincodias.com\/cincodias\/2014\/06\/18\/empresas\/1403117254_459039.html\">Adrian Bird, premio Fundaci\u00f3n BBVA<\/a>\u00a0<span style=\"color: #000000;\">(<\/span><\/span><span style=\"color: #000000;\">5<\/span> D\u00edas, 18\/06\/2014, MADRID).<\/p>\n<p><span style=\"color: #ffcc00;\"><a style=\"color: #ffcc00;\" href=\"http:\/\/www.elcultural.es\/noticias\/CIENCIA\/6358\/Adrian_Bird-_Vivimos_la_edad_de_oro_de_la_biologia\" target=\"_blank\" rel=\"noopener noreferrer\">Adrian Bird: \u00abVivimos la edad de oro de la biolog\u00eda\u00bb\u00a0<\/a><\/span>(El cultural, <span id=\"ctl00_ctl00_ContentMaster_ContentArticulo_fechaLabel\" style=\"color: #666666;\">17\/06\/2014<\/span>).<\/p>\n<p><span style=\"color: #ffcc99;\"><a style=\"color: #ffcc99;\" title=\"Una terapia g\u00e9nica corrige los s\u00edntomas del s\u00edndrome de Rett\" href=\"http:\/\/www.abc.es\/sociedad\/20130821\/abci-terapia-genica-revierte-sintomas-201308201820.html\" target=\"_blank\" rel=\"noopener noreferrer\">Una terapia g\u00e9nica corrige los s\u00edntomas del s\u00edndrome de Rett<\/a><\/span>\u00a0(ABC, 21\/08\/2013, MADRID).<\/p>\n<p><span style=\"color: #993300;\"><a style=\"color: #993300;\" href=\"http:\/\/www.efesalud.com\/noticias\/sindrome-de-rett-la-enfermedad-rara-de-las-ninas\/\" target=\"_blank\" rel=\"noopener noreferrer\">S\u00edndrome de Rett: una enfermedad rara que afecta a ni\u00f1as.<\/a> <\/span>(EFE)<\/p>\n<p><span style=\"color: #ff6600;\"><a style=\"color: #ff6600;\" href=\"http:\/\/www.orpha.net\/consor\/cgi-bin\/Disease_Search.php?lng=ES&amp;data_id=91&amp;Disease_Disease_Search_diseaseGroup=rett&amp;Disease_Disease_Search_diseaseType=Pat&amp;Enfermedade(s)\/grupo%20de%20enfermedades=S-ndrome-de-Rett&amp;title=S-ndrome-de-Rett&amp;search=Disease_Search_Simple\" target=\"_blank\" rel=\"noopener noreferrer\">Orphanet.<\/a><\/span><\/p>\n<p><span style=\"color: #ff9900;\"><a style=\"color: #ff9900;\" href=\"http:\/\/biotech-spain.com\/es\/articles\/descubren-qu\u00e9-f\u00e1rmacos-efectivos-en-p\u00e1rkinson-reducen-los-s\u00e9ntomas-del-s%C3%ADndrome-de-rett-en-ratones\/\" target=\"_blank\" rel=\"noopener noreferrer\">Descubren que f\u00e1rmacos efectivos en P\u00e1rkinson reducen los s\u00edntomas del s\u00edndrome de Rett en ratones.<\/a><\/span><\/p>\n<p><span style=\"color: #ffcc00;\"><a style=\"color: #ffcc00;\" href=\"http:\/\/www.neurenpharma.com\/IRM\/Company\/ShowPage.aspx\/PDFs\/1448-10000000\/NeurensuccessfulinRettsyndromePhase2trial\" target=\"_blank\" rel=\"noopener noreferrer\">Neuren NZZ-2566 \u00e9xito en la demostraci\u00f3n beneficio en el s\u00edndrome de Rett en la Fase 2 de los ensayos.<\/a><\/span><\/p>\n<p><span style=\"color: #993300;\"><span style=\"color: #ffcc99;\"><a style=\"color: #ffcc99;\" href=\"http:\/\/www.rett.es\/\" target=\"_blank\" rel=\"noopener noreferrer\">ROMPIENDO MUROS. Consorcio de investigaci\u00f3n de MECP2 <\/a><\/span><span style=\"color: #000000;\">(14 de Enero de 2015 Monica Coenraads.)<\/span><\/span><\/p>\n<p><span style=\"color: #993300;\"><a style=\"color: #993300;\" href=\"http:\/\/hms.harvard.edu\/news\/rett-syndrome-revelation\" target=\"_blank\" rel=\"noopener noreferrer\">Rett Syndrome Revelation.\u00a0 Nuevo estudio describe c\u00f3mo las mutaciones de genes en el cerebro estimulan esta condici\u00f3n debilitante.<\/a><\/span> <span style=\"color: #000000;\">(Harvar Medical School News 11\/03\/2015\u00a0 Elizabeth Cooney)<\/span><\/p>\n<p><span style=\"color: #ff6600;\"><a style=\"color: #ff6600;\" href=\"http:\/\/www.elmundo.es\/cataluna\/2015\/04\/12\/55296e7aca474177468b458a.html\" target=\"_blank\" rel=\"noopener noreferrer\">Una nueva mirada para el s\u00edndrome de Rett.<\/a> <\/span>(El Mundo, Barcelona 12\/04\/2015 Paula Clemente)<\/p>\n<p><span style=\"color: #ff9900;\"><a style=\"color: #ff9900;\" href=\"http:\/\/galenox.com\/noticias\/38891-nuevo-colaborador-identificado-para-el-sindrome-de-rett\" target=\"_blank\" rel=\"noopener noreferrer\">Nuevo colaborador identificado para el s\u00edndrome de Rett.<\/a>\u00a0<\/span>(Gen\u00e9tica m\u00e9dica 23\/04\/2015)<\/p>\n<p><span style=\"color: #ffcc00;\"><a style=\"color: #ffcc00;\" href=\"http:\/\/revistageneticamedica.com\/2015\/04\/27\/sindrome-de-rett-celulas-inmunes\/\" target=\"_blank\" rel=\"noopener noreferrer\">Mutaciones responsables del s\u00edndrome de Rett afectan a la funci\u00f3n de las c\u00e9lulas inmunes y contribuyen al empeoramiento de la enfermedad<\/a>. <\/span>(Gen\u00e9tica m\u00e9dica 27\/04\/2015)<\/p>\n<p><span style=\"color: #ffcc99;\"><a style=\"color: #ffcc99;\" href=\"http:\/\/www.elmundo.es\/cataluna\/2015\/04\/12\/55296e7aca474177468b458a.html\">Una nueva mirada para el s\u00edndrome de Rett.<\/a><\/span> <span style=\"color: #000000;\">(El Mundo 12\/04\/2015, Paula Clemente)<\/span><\/p>\n<p><span style=\"color: #000000;\"><span style=\"color: #993300;\"><a style=\"color: #993300;\" href=\"http:\/\/www.ciberer.es\/index.php?option=com_content&amp;task=view&amp;id=1418&amp;Itemid=62\" target=\"_blank\" rel=\"noopener noreferrer\">Hallan un nuevo gen asociado al s\u00edndrome de Rett y discapacidad intelectual.<\/a> <\/span>(CIBERER Centro de Investigaci\u00f3n Biom\u00e9dca en Red de Enfermedades Raras, 22\/07\/2015)<\/span><\/p>\n<p><span style=\"color: #ffcc00;\"><span style=\"color: #ff6600;\"><a style=\"color: #ff6600;\" href=\"http:\/\/www.cshl.edu\/news-and-features\/in-mice-an-experimental-drug-treatment-for-rett-syndrome-suggests-the-disorder-is-reversible.html\" target=\"_blank\" rel=\"noopener noreferrer\">En ratones, un tratamiento f\u00e1rmaco experimental para el s\u00edndrome de Rett sugiere que el trastorno es reversible.<\/a><\/span>\u00a0<\/span><span style=\"color: #000000;\">(Cold Srping Harbor Laboratory, NY, 27\/07\/2015)<\/span><\/p>\n<p><span style=\"color: #ff9900;\"><a style=\"color: #ff9900;\" title=\"Nuevos estudios sobre el s\u00edndrome de Rett\" href=\"http:\/\/saludyeducacionintegral.com\/nuevos-estudios-sobre-el-sindrome-de-rett\/\" target=\"_blank\" rel=\"bookmark noopener noreferrer\">Nuevos estudios sobre el s\u00edndrome de Rett<\/a>\u00a0<\/span>(Agustina Colman, Salud y Educaci\u00f3n Integral, 31\/08\/2015)<\/p>\n<p id=\"tw-target-text\" class=\"tw-data-text vk_txt tw-ta tw-text-small\" dir=\"ltr\" data-placeholder=\"Traducci\u00f3n\"><span lang=\"es\" style=\"color: #ff6600;\"><span style=\"color: #ffcc00;\"><a style=\"color: #ffcc00;\" href=\"https:\/\/www.rareconnect.org\/en\/community\/rett-syndrome\/article\/cannabidiol-as-a-possible-treatment-of-epilepsy-in-rett-syndrome\" target=\"_blank\" rel=\"noopener noreferrer\">Cannabidiol como un posible tratamiento de la epilepsia en el s\u00edndrome de Rett<\/a><\/span>\u00a0<\/span>(Written by ducth rett syndrome foundation)<\/p>\n<p class=\"tw-data-text vk_txt tw-ta tw-text-small\" dir=\"ltr\" data-placeholder=\"Traducci\u00f3n\"><span lang=\"es\" style=\"color: #ffcc00;\"><span style=\"color: #ffcc99;\"><a style=\"color: #ffcc99;\" href=\"http:\/\/www.rettsyndrome.org\/trofinetide-press-release\" target=\"_blank\" rel=\"noopener noreferrer\"><span id=\"result_box\" lang=\"es\"><span title=\"Rettsyndrome.org supports further clinical trials with trofinetide in Rett syndrome \">Rettsyndrome.org soporta m\u00e1s ensayos cl\u00ednicos con trofinetide en el s\u00edndrome de Rett<\/span><\/span><\/a><\/span>\u00a0<\/span>(<span lang=\"es\"><span id=\"result_box\" lang=\"es\"><span title=\"Rettsyndrome.org supports further clinical trials with trofinetide in Rett syndrome \">Rettsyndrome.org<\/span><\/span><\/span>, 12\/10\/2015)<\/p>\n<p class=\"tw-data-text vk_txt tw-ta tw-text-small\" dir=\"ltr\" data-placeholder=\"Traducci\u00f3n\"><span lang=\"es\" style=\"color: #993300;\"><a style=\"color: #993300;\" href=\"https:\/\/spectrumnews.org\/news\/drug-rescues-learning-deficits-in-rett-syndrome-mouse\/\" target=\"_blank\" rel=\"noopener noreferrer\"><span id=\"result_box\" lang=\"es\"><span title=\"Rettsyndrome.org supports further clinical trials with trofinetide in Rett syndrome \">Nuevos medicamentos rescuperan los d\u00e9ficits de aprendizaje en el s\u00edndrome de Rett.<\/span><\/span><\/a> <\/span>(<span lang=\"es\"><span id=\"result_box\" lang=\"es\"><span title=\"Rettsyndrome.org supports further clinical trials with trofinetide in Rett syndrome \">Rachel Zamzov<\/span><\/span><\/span> 18\/10\/2015)<\/p>\n<p><span style=\"color: #ff6600;\"><a style=\"color: #ff6600;\" href=\"http:\/\/www.efesalud.com\/noticias\/marian-mellen-la-secuenciacion-del-genoma-permitira-detectar-cualquier-mutacion-genica-en-el-embrion\/\" target=\"_blank\" rel=\"noopener noreferrer\">Marian Mell\u00e9n: La secuenciaci\u00f3n del genoma permitir\u00e1 detectar cualquier mutaci\u00f3n g\u00e9nica en el embri\u00f3n.<\/a><\/span> (<span class=\"autor_fuente\">NY, EFE, Ana Soteras,<\/span><span class=\"fecha\"> 24\/09\/2013)<\/span><\/p>\n<p class=\"blog-post-title\"><span style=\"color: #ffcc00;\"><a style=\"color: #ffcc00;\" href=\"http:\/\/www.immedicohospitalario.es\/noticia\/7653\/un-nuevo-farmaco-dirigido-para-tratar-el-sindrome-de-rett\" target=\"_blank\" rel=\"noopener noreferrer\">Un nuevo f\u00e1rmaco dirigido para tratar el s\u00edndrome de Rett.<\/a> <\/span>(04\/02\/2016)<\/p>\n<p class=\"titular size38 gris-ultra-oscuro clear\"><span class=\"titulo-noticia\"><span style=\"color: #ffcc99;\"><a style=\"color: #ffcc99;\" href=\"http:\/\/www.abc.es\/salud\/abci-nuevas-perspectivas-para-regeneracion-neuronal-despues-dano-adquirido-201611182036_noticia.html\" target=\"_blank\" rel=\"noopener noreferrer\">Nuevas perspectivas para la regeneraci\u00f3n neuronal despu\u00e9s de un da\u00f1o adquirido.<\/a> <\/span>(ABC Salud, 18\/11\/2016)<br \/>\n<\/span><\/p>\n<div id=\"content\">\n<div class=\"noticia_detalle clearFix\">\n<p class=\"titular_principalv2\"><span style=\"color: #993300;\"><a style=\"color: #993300;\" href=\"http:\/\/www.infosalus.com\/salud-investigacion\/noticia-disenan-estrategia-combatir-enfermedades-sindrome-rett-20161221072139.html\" target=\"_blank\" rel=\"noopener noreferrer\">Dise\u00f1an una estrategia para combatir enfermedades como el s\u00edndrome de Rett<\/a>.<\/span> (Europa Press, 21\/12\/2016)<\/p>\n<p><span style=\"color: #ff6600;\"><a style=\"color: #ff6600;\" href=\"https:\/\/www.pagina12.com.ar\/30121-aceite-cannabico-por-obra-social\" target=\"_blank\" rel=\"noopener noreferrer\">Aceite cann\u00e1bico por obra social. <\/a><\/span>(P\u00e1gina 12, Argentina, 06\/04\/2017)<\/p>\n<p class=\"title\"><span style=\"color: #ffcc00;\"><a style=\"color: #ffcc00;\" href=\"http:\/\/www.agenciasinc.es\/Noticias\/Terapia-metabolica-para-mejorar-la-motricidad-en-sindrome-Rett-atipico\" target=\"_blank\" rel=\"noopener noreferrer\">Terapia metab\u00f3lica para mejorar la motricidad en s\u00edndrome Rett at\u00edpico.<\/a><\/span> (Sinc, 04\/07\/2017<time class=\"date\" datetime=\"2017-08-21T20:39:34+02:00\">)<\/time><\/p>\n<p class=\"entry-title\"><span style=\"color: #ffcc99;\"><a style=\"color: #ffcc99;\" href=\"http:\/\/tn.com.ar\/salud\/lo-ultimo\/que-es-la-epigenetica-y-como-es-su-aporte-en-la-recuperacion-de-la-memoria_807880\" target=\"_blank\" rel=\"noopener noreferrer\">Qu\u00e9 es la epigen\u00e9tica y c\u00f3mo es su aporte en la recuperaci\u00f3n de la memoria. <\/a>(<\/span>20\/07\/2017)<\/p>\n<p class=\"title single-title entry-title\"><span style=\"color: #993300;\"><a style=\"color: #993300;\" href=\"https:\/\/infotiti.com\/2018\/01\/activar-cerebro-sindrome-de-rett\/\" target=\"_blank\" rel=\"noopener noreferrer\">Activar regiones cerebrales espec\u00edficas puede ser beneficioso en el s\u00edndrome de Rett.<\/a> <\/span>(30\/01\/2018)<\/p>\n<p class=\"nc_socialPanel swp_flatFresh swp_d_fullColor swp_i_fullColor swp_o_fullColor scale-100 scale-fullWidth swp_one\" data-position=\"above\" data-float=\"floatBottom\" data-count=\"5\" data-floatcolor=\"#ffffff\" data-emphasize=\"0\"><span style=\"color: #ff6600;\"><a style=\"color: #ff6600;\" href=\"https:\/\/revistageneticamedica.com\/2018\/02\/02\/cromosoma-x-inactivado-rett\/\" target=\"_blank\" rel=\"noopener noreferrer\">Reactivaci\u00f3n de genes del cromosoma X inactivado para el tratamiento del s\u00edndrome de Rett.<\/a><span style=\"color: #000000;\"> (Amparo Tolosa, Gen\u00e9tica M\u00e9dica News, 02\/02\/2018)<\/span><\/span><\/p>\n<p data-position=\"above\" data-float=\"floatBottom\" data-count=\"5\" data-floatcolor=\"#ffffff\" data-emphasize=\"0\"><span style=\"color: #ffcc00;\"><a style=\"color: #ffcc00;\" href=\"http:\/\/www.lavanguardia.com\/ciencia\/20180509\/443431923670\/sindrome-de-rett-farmaco-experimental-instituto-idibell-bellvitge.html\" target=\"_blank\" rel=\"noopener noreferrer\">Un f\u00e1rmaco experimental abre una esperanza contra el s\u00edndrome de Rett.<\/a><\/span> <span style=\"color: #000000;\">(Josep Corbella,\u00a0La Vanguardia, 09\/05\/2018)<\/span><\/p>\n<p class=\"entry-title\"><a href=\"https:\/\/smallcaps.com.au\/neuren-pharmaceuticals-receives-first-payment-in-rett-drug-licence-deal\/\" target=\"_blank\" rel=\"noopener noreferrer\"><span style=\"color: #ffcc99;\">Neuren Pharmaceuticals receives first payment in Rett drug licence deal<\/span> <\/a><span style=\"color: #000000;\">(Danica Cullinane,\u00a022\/08\/2018)\u00a0<\/span><\/p>\n<p class=\"darkgrey titleh1\"><a href=\"https:\/\/www.bolsamania.com\/noticias\/sanidad\/avexis-novartis-abre-una-sede-en-espana--6756160.html\" target=\"_blank\" rel=\"noopener noreferrer\"><span style=\"color: #993300;\">AveXis (Novartis) abre una sede en Espa\u00f1a.<\/span><\/a> (EuropaPress, 25\/06\/2019)<\/p>\n<p><span style=\"color: #ff6600;\"><a style=\"color: #ff6600;\" href=\"https:\/\/www.denoticias.es\/notas\/newron-amplia-el-alcance-de-la-encuesta-mundial-sobre-la-carga-de-enfermedad-del-sindrome-de-rett-a-europa-y-australia.html\" target=\"_blank\" rel=\"noopener\">Neuron amplia el alcance de la encuesta mundial sobre la carga de enfermedadd el sindrome de rett a europa y australia.<\/a><\/span> (17\/02\/2020)<\/p>\n<p class=\"entry-title edgtf-post-title\"><span style=\"color: #ffcc00;\"><a style=\"color: #ffcc00;\" href=\"https:\/\/metode.es\/noticias\/el-sindrome-de-rett-del-laboratorio-a-casa.html?fbclid=IwAR2KItOtCfBf07uCTcw8zk0ZMYZinB16znz-m9CIu4c-PMSQXX_ryt6XXcU\" target=\"_blank\" rel=\"noopener\">El s\u00edndrome de Rett: del laboratorio a casa.<\/a> <\/span>(Metode, Universidad de Valencia, 28\/02\/2020)<\/p>\n<p><span style=\"color: #ffcc99;\"><a style=\"color: #ffcc99;\" href=\"https:\/\/www.denoticias.es\/notas\/acadia-pharmaceuticals-y-neuren-pharmaceuticals-anuncian-designacion-de-enfermedad-pediatrica-rara-para-trofinetida-para-el-tratamiento-del-sindrome-de-rett.html\" target=\"_blank\" rel=\"noopener\">ACADIA Pharmaceuticals Inc. (Nasdaq: ACAD) y Neuren Pharmaceuticals Limited (ASX: NEU) anunciaron hoy que la Administraci\u00f3n de Drogas y Alimentos de los Estados Unidos (FDA) otorg\u00f3 Enfermedad Pedi\u00e1trica Rara (RPD) ) designaci\u00f3n a trofinetida para el tratamiento del s\u00edndrome de Rett.<\/a><\/span> (04\/03\/2020)<\/p>\n<p class=\"new_title\"><a href=\"https:\/\/noticiasdelaciencia.com\/art\/38487\/posible-tratamiento-para-el-sindrome-de-rett\" target=\"_blank\" rel=\"noopener\"><span style=\"color: #993300;\">Posible tratamiento para el s\u00edndrome de Rett.<\/span><\/a> (16\/06\/2020)<\/p>\n<p><span style=\"color: #ff6600;\"><a href=\"https:\/\/cen.acs.org\/biological-chemistry\/epigenetics\/es-Cientficos-identifican-un-posible-mecanismo\/99\/i24?fbclid=IwAR15ATIScA9zGO4M3a9loiSmXfpJ-0EulYlyUK7xKCG_opCrhVlwyGy8TG8\" target=\"_blank\" rel=\"noopener\"><span style=\"color: #ff6600;\">Cient\u00edficos identifican un posible mecanismo molecular del s\u00edndrome de Rett.\u00a0<\/span><\/a><span style=\"color: #000000;\">(C&amp;en, LauraHowes 28\/06\/2021)<\/span><\/span><\/p>\n<h5 class=\"article-intro-author-name\"><\/h5>\n<p>&nbsp;<\/p>\n<p data-position=\"above\" data-float=\"floatBottom\" data-count=\"5\" data-floatcolor=\"#ffffff\" data-emphasize=\"0\">\n<\/div>\n<div class=\"noticia_detalle clearFix\">\n<p class=\"nc_socialPanel swp_flatFresh swp_d_fullColor swp_i_fullColor swp_o_fullColor scale-100 scale-fullWidth swp_one\" data-position=\"above\" data-float=\"floatBottom\" data-count=\"5\" data-floatcolor=\"#ffffff\" data-emphasize=\"0\">\n<\/div>\n<\/div>\n<div class=\"sharedaddy sd-sharing-enabled\"><div class=\"robots-nocontent sd-block sd-social sd-social-icon sd-sharing\"><h3 class=\"sd-title\">Comparte esto:<\/h3><div class=\"sd-content\"><ul><li class=\"share-facebook\"><a rel=\"nofollow noopener noreferrer\" data-shared=\"sharing-facebook-118\" class=\"share-facebook sd-button share-icon no-text\" href=\"http:\/\/yomeunoalretto.org\/?page_id=118&amp;share=facebook\" target=\"_blank\" title=\"Haz clic para compartir en Facebook\" ><span><\/span><span class=\"sharing-screen-reader-text\">Haz clic para compartir en Facebook (Se abre en una ventana nueva)<\/span><\/a><\/li><li class=\"share-twitter\"><a rel=\"nofollow noopener noreferrer\" data-shared=\"sharing-twitter-118\" class=\"share-twitter sd-button share-icon no-text\" href=\"http:\/\/yomeunoalretto.org\/?page_id=118&amp;share=twitter\" target=\"_blank\" title=\"Haz clic para compartir en Twitter\" ><span><\/span><span class=\"sharing-screen-reader-text\">Haz clic para compartir en Twitter (Se abre en una ventana nueva)<\/span><\/a><\/li><li class=\"share-print\"><a rel=\"nofollow noopener noreferrer\" data-shared=\"\" class=\"share-print sd-button share-icon no-text\" href=\"http:\/\/yomeunoalretto.org\/?page_id=118\" target=\"_blank\" title=\"Haz clic para imprimir\" ><span><\/span><span class=\"sharing-screen-reader-text\">Haz clic para imprimir (Se abre en una ventana nueva)<\/span><\/a><\/li><li class=\"share-email\"><a rel=\"nofollow noopener noreferrer\" data-shared=\"\" class=\"share-email sd-button share-icon no-text\" href=\"mailto:?subject=%5BEntrada%20compartida%5D%20Investigaci%C3%B3n%20%26%20Ciencia&body=http%3A%2F%2Fyomeunoalretto.org%2F%3Fpage_id%3D118&share=email\" target=\"_blank\" title=\"Haz clic para enviar un enlace por correo electr\u00f3nico a un amigo\" data-email-share-error-title=\"\u00bfTienes un correo electr\u00f3nico configurado?\" data-email-share-error-text=\"Si tienes problemas al compartir por correo electr\u00f3nico, es posible que sea porque no tengas un correo electr\u00f3nico configurado en tu navegador. Puede que tengas que crear un nuevo correo electr\u00f3nico t\u00fa mismo.\" data-email-share-nonce=\"7c12834b7d\" data-email-share-track-url=\"http:\/\/yomeunoalretto.org\/?page_id=118&amp;share=email\"><span><\/span><span class=\"sharing-screen-reader-text\">Haz clic para enviar un enlace por correo electr\u00f3nico a un amigo (Se abre en una ventana nueva)<\/span><\/a><\/li><li><a href=\"#\" class=\"sharing-anchor sd-button share-more\"><span>M\u00e1s<\/span><\/a><\/li><li class=\"share-end\"><\/li><\/ul><div class=\"sharing-hidden\"><div class=\"inner\" style=\"display: none;\"><ul><li class=\"share-linkedin\"><a rel=\"nofollow noopener noreferrer\" data-shared=\"sharing-linkedin-118\" class=\"share-linkedin sd-button share-icon no-text\" href=\"http:\/\/yomeunoalretto.org\/?page_id=118&amp;share=linkedin\" target=\"_blank\" title=\"Haz clic para compartir en LinkedIn\" ><span><\/span><span class=\"sharing-screen-reader-text\">Haz clic para compartir en LinkedIn (Se abre en una ventana nueva)<\/span><\/a><\/li><li class=\"share-tumblr\"><a rel=\"nofollow noopener noreferrer\" data-shared=\"\" class=\"share-tumblr sd-button share-icon no-text\" href=\"http:\/\/yomeunoalretto.org\/?page_id=118&amp;share=tumblr\" target=\"_blank\" title=\"Haz clic para compartir en Tumblr\" ><span><\/span><span class=\"sharing-screen-reader-text\">Haz clic para compartir en Tumblr (Se abre en una ventana nueva)<\/span><\/a><\/li><li class=\"share-end\"><\/li><li class=\"share-reddit\"><a rel=\"nofollow noopener noreferrer\" data-shared=\"\" class=\"share-reddit sd-button share-icon no-text\" href=\"http:\/\/yomeunoalretto.org\/?page_id=118&amp;share=reddit\" target=\"_blank\" title=\"Haz clic para compartir en Reddit\" ><span><\/span><span class=\"sharing-screen-reader-text\">Haz clic para compartir en Reddit (Se abre en una ventana nueva)<\/span><\/a><\/li><li class=\"share-pocket\"><a rel=\"nofollow noopener noreferrer\" data-shared=\"\" class=\"share-pocket sd-button share-icon no-text\" href=\"http:\/\/yomeunoalretto.org\/?page_id=118&amp;share=pocket\" target=\"_blank\" title=\"Haz clic para compartir en Pocket\" ><span><\/span><span class=\"sharing-screen-reader-text\">Haz clic para compartir en Pocket (Se abre en una ventana nueva)<\/span><\/a><\/li><li class=\"share-end\"><\/li><li class=\"share-pinterest\"><a rel=\"nofollow noopener noreferrer\" data-shared=\"sharing-pinterest-118\" class=\"share-pinterest sd-button share-icon no-text\" href=\"http:\/\/yomeunoalretto.org\/?page_id=118&amp;share=pinterest\" target=\"_blank\" title=\"Haz clic para compartir en Pinterest\" ><span><\/span><span class=\"sharing-screen-reader-text\">Haz clic para compartir en Pinterest (Se abre en una ventana nueva)<\/span><\/a><\/li><li class=\"share-end\"><\/li><\/ul><\/div><\/div><\/div><\/div><\/div>","protected":false},"excerpt":{"rendered":"<p>Aqui podeis encontrar algunos estudios actualizados que son nuestra esperanza, que la investigaci\u00f3n no pare!!! S\u00edndrome de Rett: Generalidades (US Department of Health and Human Services | National Institutes of Health) \u00abLas universidades no pueden ser los centros de I+D de las farmac\u00e9uticas\u00bb\u00a0Adrian Bird, premio Fundaci\u00f3n BBVA\u00a0(5 D\u00edas, 18\/06\/2014, MADRID). Adrian Bird: \u00abVivimos la edad [&hellip;]<\/p>\n<div class=\"sharedaddy sd-sharing-enabled\"><div class=\"robots-nocontent sd-block sd-social sd-social-icon sd-sharing\"><h3 class=\"sd-title\">Comparte esto:<\/h3><div class=\"sd-content\"><ul><li class=\"share-facebook\"><a rel=\"nofollow noopener noreferrer\" data-shared=\"sharing-facebook-118\" class=\"share-facebook sd-button share-icon no-text\" href=\"http:\/\/yomeunoalretto.org\/?page_id=118&amp;share=facebook\" target=\"_blank\" title=\"Haz clic para compartir en Facebook\" ><span><\/span><span class=\"sharing-screen-reader-text\">Haz clic para compartir en Facebook (Se abre en una ventana nueva)<\/span><\/a><\/li><li class=\"share-twitter\"><a rel=\"nofollow noopener noreferrer\" data-shared=\"sharing-twitter-118\" class=\"share-twitter sd-button share-icon no-text\" href=\"http:\/\/yomeunoalretto.org\/?page_id=118&amp;share=twitter\" target=\"_blank\" title=\"Haz clic para compartir en Twitter\" ><span><\/span><span class=\"sharing-screen-reader-text\">Haz clic para compartir en Twitter (Se abre en una ventana nueva)<\/span><\/a><\/li><li class=\"share-print\"><a rel=\"nofollow noopener noreferrer\" data-shared=\"\" class=\"share-print sd-button share-icon no-text\" href=\"http:\/\/yomeunoalretto.org\/?page_id=118\" target=\"_blank\" title=\"Haz clic para imprimir\" ><span><\/span><span class=\"sharing-screen-reader-text\">Haz clic para imprimir (Se abre en una ventana nueva)<\/span><\/a><\/li><li class=\"share-email\"><a rel=\"nofollow noopener noreferrer\" data-shared=\"\" class=\"share-email sd-button share-icon no-text\" href=\"mailto:?subject=%5BEntrada%20compartida%5D%20Investigaci%C3%B3n%20%26%20Ciencia&body=http%3A%2F%2Fyomeunoalretto.org%2F%3Fpage_id%3D118&share=email\" target=\"_blank\" title=\"Haz clic para enviar un enlace por correo electr\u00f3nico a un amigo\" data-email-share-error-title=\"\u00bfTienes un correo electr\u00f3nico configurado?\" data-email-share-error-text=\"Si tienes problemas al compartir por correo electr\u00f3nico, es posible que sea porque no tengas un correo electr\u00f3nico configurado en tu navegador. Puede que tengas que crear un nuevo correo electr\u00f3nico t\u00fa mismo.\" data-email-share-nonce=\"7c12834b7d\" data-email-share-track-url=\"http:\/\/yomeunoalretto.org\/?page_id=118&amp;share=email\"><span><\/span><span class=\"sharing-screen-reader-text\">Haz clic para enviar un enlace por correo electr\u00f3nico a un amigo (Se abre en una ventana nueva)<\/span><\/a><\/li><li><a href=\"#\" class=\"sharing-anchor sd-button share-more\"><span>M\u00e1s<\/span><\/a><\/li><li class=\"share-end\"><\/li><\/ul><div class=\"sharing-hidden\"><div class=\"inner\" style=\"display: none;\"><ul><li class=\"share-linkedin\"><a rel=\"nofollow noopener noreferrer\" data-shared=\"sharing-linkedin-118\" class=\"share-linkedin sd-button share-icon no-text\" href=\"http:\/\/yomeunoalretto.org\/?page_id=118&amp;share=linkedin\" target=\"_blank\" title=\"Haz clic para compartir en LinkedIn\" ><span><\/span><span class=\"sharing-screen-reader-text\">Haz clic para compartir en LinkedIn (Se abre en una ventana nueva)<\/span><\/a><\/li><li class=\"share-tumblr\"><a rel=\"nofollow noopener noreferrer\" data-shared=\"\" class=\"share-tumblr sd-button share-icon no-text\" href=\"http:\/\/yomeunoalretto.org\/?page_id=118&amp;share=tumblr\" target=\"_blank\" title=\"Haz clic para compartir en Tumblr\" ><span><\/span><span class=\"sharing-screen-reader-text\">Haz clic para compartir en Tumblr (Se abre en una ventana nueva)<\/span><\/a><\/li><li class=\"share-end\"><\/li><li class=\"share-reddit\"><a rel=\"nofollow noopener noreferrer\" data-shared=\"\" class=\"share-reddit sd-button share-icon no-text\" href=\"http:\/\/yomeunoalretto.org\/?page_id=118&amp;share=reddit\" target=\"_blank\" title=\"Haz clic para compartir en Reddit\" ><span><\/span><span class=\"sharing-screen-reader-text\">Haz clic para compartir en Reddit (Se abre en una ventana nueva)<\/span><\/a><\/li><li class=\"share-pocket\"><a rel=\"nofollow noopener noreferrer\" data-shared=\"\" class=\"share-pocket sd-button share-icon no-text\" href=\"http:\/\/yomeunoalretto.org\/?page_id=118&amp;share=pocket\" target=\"_blank\" title=\"Haz clic para compartir en Pocket\" ><span><\/span><span class=\"sharing-screen-reader-text\">Haz clic para compartir en Pocket (Se abre en una ventana nueva)<\/span><\/a><\/li><li class=\"share-end\"><\/li><li class=\"share-pinterest\"><a rel=\"nofollow noopener noreferrer\" data-shared=\"sharing-pinterest-118\" class=\"share-pinterest sd-button share-icon no-text\" href=\"http:\/\/yomeunoalretto.org\/?page_id=118&amp;share=pinterest\" target=\"_blank\" title=\"Haz clic para compartir en Pinterest\" ><span><\/span><span class=\"sharing-screen-reader-text\">Haz clic para compartir en Pinterest (Se abre en una ventana nueva)<\/span><\/a><\/li><li class=\"share-end\"><\/li><\/ul><\/div><\/div><\/div><\/div><\/div>","protected":false},"author":1,"featured_media":0,"parent":2,"menu_order":2,"comment_status":"open","ping_status":"open","template":"","meta":[],"jetpack_shortlink":"https:\/\/wp.me\/P4JzDn-1U","jetpack_sharing_enabled":true,"_links":{"self":[{"href":"http:\/\/yomeunoalretto.org\/index.php?rest_route=\/wp\/v2\/pages\/118"}],"collection":[{"href":"http:\/\/yomeunoalretto.org\/index.php?rest_route=\/wp\/v2\/pages"}],"about":[{"href":"http:\/\/yomeunoalretto.org\/index.php?rest_route=\/wp\/v2\/types\/page"}],"author":[{"embeddable":true,"href":"http:\/\/yomeunoalretto.org\/index.php?rest_route=\/wp\/v2\/users\/1"}],"replies":[{"embeddable":true,"href":"http:\/\/yomeunoalretto.org\/index.php?rest_route=%2Fwp%2Fv2%2Fcomments&post=118"}],"version-history":[{"count":53,"href":"http:\/\/yomeunoalretto.org\/index.php?rest_route=\/wp\/v2\/pages\/118\/revisions"}],"predecessor-version":[{"id":5466,"href":"http:\/\/yomeunoalretto.org\/index.php?rest_route=\/wp\/v2\/pages\/118\/revisions\/5466"}],"up":[{"embeddable":true,"href":"http:\/\/yomeunoalretto.org\/index.php?rest_route=\/wp\/v2\/pages\/2"}],"wp:attachment":[{"href":"http:\/\/yomeunoalretto.org\/index.php?rest_route=%2Fwp%2Fv2%2Fmedia&parent=118"}],"curies":[{"name":"wp","href":"https:\/\/api.w.org\/{rel}","templated":true}]}}